{"id":26,"date":"2023-03-14T15:14:00","date_gmt":"2023-03-14T14:14:00","guid":{"rendered":"http:\/\/szkola1.2lo.pl\/?page_id=26"},"modified":"2023-06-13T11:15:44","modified_gmt":"2023-06-13T09:15:44","slug":"aktualnosci","status":"publish","type":"page","link":"https:\/\/szkola.2lo.pl\/","title":{"rendered":"Aktualno\u015bci"},"content":{"rendered":"    <div data-options='{&quot;id&quot;:&quot;4624&quot;,&quot;lazy_load&quot;:&quot;no&quot;,&quot;masonry_enable&quot;:&quot;no&quot;,&quot;view_type&quot;:&quot;grid&quot;}' id=\"post-grid-4624\" class=\"post-grid grid\">\n    \n\n\n    <div class=\"grid-items\">\n      <div class=\"item item-6664 skin flat even 0 \">\n        <div class=\"layer-wrapper layout-\">\n        <div class=\"layer-media\"><\/div>\n  <div class=\"layer-content\">\n        <div\r\n        class=\"element element_0  element-media \">\r\n        <a target=\"_self\" href=\"https:\/\/szkola.2lo.pl\/index.php\/2026\/04\/27\/prymus-2026\/\"><img loading=\"lazy\" decoding=\"async\" width=\"1024\" height=\"683\" src=\"https:\/\/szkola.2lo.pl\/wp-content\/uploads\/2026\/04\/1000009898-1024x683.jpg\" class=\"attachment-large size-large wp-post-image\" alt=\"\" \/><\/a>    <\/div>\r\n    <div class=\"element element_1  title_link \">\r\n                    <a target=\"\"\r\n                href=\"https:\/\/szkola.2lo.pl\/index.php\/2026\/04\/27\/prymus-2026\/\">Prymus 2026<\/a>\r\n            <\/div>\r\n    <div class=\"element element_2  excerpt \">\r\n        W roku 2026 tytu\u0142 Prymusa Liceum Og\u00f3lnokszta\u0142c\u0105cego otrzyma\u0142a uczennica z najwy\u017csz\u0105 \u015bredni\u0105 uko\u0144czenia szko\u0142y Malwina Jezierska. Natomiast tytu\u0142 Prymusa Technikum            <\/div>\r\n            <a class=\"element element_3  read_more \"\r\n            target=\"\"\r\n            href=\"https:\/\/szkola.2lo.pl\/index.php\/2026\/04\/27\/prymus-2026\/\"><\/a>\r\n      <\/div>\n    <\/div>\n  <\/div><div class=\"item item-6656 skin flat odd 1 \">\n        <div class=\"layer-wrapper layout-\">\n        <div class=\"layer-media\"><\/div>\n  <div class=\"layer-content\">\n        <div\r\n        class=\"element element_0  element-media \">\r\n        <a target=\"_self\" href=\"https:\/\/szkola.2lo.pl\/index.php\/2026\/04\/22\/uroczyste-wreczenie-swiadectw-ukonczenia-szkoly\/\"><img loading=\"lazy\" decoding=\"async\" width=\"450\" height=\"300\" src=\"https:\/\/szkola.2lo.pl\/wp-content\/uploads\/2026\/04\/poz.webp\" class=\"attachment-large size-large wp-post-image\" alt=\"po_maturzy\" \/><\/a>    <\/div>\r\n    <div class=\"element element_1  title_link \">\r\n                    <a target=\"\"\r\n                href=\"https:\/\/szkola.2lo.pl\/index.php\/2026\/04\/22\/uroczyste-wreczenie-swiadectw-ukonczenia-szkoly\/\">UROCZYSTE WR\u0118CZENIE \u015aWIADECTW UKO\u0143CZENIA SZKO\u0141Y<\/a>\r\n            <\/div>\r\n    <div class=\"element element_2  excerpt \">\r\n        Uroczyste wr\u0119czenie \u015bwiadectw dla uczni\u00f3w klas maturalnych odb\u0119dzie si\u0119 w dniu 24 kwietnia 2026 r. o godz. 11:30. Serdecznie zapraszamy.            <\/div>\r\n            <a class=\"element element_3  read_more \"\r\n            target=\"\"\r\n            href=\"https:\/\/szkola.2lo.pl\/index.php\/2026\/04\/22\/uroczyste-wreczenie-swiadectw-ukonczenia-szkoly\/\"><\/a>\r\n      <\/div>\n    <\/div>\n  <\/div><div class=\"item item-6608 skin flat even 2 \">\n        <div class=\"layer-wrapper layout-\">\n        <div class=\"layer-media\"><\/div>\n  <div class=\"layer-content\">\n        <div\r\n        class=\"element element_0  element-media \">\r\n        <a target=\"_self\" href=\"https:\/\/szkola.2lo.pl\/index.php\/2026\/03\/11\/profile-klas-pierwszych-w-roku-szkolnym-2026-2027\/\"><img loading=\"lazy\" decoding=\"async\" width=\"450\" height=\"325\" src=\"https:\/\/szkola.2lo.pl\/wp-content\/uploads\/2026\/03\/rek1-2.webp\" class=\"attachment-large size-large wp-post-image\" alt=\"re26_27\" \/><\/a>    <\/div>\r\n    <div class=\"element element_1  title_link \">\r\n                    <a target=\"\"\r\n                href=\"https:\/\/szkola.2lo.pl\/index.php\/2026\/03\/11\/profile-klas-pierwszych-w-roku-szkolnym-2026-2027\/\">Profile klas pierwszych w roku szkolnym 2026\/2027.<\/a>\r\n            <\/div>\r\n    <div class=\"element element_2  excerpt \">\r\n        Dyrektor Zespo\u0142u Szk\u00f3\u0142 Nr 1 im. H. Sienkiewicza w Ko\u0142obrzegu, na podstawie art. 154 ust. 4 ustawy z dnia 14            <\/div>\r\n            <a class=\"element element_3  read_more \"\r\n            target=\"\"\r\n            href=\"https:\/\/szkola.2lo.pl\/index.php\/2026\/03\/11\/profile-klas-pierwszych-w-roku-szkolnym-2026-2027\/\"><\/a>\r\n      <\/div>\n    <\/div>\n  <\/div><div class=\"item item-5761 skin flat odd 3 \">\n        <div class=\"layer-wrapper layout-\">\n        <div class=\"layer-media\"><\/div>\n  <div class=\"layer-content\">\n        <div\r\n        class=\"element element_0  element-media \">\r\n        <a target=\"_self\" href=\"https:\/\/szkola.2lo.pl\/index.php\/2024\/09\/12\/wplaty-na-rade-rodzicow\/\"><img loading=\"lazy\" decoding=\"async\" width=\"450\" height=\"315\" src=\"https:\/\/szkola.2lo.pl\/wp-content\/uploads\/2024\/09\/RR.webp\" class=\"attachment-large size-large wp-post-image\" alt=\"Rada Rodzic\u00f3w ZS\" \/><\/a>    <\/div>\r\n    <div class=\"element element_1  title_link \">\r\n                    <a target=\"\"\r\n                href=\"https:\/\/szkola.2lo.pl\/index.php\/2024\/09\/12\/wplaty-na-rade-rodzicow\/\">Wp\u0142aty na Rad\u0119 Rodzic\u00f3w<\/a>\r\n            <\/div>\r\n    <div class=\"element element_2  excerpt \">\r\n        Zarz\u0105d Rady Rodzic\u00f3w zwraca si\u0119 z pro\u015bb\u0105 do wszystkich rodzic\u00f3w o dokonywanie wp\u0142at \u2013 sk\u0142adek na Rad\u0119 Rodzic\u00f3w, w formie            <\/div>\r\n            <a class=\"element element_3  read_more \"\r\n            target=\"\"\r\n            href=\"https:\/\/szkola.2lo.pl\/index.php\/2024\/09\/12\/wplaty-na-rade-rodzicow\/\"><\/a>\r\n      <\/div>\n    <\/div>\n  <\/div><div class=\"item item-6612 skin flat even 4 \">\n        <div class=\"layer-wrapper layout-\">\n        <div class=\"layer-media\"><\/div>\n  <div class=\"layer-content\">\n        <div\r\n        class=\"element element_0  element-media \">\r\n        <a target=\"_self\" href=\"https:\/\/szkola.2lo.pl\/index.php\/2026\/03\/23\/serdecznie-zapraszamy-uczniow-szkol-podstawowych-na-dni-otwarte-naszej-szkoly\/\"><img loading=\"lazy\" decoding=\"async\" width=\"450\" height=\"636\" src=\"https:\/\/szkola.2lo.pl\/wp-content\/uploads\/2026\/03\/Plakat_r2.webp\" class=\"attachment-large size-large wp-post-image\" alt=\"plakat2\" \/><\/a>    <\/div>\r\n    <div class=\"element element_1  title_link \">\r\n                    <a target=\"\"\r\n                href=\"https:\/\/szkola.2lo.pl\/index.php\/2026\/03\/23\/serdecznie-zapraszamy-uczniow-szkol-podstawowych-na-dni-otwarte-naszej-szkoly\/\">Serdecznie zapraszamy uczni\u00f3w szk\u00f3\u0142 podstawowych na Dni Otwarte naszej szko\u0142y!<\/a>\r\n            <\/div>\r\n    <div class=\"element element_2  excerpt \">\r\n        To doskona\u0142a okazja, aby pozna\u0107 nasz\u0105 ofert\u0119 edukacyjn\u0105, zobaczy\u0107 sale lekcyjne, spotka\u0107 naszych nauczycieli i uczni\u00f3w. Czekamy na Was w            <\/div>\r\n            <a class=\"element element_3  read_more \"\r\n            target=\"\"\r\n            href=\"https:\/\/szkola.2lo.pl\/index.php\/2026\/03\/23\/serdecznie-zapraszamy-uczniow-szkol-podstawowych-na-dni-otwarte-naszej-szkoly\/\"><\/a>\r\n      <\/div>\n    <\/div>\n  <\/div><div class=\"item item-6584 skin flat odd 5 \">\n        <div class=\"layer-wrapper layout-\">\n        <div class=\"layer-media\"><\/div>\n  <div class=\"layer-content\">\n        <div\r\n        class=\"element element_0  element-media \">\r\n        <a target=\"_self\" href=\"https:\/\/szkola.2lo.pl\/index.php\/2026\/03\/03\/sladami-pionierow-zapomniane-historie\/\"><img loading=\"lazy\" decoding=\"async\" width=\"400\" height=\"567\" src=\"https:\/\/szkola.2lo.pl\/wp-content\/uploads\/2026\/03\/plakatH.webp\" class=\"attachment-large size-large wp-post-image\" alt=\"plakH\" \/><\/a>    <\/div>\r\n    <div class=\"element element_1  title_link \">\r\n                    <a target=\"\"\r\n                href=\"https:\/\/szkola.2lo.pl\/index.php\/2026\/03\/03\/sladami-pionierow-zapomniane-historie\/\">\u015aLADAMI PIONIER\u00d3W &#8221; Zapomniane historie&#8221;\u00a0<\/a>\r\n            <\/div>\r\n    <div class=\"element element_2  excerpt \">\r\n        Konkurs skierowany jest do uczni\u00f3w szk\u00f3\u0142 ponadpodstawowych powiatu ko\u0142obrzeskiego. Zapraszamy do udzia\u0142u w II edycji projektu historycznego.Regulamin konkursu: I edycja            <\/div>\r\n            <a class=\"element element_3  read_more \"\r\n            target=\"\"\r\n            href=\"https:\/\/szkola.2lo.pl\/index.php\/2026\/03\/03\/sladami-pionierow-zapomniane-historie\/\"><\/a>\r\n      <\/div>\n    <\/div>\n  <\/div><div class=\"item item-6529 skin flat even 6 \">\n        <div class=\"layer-wrapper layout-\">\n        <div class=\"layer-media\"><\/div>\n  <div class=\"layer-content\">\n        <div\r\n        class=\"element element_0  element-media \">\r\n        <a target=\"_self\" href=\"https:\/\/szkola.2lo.pl\/index.php\/2026\/01\/21\/targi-edukacyjne-edu-day-2026\/\"><img loading=\"lazy\" decoding=\"async\" width=\"450\" height=\"636\" src=\"https:\/\/szkola.2lo.pl\/wp-content\/uploads\/2026\/01\/Plakat-Targi-Edu-Day-Kolobrzeg-2026M.webp\" class=\"attachment-large size-large wp-post-image\" alt=\"targi26\" \/><\/a>    <\/div>\r\n    <div class=\"element element_1  title_link \">\r\n                    <a target=\"\"\r\n                href=\"https:\/\/szkola.2lo.pl\/index.php\/2026\/01\/21\/targi-edukacyjne-edu-day-2026\/\">Targi Edukacyjne Edu Day 2026<\/a>\r\n            <\/div>\r\n    <div class=\"element element_2  excerpt \">\r\n        W imieniu organizatora Targ\u00f3w Edukacyjnych Edu Day zapraszamy serdecznie na Targi Edu Day w Ko\u0142obrzegu w dniu 22.01.2026r. od godz.            <\/div>\r\n            <a class=\"element element_3  read_more \"\r\n            target=\"\"\r\n            href=\"https:\/\/szkola.2lo.pl\/index.php\/2026\/01\/21\/targi-edukacyjne-edu-day-2026\/\"><\/a>\r\n      <\/div>\n    <\/div>\n  <\/div><div class=\"item item-6523 skin flat odd 7 \">\n        <div class=\"layer-wrapper layout-\">\n        <div class=\"layer-media\"><\/div>\n  <div class=\"layer-content\">\n        <div\r\n        class=\"element element_0  element-media \">\r\n        <a target=\"_self\" href=\"https:\/\/szkola.2lo.pl\/index.php\/2026\/01\/13\/spotkanie-z-rodzicami\/\"><img loading=\"lazy\" decoding=\"async\" width=\"450\" height=\"300\" src=\"https:\/\/szkola.2lo.pl\/wp-content\/uploads\/2024\/08\/szko.webp\" class=\"attachment-large size-large wp-post-image\" alt=\"szko\u0142a\" \/><\/a>    <\/div>\r\n    <div class=\"element element_1  title_link \">\r\n                    <a target=\"\"\r\n                href=\"https:\/\/szkola.2lo.pl\/index.php\/2026\/01\/13\/spotkanie-z-rodzicami\/\">Spotkanie z rodzicami 01.03.2026<\/a>\r\n            <\/div>\r\n    <div class=\"element element_2  excerpt \">\r\n        Zebranie klasowe wszystkich klas i indywidualne spotkania wychowawcy z rodzicami \u2013 w zale\u017cno\u015bci od potrzeb. Bie\u017c\u0105ca sytuacja uczni\u00f3w \u2013 oceny            <\/div>\r\n            <a class=\"element element_3  read_more \"\r\n            target=\"\"\r\n            href=\"https:\/\/szkola.2lo.pl\/index.php\/2026\/01\/13\/spotkanie-z-rodzicami\/\"><\/a>\r\n      <\/div>\n    <\/div>\n  <\/div><div class=\"item item-6451 skin flat even 8 \">\n        <div class=\"layer-wrapper layout-\">\n        <div class=\"layer-media\"><\/div>\n  <div class=\"layer-content\">\n        <div\r\n        class=\"element element_0  element-media \">\r\n        <a target=\"_self\" href=\"https:\/\/szkola.2lo.pl\/index.php\/2025\/12\/15\/gala-sienkiewiczowska-2025\/\"><img loading=\"lazy\" decoding=\"async\" width=\"450\" height=\"300\" src=\"https:\/\/szkola.2lo.pl\/wp-content\/uploads\/2025\/12\/gala2025.webp\" class=\"attachment-large size-large wp-post-image\" alt=\"gala\" \/><\/a>    <\/div>\r\n    <div class=\"element element_1  title_link \">\r\n                    <a target=\"\"\r\n                href=\"https:\/\/szkola.2lo.pl\/index.php\/2025\/12\/15\/gala-sienkiewiczowska-2025\/\">Gala Sienkiewiczowska 2025<\/a>\r\n            <\/div>\r\n    <div class=\"element element_2  excerpt \">\r\n        11 grudnia w Regionalnym Centrum Kultury odby\u0142a si\u0119 Gala Sienkiewiczowska, kt\u00f3ra by\u0142a uroczystym podsumowaniem obchod\u00f3w 35- lecia naszej szko\u0142y. \u015awi\u0119to            <\/div>\r\n            <a class=\"element element_3  read_more \"\r\n            target=\"\"\r\n            href=\"https:\/\/szkola.2lo.pl\/index.php\/2025\/12\/15\/gala-sienkiewiczowska-2025\/\"><\/a>\r\n      <\/div>\n    <\/div>\n  <\/div><div class=\"item item-6420 skin flat odd 9 \">\n        <div class=\"layer-wrapper layout-\">\n        <div class=\"layer-media\"><\/div>\n  <div class=\"layer-content\">\n        <div\r\n        class=\"element element_0  element-media \">\r\n        <a target=\"_self\" href=\"https:\/\/szkola.2lo.pl\/index.php\/2025\/11\/21\/move-and-connect-three-cities-one-team\/\"><img loading=\"lazy\" decoding=\"async\" width=\"450\" height=\"338\" src=\"https:\/\/szkola.2lo.pl\/wp-content\/uploads\/2025\/11\/jd.webp\" class=\"attachment-large size-large wp-post-image\" alt=\"pr_p_n\" \/><\/a>    <\/div>\r\n    <div class=\"element element_1  title_link \">\r\n                    <a target=\"\"\r\n                href=\"https:\/\/szkola.2lo.pl\/index.php\/2025\/11\/21\/move-and-connect-three-cities-one-team\/\">&#8222;Move and connect &#8211; three cities, one team&#8221;<\/a>\r\n            <\/div>\r\n    <div class=\"element element_2  excerpt \">\r\n        W dniach 11 - 20 listopada 2025 uczniowie naszej szko\u0142y uczestniczyli w mi\u0119dzynarodowym projekcie sportowym \"Move and connect - three            <\/div>\r\n            <a class=\"element element_3  read_more \"\r\n            target=\"\"\r\n            href=\"https:\/\/szkola.2lo.pl\/index.php\/2025\/11\/21\/move-and-connect-three-cities-one-team\/\"><\/a>\r\n      <\/div>\n    <\/div>\n  <\/div><div class=\"item item-6277 skin flat even 10 \">\n        <div class=\"layer-wrapper layout-\">\n        <div class=\"layer-media\"><\/div>\n  <div class=\"layer-content\">\n        <div\r\n        class=\"element element_0  element-media \">\r\n        <a target=\"_self\" href=\"https:\/\/szkola.2lo.pl\/index.php\/2025\/11\/08\/wspolpraca-w-ramach-projektu-the-power-of-ar-and-vr\/\"><img loading=\"lazy\" decoding=\"async\" width=\"450\" height=\"350\" src=\"https:\/\/szkola.2lo.pl\/wp-content\/uploads\/2025\/11\/aga.webp\" class=\"attachment-large size-large wp-post-image\" alt=\"aga\" \/><\/a>    <\/div>\r\n    <div class=\"element element_1  title_link \">\r\n                    <a target=\"\"\r\n                href=\"https:\/\/szkola.2lo.pl\/index.php\/2025\/11\/08\/wspolpraca-w-ramach-projektu-the-power-of-ar-and-vr\/\">Wsp\u00f3\u0142praca w ramach projektu \u201eThe Power of AR and VR\u201d<\/a>\r\n            <\/div>\r\n    <div class=\"element element_2  excerpt \">\r\n        W ramach realizacji projektu&nbsp;\u201eThe Power of AR and VR\u201d&nbsp;nawi\u0105zali\u015bmy wsp\u00f3\u0142prac\u0119 z firm\u0105 z W\u0119gier, specjalizuj\u0105c\u0105 si\u0119 w tworzeniu ksi\u0105\u017cek z            <\/div>\r\n            <a class=\"element element_3  read_more \"\r\n            target=\"\"\r\n            href=\"https:\/\/szkola.2lo.pl\/index.php\/2025\/11\/08\/wspolpraca-w-ramach-projektu-the-power-of-ar-and-vr\/\"><\/a>\r\n      <\/div>\n    <\/div>\n  <\/div><div class=\"item item-6271 skin flat odd 11 \">\n        <div class=\"layer-wrapper layout-\">\n        <div class=\"layer-media\"><\/div>\n  <div class=\"layer-content\">\n        <div\r\n        class=\"element element_0  element-media \">\r\n        <a target=\"_self\" href=\"https:\/\/szkola.2lo.pl\/index.php\/2025\/11\/06\/webinarium-online-the-power-of-ar-and-vrww\/\"><img loading=\"lazy\" decoding=\"async\" width=\"450\" height=\"450\" src=\"https:\/\/szkola.2lo.pl\/wp-content\/uploads\/2025\/11\/796663da-0f13-41ce-8cd0-55ebd819240b.webp\" class=\"attachment-large size-large wp-post-image\" alt=\"web1\" \/><\/a>    <\/div>\r\n    <div class=\"element element_1  title_link \">\r\n                    <a target=\"\"\r\n                href=\"https:\/\/szkola.2lo.pl\/index.php\/2025\/11\/06\/webinarium-online-the-power-of-ar-and-vrww\/\">Webinarium online \u2013 \u201eThe Power of AR and VR\u201dww<\/a>\r\n            <\/div>\r\n    <div class=\"element element_2  excerpt \">\r\n        W\u00a0poniedzia\u0142ek, 10 listopada 2025 r., o godz. 17:00\u00a0odb\u0119dzie si\u0119\u00a0webinarium online\u00a0w ramach projektu\u00a0\u201eThe Power of AR and VR\u201d. W spotkaniu we\u017amie            <\/div>\r\n            <a class=\"element element_3  read_more \"\r\n            target=\"\"\r\n            href=\"https:\/\/szkola.2lo.pl\/index.php\/2025\/11\/06\/webinarium-online-the-power-of-ar-and-vrww\/\"><\/a>\r\n      <\/div>\n    <\/div>\n  <\/div><div class=\"item item-6258 skin flat even 12 \">\n        <div class=\"layer-wrapper layout-\">\n        <div class=\"layer-media\"><\/div>\n  <div class=\"layer-content\">\n        <div\r\n        class=\"element element_0  element-media \">\r\n        <a target=\"_self\" href=\"https:\/\/szkola.2lo.pl\/index.php\/2025\/10\/27\/przedmiotowe-konkursy-powiatowe\/\"><img loading=\"lazy\" decoding=\"async\" width=\"450\" height=\"482\" src=\"https:\/\/szkola.2lo.pl\/wp-content\/uploads\/2025\/10\/Zrzut-ekranu-2025-10-27-150704.webp\" class=\"attachment-large size-large wp-post-image\" alt=\"kp\" \/><\/a>    <\/div>\r\n    <div class=\"element element_1  title_link \">\r\n                    <a target=\"\"\r\n                href=\"https:\/\/szkola.2lo.pl\/index.php\/2025\/10\/27\/przedmiotowe-konkursy-powiatowe\/\">POWIATOWE KONKURSY PRZEDMIOTOWE<\/a>\r\n            <\/div>\r\n    <div class=\"element element_2  excerpt \">\r\n        Lista uczestnik\u00f3w zakwalifikowanych do etapu rejonowego konkurs\u00f3w przedmiotowych:            <\/div>\r\n            <a class=\"element element_3  read_more \"\r\n            target=\"\"\r\n            href=\"https:\/\/szkola.2lo.pl\/index.php\/2025\/10\/27\/przedmiotowe-konkursy-powiatowe\/\"><\/a>\r\n      <\/div>\n    <\/div>\n  <\/div>    <\/div>\n        <script>\n          <\/script>\n    <style type=\"text\/css\">\n    #post-grid-4624 .element_0 {\n      display: block;font-size: 21px;line-height: normal;padding: 5px 10px;text-align: left; text-decoration: none;    }\n\n    #post-grid-4624 .element_1 {\n      display: block;font-size: 21px;line-height: normal;padding: 5px 10px;text-align: left; text-decoration: none;    }\n\n    #post-grid-4624 .element_2 {\n      display: block;font-size: 14px;padding: 5px 10px;text-align: left;    }\n\n    #post-grid-4624 .element_3 {\n      display: block;font-size: 12px;font-weight: bold;padding: 0 10px;text-align: left;text-decoration: none;    }\n\n    #post-grid-4624 .element_0:hover{}#post-grid-4624 .element_1:hover{}#post-grid-4624 .element_2:hover{}#post-grid-4624 .element_3:hover{}  <\/style>\n  <style type=\"text\/css\">\n    #post-grid-4624 {\n          }\n\n    #post-grid-4624 .item {\n      padding: 0px;\n      background: #e2e2e2;\n          }\n\n    #post-grid-4624 .item .layer-media {\n      height:auto;    }\n\n    @media only screen and (min-width: 0px) and (max-width: 767px) {\n      #post-grid-4624 .grid-items {\n        display: grid;\n        grid-template-columns: 1fr ;\n        column-gap: 10px;\n        row-gap: 10px;\n              }\n\n      #post-grid-4624 .item {\n        height:auto;      }\n    }\n\n    @media only screen and (min-width: 768px) and (max-width: 1023px) {\n      #post-grid-4624 .grid-items {\n        display: grid;\n        grid-template-columns: 1fr 1fr ;\n        column-gap: 10px;\n        row-gap: 10px;\n              }\n\n      #post-grid-4624 .item {\n        max-height:auto;      }\n    }\n\n    @media only screen and (min-width: 1024px) {\n      #post-grid-4624 .grid-items {\n        display: grid;\n        grid-template-columns: 1fr 1fr 1fr ;\n        column-gap: 10px;\n        row-gap: 10px;\n              }\n\n      #post-grid-4624 .item {\n        height:auto;      }\n    }\n\n      <\/style>\n  <\/div>\n\n","protected":false},"excerpt":{"rendered":"","protected":false},"author":1,"featured_media":0,"parent":0,"menu_order":0,"comment_status":"closed","ping_status":"closed","template":"page-no-title","meta":{"footnotes":""},"class_list":["post-26","page","type-page","status-publish","hentry"],"_links":{"self":[{"href":"https:\/\/szkola.2lo.pl\/index.php\/wp-json\/wp\/v2\/pages\/26","targetHints":{"allow":["GET"]}}],"collection":[{"href":"https:\/\/szkola.2lo.pl\/index.php\/wp-json\/wp\/v2\/pages"}],"about":[{"href":"https:\/\/szkola.2lo.pl\/index.php\/wp-json\/wp\/v2\/types\/page"}],"author":[{"embeddable":true,"href":"https:\/\/szkola.2lo.pl\/index.php\/wp-json\/wp\/v2\/users\/1"}],"replies":[{"embeddable":true,"href":"https:\/\/szkola.2lo.pl\/index.php\/wp-json\/wp\/v2\/comments?post=26"}],"version-history":[{"count":22,"href":"https:\/\/szkola.2lo.pl\/index.php\/wp-json\/wp\/v2\/pages\/26\/revisions"}],"predecessor-version":[{"id":4625,"href":"https:\/\/szkola.2lo.pl\/index.php\/wp-json\/wp\/v2\/pages\/26\/revisions\/4625"}],"wp:attachment":[{"href":"https:\/\/szkola.2lo.pl\/index.php\/wp-json\/wp\/v2\/media?parent=26"}],"curies":[{"name":"wp","href":"https:\/\/api.w.org\/{rel}","templated":true}]}}