{"id":4291,"date":"2023-05-23T13:10:30","date_gmt":"2023-05-23T11:10:30","guid":{"rendered":"https:\/\/szkola.2lo.pl\/?page_id=4291"},"modified":"2026-04-22T13:08:36","modified_gmt":"2026-04-22T11:08:36","slug":"rekrutacja-i-profile-klas","status":"publish","type":"page","link":"https:\/\/szkola.2lo.pl\/index.php\/rekrutacja-i-profile-klas\/","title":{"rendered":"Rekrutacja i profile klas"},"content":{"rendered":"\n<figure class=\"wp-block-image size-full is-resized\"><a href=\"http:\/\/rekrutacja.2lo.pl\/www\/\" target=\"_blank\" rel=\"noreferrer noopener\"><img loading=\"lazy\" decoding=\"async\" width=\"250\" height=\"250\" src=\"https:\/\/szkola.2lo.pl\/wp-content\/uploads\/2023\/05\/rekrutacja.m.png\" alt=\"rekrutacja\" class=\"wp-image-4292\" style=\"width:137px;height:137px\" srcset=\"https:\/\/szkola.2lo.pl\/wp-content\/uploads\/2023\/05\/rekrutacja.m.png 250w, https:\/\/szkola.2lo.pl\/wp-content\/uploads\/2023\/05\/rekrutacja.m-150x150.png 150w\" sizes=\"auto, (max-width: 250px) 100vw, 250px\" \/><\/a><\/figure>\n\n\n\n<h4 class=\"wp-block-heading has-text-align-left has-primary-color has-text-color has-link-color wp-elements-48476a4f3623cf7bac895d4ecfc57bab\"><strong><a href=\"https:\/\/rekrutacja.2lo.pl\/index.php\/regulamin\/\">Regulamin rekrutacji na rok szkolny 2026\/2<\/a><\/strong>7<\/h4>\n\n\n\n<h4 class=\"wp-block-heading has-text-align-left has-primary-color has-text-color has-link-color wp-elements-7aabfff3be724a8d0f5d7a289ce5b272\"><a href=\"https:\/\/rekrutacja.2lo.pl\/index.php\/punktacja\/\"><strong>Wykaz przedmiot\u00f3w przeliczanych &#8211; rekrutacja<\/strong> <strong>2026<\/strong><\/a><\/h4>\n\n\n\n<div style=\"height:22px\" aria-hidden=\"true\" class=\"wp-block-spacer\"><\/div>\n\n\n\n<h4 class=\"wp-block-heading has-text-align-center has-text-color has-link-color wp-elements-4f42094a0a8428bd3141bc45bcc24ff8\" style=\"color:#e16207\"><strong>NASZE PROFILE<br>W ROKU SZKOLNYM 2026\/ 2027<\/strong><\/h4>\n\n\n\n<p class=\"has-text-align-center has-vivid-red-color has-text-color has-link-color wp-elements-cf79e75fc10fb1f37ee0e67e5621462b\"><strong>LICEUM OG\u00d3LNOKSZTA\u0141C\u0104CE<\/strong><\/p>\n\n\n<p><span style=\"color: #000080;\"><strong>PROFIL HUMANISTYCZNO &#8211;\u00a0 PSYCHOLOGICZNO &#8211; MEDIALNY\u00a0<\/strong><\/span><br \/>W tej klasie ucz\u0105 si\u0119 osoby, kt\u00f3re interesuje ludzka psychika, chc\u0105ce zg\u0142\u0119bia\u0107 tajniki umys\u0142u ludzkiego, bada\u0107 mechanizmy ludzkich zachowa\u0144, rozwin\u0105\u0107 umiej\u0119tno\u015bci interpersonalne, lepiej rozumie\u0107 siebie i innych, a tak\u017ce lubi\u0105 literatur\u0119 i j\u0119zyki obce.<\/p>\n<p><span style=\"color: #000080;\"><strong>PROFIL POLITECHNICZNY\u00a0<\/strong><\/span><br \/>W tej klasie ucz\u0105 si\u0119 osoby, kt\u00f3re maj\u0105 \u015bcis\u0142y umys\u0142, lubi\u0105 rozwi\u0105zywa\u0107 matematyczne \u0142amig\u0142\u00f3wki, godzinami pracuj\u0105 przy komputerze, interesuj\u0105 si\u0119 mechatronik\u0105 b\u0105d\u017a architektur\u0105<\/p>\n<p><span style=\"color: #000080;\"><strong>PROFIL BIOLOGICZNO \u2013 CHEMICZNY<\/strong><\/span><br \/>W tej klasie ucz\u0105 si\u0119 osoby, kt\u00f3re lubi\u0105 zaj\u0119cia laboratoryjne, do\u015bwiadczenia i obserwacje biologiczno-chemiczne, chc\u0105 odkrywa\u0107 tajniki przyrody i leczy\u0107 w przysz\u0142o\u015bci ro\u015bliny, zwierz\u0119ta lub ludzi. Profil tej klasy pozwoli na poznanie \u015bwiata wielko\u015bci mikro i makro. Tu uczniowie bior\u0105 udzia\u0142 w ciekawych zaj\u0119ciach laboratoryjnych dzi\u0119ki wsp\u00f3\u0142pracy z Uniwersytetem Medycznym w Szczecinie, Uniwersytetem Szczeci\u0144skim, UMK w Toruniu. Samodzielnie wykonuj\u0105 do\u015bwiadczenia, prowadz\u0105 obserwacje, analizuj\u0105 i interpretuj\u0105 dane eksperymentalne pod czujnym okiem wyk\u0142adowc\u00f3w akademickich. Tu jest okazja poznania \u015bwiata przyrody dzi\u0119ki wycieczkom edukacyjnym. W tej klasie uczniowie zapoznaj\u0105 si\u0119 z zagadnieniami ratownictwa medycznego.<\/p>\n<p style=\"text-align: center;\"><span style=\"color: #800000;\"><strong>TECHNIKUM ZAWODOWE<\/strong><\/span><\/p>\n<p><span style=\"color: #000080;\"><strong>TECHNIK INFORMATYK<\/strong><\/span><\/p>\n<p>W tej klasie ucz\u0105 si\u0119 osoby, kt\u00f3re interesuj\u0105 nowoczesne technologie, chc\u0105 pozna\u0107 komputery \u201eod podszewki\u201d i zdoby\u0107 kwalifikacje w presti\u017cowym zawodzie przysz\u0142o\u015bci. Tu uczymy si\u0119 montowania i eksploatacji komputera i urz\u0105dze\u0144 peryferyjnych, projektowania i wykonywania lokalnych sieci komputerowych, projektowania baz danych i administrowania nimi, tworzenia stron www, aplikacji internetowych.\u00a0<\/p>\n<p><strong>Przedmioty rozszerzone:<\/strong><br \/>matematyka<\/p>\n<p><strong>Przedmioty uzupe\u0142niaj\u0105ce:<br \/><\/strong>zawodowy j\u0119zyk angielski<\/p>\n<p><strong>Kierunki studi\u00f3w:<br \/><\/strong>informatyka, mechatronika, telekomunikacja, automatyka i robotyka, elektrotechnika, in\u017cynieria biomedyczna, marketing, energetyka, logistyka, teleinformatyka.<\/p>","protected":false},"excerpt":{"rendered":"<p>Regulamin rekrutacji na rok szkolny 2026\/27 Wykaz przedmiot\u00f3w przeliczanych &#8211; rekrutacja 2026 NASZE PROFILEW ROKU SZKOLNYM 2026\/ 2027 LICEUM OG\u00d3LNOKSZTA\u0141C\u0104CE PROFIL HUMANISTYCZNO &#8211;\u00a0 [&hellip;]<\/p>\n","protected":false},"author":1,"featured_media":0,"parent":0,"menu_order":0,"comment_status":"closed","ping_status":"closed","template":"page-no-title","meta":{"footnotes":""},"class_list":["post-4291","page","type-page","status-publish","hentry"],"_links":{"self":[{"href":"https:\/\/szkola.2lo.pl\/index.php\/wp-json\/wp\/v2\/pages\/4291","targetHints":{"allow":["GET"]}}],"collection":[{"href":"https:\/\/szkola.2lo.pl\/index.php\/wp-json\/wp\/v2\/pages"}],"about":[{"href":"https:\/\/szkola.2lo.pl\/index.php\/wp-json\/wp\/v2\/types\/page"}],"author":[{"embeddable":true,"href":"https:\/\/szkola.2lo.pl\/index.php\/wp-json\/wp\/v2\/users\/1"}],"replies":[{"embeddable":true,"href":"https:\/\/szkola.2lo.pl\/index.php\/wp-json\/wp\/v2\/comments?post=4291"}],"version-history":[{"count":12,"href":"https:\/\/szkola.2lo.pl\/index.php\/wp-json\/wp\/v2\/pages\/4291\/revisions"}],"predecessor-version":[{"id":6661,"href":"https:\/\/szkola.2lo.pl\/index.php\/wp-json\/wp\/v2\/pages\/4291\/revisions\/6661"}],"wp:attachment":[{"href":"https:\/\/szkola.2lo.pl\/index.php\/wp-json\/wp\/v2\/media?parent=4291"}],"curies":[{"name":"wp","href":"https:\/\/api.w.org\/{rel}","templated":true}]}}