{"id":4303,"date":"2023-05-23T14:25:00","date_gmt":"2023-05-23T12:25:00","guid":{"rendered":"https:\/\/szkola.2lo.pl\/?page_id=4303"},"modified":"2025-09-09T10:26:27","modified_gmt":"2025-09-09T08:26:27","slug":"pedagog-szkolny","status":"publish","type":"page","link":"https:\/\/szkola.2lo.pl\/index.php\/pedagog-szkolny\/","title":{"rendered":"Pedagog szkolny"},"content":{"rendered":"\n<p><\/p>\n\n\n\n<h3 class=\"wp-block-heading has-primary-color has-text-color\">Pedagog szkolny\/specjalny:<\/h3>\n\n\n<p>Ma\u0142gorzata Rogo\u017ca<br \/>Magdalena Dwornicka<\/p>\n\n\n<h3 class=\"wp-block-heading has-primary-color has-text-color\">Psycholog szkolny:<\/h3>\n\n\n<p>Lutos\u0142awa Koc-Kzakowska<\/p>\n\n\n<p class=\"has-text-align-center\"><strong>Pomoc<br>psychologiczno-pedagogiczna<\/strong><\/p>\n\n\n<p><strong>Dokumenty zwi\u0105zane z udzieleniem pomocy psychologiczno &#8211; pedagogicznej:<\/strong><\/p>\n<ul>\n<li>ROZPORZ\u0104DZENIE MINISTRA EDUKACJI NARODOWEJ z dnia 30 kwietnia 2013 r. w sprawie zasad udzielania i organizacji pomocy psychologiczno-pedagogicznej w publicznych przedszkolach, szko\u0142ach i plac\u00f3wkach<\/li>\n<\/ul>\n\n\n<div class=\"wp-block-file\"><a id=\"wp-block-file--media-16937116-254a-4bfd-bf20-4f66fdfd4ddc\" href=\"https:\/\/szkola.2lo.pl\/wp-content\/uploads\/2023\/05\/rozporzadzenie-o-ppp.pdf\">rozporzadzenie-o-ppp<\/a><\/div>\n\n\n<ul>\n<li>ROZPORZ\u0104DZENIE MINISTRA EDUKACJI NARODOWEJ z dnia 28 sierpnia 2017 r. zmieniaj\u0105ce rozporz\u0105dzenie w sprawie zasad udzielania i organizacji pomocy psychologiczno-pedagogicznej w publicznych przedszkolach, szko\u0142ach i plac\u00f3wkach<\/li>\n<\/ul>\n\n\n<div class=\"wp-block-file\"><a id=\"wp-block-file--media-8c29e811-1305-4b9e-baa0-1dcd1b1e12d8\" href=\"https:\/\/szkola.2lo.pl\/wp-content\/uploads\/2023\/05\/rozporzadzenie-zmieniajace.pdf\">rozporzadzenie-zmieniajace<\/a><\/div>\n\n\n<ul>\n<li>\n<p>PROCEDURY ORGANIZOWANIA I UDZIELANIA POMOCY PSYCHOLOGICZNO \u2013 PEDAGOGICZNEJORAZ WSPARCIA UCZNI\u00d3W OBJ\u0118TYCH KSZTA\u0141CENIEM SPRECJALNYMW ZESPOLE SZK\u00d3\u0141 NR 1 IM. H. SIENKIEWICZA \u00a0W KO\u0141OBRZEGU<\/p>\n<\/li>\n<\/ul>\n\n\n<div class=\"wp-block-file\"><a id=\"wp-block-file--media-9460e316-c135-4601-b32d-7dfcbe7dfd92\" href=\"https:\/\/szkola.2lo.pl\/wp-content\/uploads\/2023\/11\/Procedury-organizacji-ppp-i-ksztalcenia-specjalnego-.pdf\" target=\"_blank\" rel=\"noreferrer noopener\">Procedury-organizacji-ppp-i-ksztalcenia-specjalnego-<\/a><\/div>\n\n\n<ul>\n<li>WNIOSEK DO DYREKTORA SZKO\u0141Y O UDZIELENIE POMOCY PSYCHOLOGICZNO &#8211; PEDAGOGICZNEJ<\/li>\n<\/ul>\n\n\n<div class=\"wp-block-file\"><a id=\"wp-block-file--media-ec03091b-629b-45fb-a4ca-ee801f8af441\" href=\"https:\/\/szkola.2lo.pl\/wp-content\/uploads\/2023\/05\/wniosek_do_dyrektora.doc\">wniosek_do_dyrektora<\/a><\/div>\n\n\n<ul>\n<li>WNIOSEK DO WYCHOWAWCY O UDZIELENIE POMOCY PSYCHOLOGICZNO &#8211; PEDAGOGICZNEJ<\/li>\n<\/ul>\n\n\n<div class=\"wp-block-file\"><a id=\"wp-block-file--media-abf5b9c6-4422-4aae-98b7-c2c6a67e4950\" href=\"https:\/\/szkola.2lo.pl\/wp-content\/uploads\/2023\/05\/wniosekdo_wychowawcy.doc\">wniosekdo_wychowawcy<\/a><\/div>\n\n\n<ul>\n<li>WNIOSEK DO DYREKTORA O WYKRE\u015aLENIE Z ZAJ\u0118\u0106<\/li>\n<\/ul>\n\n\n<div class=\"wp-block-file\"><a id=\"wp-block-file--media-87c6b3a6-1927-4d91-99de-043940875f9b\" href=\"https:\/\/szkola.2lo.pl\/wp-content\/uploads\/2023\/05\/WNIOSEK-DO-DYREKTORA-O-WYKRESLENIE-Z-ZAJEC.pdf\">WNIOSEK-DO-DYREKTORA-O-WYKRESLENIE-Z-ZAJEC<\/a><\/div>\n\n\n<p>Rozporz\u0105dzenie MEN z dnia 22 stycznia 2018 r. zmieniaj\u0105ce rozporz\u0105dzenie w sprawie zakresu i form prowadzenia w szko\u0142ach i plac\u00f3wkach systemu o\u015bwiaty dzia\u0142alno\u015bci wychowawczej, edukacyjnej, informacyjnej i profilaktycznej w celu przeciwdzia\u0142ania narkomanii (Dz. U. z 2018 r., poz. 214).<\/p>","protected":false},"excerpt":{"rendered":"<p>Pedagog szkolny\/specjalny: Ma\u0142gorzata Rogo\u017caMagdalena Dwornicka Psycholog szkolny: Lutos\u0142awa Koc-Kzakowska Pomocpsychologiczno-pedagogiczna Dokumenty zwi\u0105zane z udzieleniem pomocy psychologiczno &#8211; pedagogicznej: ROZPORZ\u0104DZENIE MINISTRA EDUKACJI NARODOWEJ z [&hellip;]<\/p>\n","protected":false},"author":1,"featured_media":0,"parent":0,"menu_order":0,"comment_status":"closed","ping_status":"closed","template":"page-no-title","meta":{"footnotes":""},"class_list":["post-4303","page","type-page","status-publish","hentry"],"_links":{"self":[{"href":"https:\/\/szkola.2lo.pl\/index.php\/wp-json\/wp\/v2\/pages\/4303","targetHints":{"allow":["GET"]}}],"collection":[{"href":"https:\/\/szkola.2lo.pl\/index.php\/wp-json\/wp\/v2\/pages"}],"about":[{"href":"https:\/\/szkola.2lo.pl\/index.php\/wp-json\/wp\/v2\/types\/page"}],"author":[{"embeddable":true,"href":"https:\/\/szkola.2lo.pl\/index.php\/wp-json\/wp\/v2\/users\/1"}],"replies":[{"embeddable":true,"href":"https:\/\/szkola.2lo.pl\/index.php\/wp-json\/wp\/v2\/comments?post=4303"}],"version-history":[{"count":16,"href":"https:\/\/szkola.2lo.pl\/index.php\/wp-json\/wp\/v2\/pages\/4303\/revisions"}],"predecessor-version":[{"id":6141,"href":"https:\/\/szkola.2lo.pl\/index.php\/wp-json\/wp\/v2\/pages\/4303\/revisions\/6141"}],"wp:attachment":[{"href":"https:\/\/szkola.2lo.pl\/index.php\/wp-json\/wp\/v2\/media?parent=4303"}],"curies":[{"name":"wp","href":"https:\/\/api.w.org\/{rel}","templated":true}]}}