{"id":4347,"date":"2023-05-24T10:08:11","date_gmt":"2023-05-24T08:08:11","guid":{"rendered":"https:\/\/szkola.2lo.pl\/?page_id=4347"},"modified":"2025-09-04T09:52:08","modified_gmt":"2025-09-04T07:52:08","slug":"internat","status":"publish","type":"page","link":"https:\/\/szkola.2lo.pl\/index.php\/internat\/","title":{"rendered":"Internat"},"content":{"rendered":"\n<h2 class=\"wp-block-heading has-primary-color has-text-color\"><strong>Kontakt:<\/strong><\/h2>\n\n\n\n<p><strong>Tel.<\/strong> 94 352 32 64<br><strong>Fax.<\/strong> 94 352 32 42<br><strong>e-mail:<\/strong> a.brzeczko@2lo.pl<\/p>\n\n\n\n<h2 class=\"wp-block-heading has-primary-color has-text-color\"><strong>Adres:<\/strong><\/h2>\n\n\n<p>Zesp\u00f3\u0142 Szk\u00f3\u0142 Nr 1 im. Henryka Sienkiewicza<br \/>INTERNAT<br \/>ul. 1 Maja 47<br \/>78-100 Ko\u0142obrzeg<\/p>\n\n\n<h2 class=\"wp-block-heading has-primary-color has-text-color\">Dokumenty:<\/h2>\n\n\n\n<div class=\"wp-block-file\"><a id=\"wp-block-file--media-e20fbd81-cb61-4192-a673-f786544c7540\" href=\"https:\/\/szkola.2lo.pl\/wp-content\/uploads\/2024\/03\/PODANIE-do-internatu-2024-3.pdf\" target=\"_blank\" rel=\"noreferrer noopener\">PODANIE-do-internatu-2024-3<\/a><\/div>\n\n\n\n<div class=\"wp-block-file\"><a id=\"wp-block-file--media-127a8ab6-a4c5-4901-a772-b36366f491e9\" href=\"https:\/\/szkola.2lo.pl\/wp-content\/uploads\/2023\/09\/Regulamin-Internatu-ZS-Nr-1-im.-H.-Sienkiewicza-w-Kolobrzegu-1-1.pdf\" target=\"_blank\" rel=\"noreferrer noopener\">Regulamin-Internatu-ZS-Nr-1-im.-H.-Sienkiewicza-w-Kolobrzegu-1-1<\/a><\/div>\n\n\n\n<h2 class=\"wp-block-heading has-primary-color has-text-color\">Op\u0142aty w roku szkolnym 2025\/26<\/h2>\n\n\n\n<h4 class=\"wp-block-heading has-secondary-color has-text-color\"><strong>STAWKI ZA ZAKWATEROWANIE 1-GO UCZNIA ZA <\/strong><strong>MIESI<\/strong><strong>\u0104<\/strong><strong>C<\/strong><strong><\/strong><\/h4>\n\n\n\n<p><strong>(P\u0141ATNE DO 10-GO KA\u017bDEGO MIESI\u0104CA) :<\/strong><\/p>\n\n\n<ul>\n<li>Pok\u00f3j 3 lub 4 osobowy ze wsp\u00f3ln\u0105 \u0142azienk\u0105 \u2013 150 z\u0142otych<\/li>\n<li>Pok\u00f3j 3 osobowy z \u0142azienk\u0105 \u2013 200 z\u0142otych<\/li>\n<li>Pok\u00f3j 2 osobowy z \u0142azienk\u0105 \u2013 250 z\u0142otych<\/li>\n<\/ul>\n<ul>\n<li>konto na op\u0142aty za internat \u2026.\u00a0<strong>33 20300045 1110 0000 0185 8710<\/strong><\/li>\n<li>op\u0142at\u0119 za internat nale\u017cy ui\u015bci\u0107\u00a0<strong>do ka\u017cdego 10-tego dnia bie\u017c\u0105cego miesi\u0105ca.<\/strong>\u00a0W tytule nale\u017cno\u015bci prosz\u0119 wpisa\u0107: Internat \u2013 za utrzymanie miejsca; imi\u0119 i nazwisko ucznia, miesi\u0105c, za kt\u00f3ry dokonywana jest op\u0142ata.<\/li>\n<\/ul>\n\n\n<p><\/p>\n\n\n\n<h2 class=\"wp-block-heading has-primary-color has-text-color\">Wy\u017cywienie w roku szkolnym 2025\/26<\/h2>\n\n\n\n<p>P\u0142atno\u015b\u0107 za wy\u017cywienie m\u0142odzie\u017cy zamieszkuj\u0105cej w internacie \u2013 wy\u0142\u0105cznie w systemie internetowym KaSKa. Prosimy zapozna\u0107 si\u0119 instrukcj\u0105 rejestracji zamieszczon\u0105 poni\u017cej. W razie pyta\u0144 jeste\u015bmy do Pa\u0144stwa dyspozycji pod adresem. email:&nbsp;<strong>pomoc@foxp2.pl<\/strong><\/p>\n\n\n\n<figure class=\"wp-block-gallery has-nested-images columns-default is-cropped wp-block-gallery-1 is-layout-flex wp-block-gallery-is-layout-flex\">\n<figure class=\"wp-block-image size-large\"><img loading=\"lazy\" decoding=\"async\" width=\"696\" height=\"1024\" data-id=\"5769\" src=\"https:\/\/szkola.2lo.pl\/wp-content\/uploads\/2024\/09\/obiad2-696x1024.webp\" alt=\"ulotka2\" class=\"wp-image-5769\" srcset=\"https:\/\/szkola.2lo.pl\/wp-content\/uploads\/2024\/09\/obiad2-696x1024.webp 696w, https:\/\/szkola.2lo.pl\/wp-content\/uploads\/2024\/09\/obiad2-204x300.webp 204w, https:\/\/szkola.2lo.pl\/wp-content\/uploads\/2024\/09\/obiad2-768x1129.webp 768w, https:\/\/szkola.2lo.pl\/wp-content\/uploads\/2024\/09\/obiad2-1044x1536.webp 1044w, https:\/\/szkola.2lo.pl\/wp-content\/uploads\/2024\/09\/obiad2-1393x2048.webp 1393w, https:\/\/szkola.2lo.pl\/wp-content\/uploads\/2024\/09\/obiad2-680x1000.webp 680w, https:\/\/szkola.2lo.pl\/wp-content\/uploads\/2024\/09\/obiad2.webp 1700w\" sizes=\"auto, (max-width: 696px) 100vw, 696px\" \/><figcaption class=\"wp-element-caption\">ulotka2<\/figcaption><\/figure>\n\n\n\n<figure class=\"wp-block-image size-large\"><img loading=\"lazy\" decoding=\"async\" width=\"696\" height=\"1024\" data-id=\"5768\" src=\"https:\/\/szkola.2lo.pl\/wp-content\/uploads\/2024\/09\/obiady-696x1024.webp\" alt=\"obiady w InternacieZS\" class=\"wp-image-5768\" srcset=\"https:\/\/szkola.2lo.pl\/wp-content\/uploads\/2024\/09\/obiady-696x1024.webp 696w, https:\/\/szkola.2lo.pl\/wp-content\/uploads\/2024\/09\/obiady-204x300.webp 204w, https:\/\/szkola.2lo.pl\/wp-content\/uploads\/2024\/09\/obiady-768x1129.webp 768w, https:\/\/szkola.2lo.pl\/wp-content\/uploads\/2024\/09\/obiady-1044x1536.webp 1044w, https:\/\/szkola.2lo.pl\/wp-content\/uploads\/2024\/09\/obiady-1393x2048.webp 1393w, https:\/\/szkola.2lo.pl\/wp-content\/uploads\/2024\/09\/obiady-680x1000.webp 680w, https:\/\/szkola.2lo.pl\/wp-content\/uploads\/2024\/09\/obiady.webp 1700w\" sizes=\"auto, (max-width: 696px) 100vw, 696px\" \/><figcaption class=\"wp-element-caption\">ulotka<\/figcaption><\/figure>\n<\/figure>\n\n\n\n<h2 class=\"wp-block-heading has-primary-color has-text-color\">Kadra:<\/h2>\n\n\n\n<h2 class=\"wp-block-heading\">Kierownik Internatu <span style=\"color: #800000;\"> Arkadiusz Brzeczko<\/span><\/h2>\n\n\n\n<h4 class=\"wp-block-heading\">Wychowawcy grup:<br><strong>wychowawca GRUPY I:<\/strong>  <span style=\"font-size: revert; background-color: var(--wp--preset--color--white); font-family: var(--wp--preset--font-family--raleway);\">JAROS\u0141AW MAJ<\/span><br><strong>wychowawca GRUPY II:<\/strong> JACEK MILEWSKI<br><strong style=\"font-size: revert; background-color: var(--wp--preset--color--white); font-family: var(--wp--preset--font-family--raleway);\">wychowawca GRUPY III:  <\/strong>AGATA FILIPOWICZ<\/h4>\n\n\n\n<p>Wychowawcy: \u00a0Daniel Kowalewski, Dariusz Trzeciak, Jacek Milewski, Pawe\u0142 Szal, Ewa O\u0142dak<\/p>\n\n\n\n<p><\/p>\n","protected":false},"excerpt":{"rendered":"<p>Kontakt: Tel. 94 352 32 64Fax. 94 352 32 42e-mail: a.brzeczko@2lo.pl Adres: Zesp\u00f3\u0142 Szk\u00f3\u0142 Nr 1 im. Henryka SienkiewiczaINTERNATul. 1 Maja 4778-100 Ko\u0142obrzeg [&hellip;]<\/p>\n","protected":false},"author":1,"featured_media":0,"parent":0,"menu_order":0,"comment_status":"closed","ping_status":"closed","template":"page-no-title","meta":{"footnotes":""},"class_list":["post-4347","page","type-page","status-publish","hentry"],"_links":{"self":[{"href":"https:\/\/szkola.2lo.pl\/index.php\/wp-json\/wp\/v2\/pages\/4347","targetHints":{"allow":["GET"]}}],"collection":[{"href":"https:\/\/szkola.2lo.pl\/index.php\/wp-json\/wp\/v2\/pages"}],"about":[{"href":"https:\/\/szkola.2lo.pl\/index.php\/wp-json\/wp\/v2\/types\/page"}],"author":[{"embeddable":true,"href":"https:\/\/szkola.2lo.pl\/index.php\/wp-json\/wp\/v2\/users\/1"}],"replies":[{"embeddable":true,"href":"https:\/\/szkola.2lo.pl\/index.php\/wp-json\/wp\/v2\/comments?post=4347"}],"version-history":[{"count":23,"href":"https:\/\/szkola.2lo.pl\/index.php\/wp-json\/wp\/v2\/pages\/4347\/revisions"}],"predecessor-version":[{"id":6047,"href":"https:\/\/szkola.2lo.pl\/index.php\/wp-json\/wp\/v2\/pages\/4347\/revisions\/6047"}],"wp:attachment":[{"href":"https:\/\/szkola.2lo.pl\/index.php\/wp-json\/wp\/v2\/media?parent=4347"}],"curies":[{"name":"wp","href":"https:\/\/api.w.org\/{rel}","templated":true}]}}