{"id":4379,"date":"2023-05-24T12:58:06","date_gmt":"2023-05-24T10:58:06","guid":{"rendered":"https:\/\/szkola.2lo.pl\/?page_id=4379"},"modified":"2025-12-19T08:46:35","modified_gmt":"2025-12-19T07:46:35","slug":"laureaci","status":"publish","type":"page","link":"https:\/\/szkola.2lo.pl\/index.php\/henryki\/laureaci\/","title":{"rendered":"Laureaci"},"content":{"rendered":"\n<h2 class=\"wp-block-heading has-primary-color has-text-color\">Laureaci 2025 <a href=\"https:\/\/galeria.2lo.pl\/index.php?\/category\/297\" target=\"_blank\" rel=\"noreferrer noopener\"><img loading=\"lazy\" decoding=\"async\" width=\"50\" height=\"50\" class=\"wp-image-4676\" style=\"width: 50px;\" src=\"https:\/\/szkola.2lo.pl\/wp-content\/uploads\/2023\/06\/aaa7_2.webp\" alt=\"galeria23\"><\/a><\/h2>\n\n\n\n<p class=\"has-vivid-red-color has-text-color has-link-color wp-elements-0d9f96f40bb878f20c887e80bb6d9047\"><strong>Henryka 2025 w kategorii Przyjaciel Szko\u0142y otrzyma\u0142 Pan Rafa\u0142 Paw\u0142owski.<\/strong><\/p>\n\n\n\n<p><strong>Laudacja:<\/strong><\/p>\n\n\n\n<p>W tegorocznej Gali wyr\u00f3\u017cnienie w kategorii Przyjaciel Szko\u0142y trafia w wyj\u0105tkowe r\u0119ce. Jej laureat to kto\u015b, kto w tym niespokojnym i pe\u0142nym niebezpiecze\u0144stw \u015bwiecie uzna\u0142, \u017ce nale\u017cy pozosta\u0107 wiernym idei bezinteresownej pomocy tym, kt\u00f3rzy na to zas\u0142uguj\u0105. Zaufa\u0142 naszej szkole i wspiera uzdolnionych uczni\u00f3w, daj\u0105c im szans\u0119 na lepsz\u0105 przysz\u0142o\u015b\u0107. Dzi\u0119ki takim ludziom z otwartym sercem, nasz \u015bwiat staje si\u0119 nie tylko lepszy, ale i pi\u0119kniejszy<\/p>\n\n\n\n<p class=\"has-vivid-red-color has-text-color has-link-color wp-elements-88e506d0f10adad29a44202719d0e4b9\"><strong>Henryka 2025 w kategorii Wyj\u0105tkowy Rodzic otrzyma\u0142a Pani Aleksandra Szulc \u2013 Urban<\/strong><\/p>\n\n\n\n<p><strong>Laudacja:<\/strong><\/p>\n\n\n\n<p>Szanowni Pa\u0144stwo! Nie bez powodu ta kategoria jest wyj\u0105tkow\u0105, bo Wyj\u0105tkowy Rodzic to kto\u015b, kto po\u015bwi\u0119ca pracy na rzecz Sienkiewicza sw\u00f3j czas i serce. Kto\u015b, kto nas wspiera i zawsze s\u0142u\u017cy pomoc\u0105. Wyj\u0105tkowy Rodzic nigdy od tej pomocy si\u0119 nie uchyla i zawsze stoi murem za Dyrekcj\u0105 i uczniami. A poza tym jest pe\u0142noprawnym cz\u0142onkiem spo\u0142eczno\u015bci Sienkiewiczowskiej, dla kt\u00f3rej walczy jak lew z ca\u0142ym \u015bwiatem.<\/p>\n\n\n\n<p class=\"has-vivid-red-color has-text-color has-link-color wp-elements-35e354f74cc77f75cd1762d52aa65893\"><strong>Henryka 2025 w kategorii Osobowo\u015b\u0107 Szkolna otrzyma\u0142a Alicja Gre\u015b.<\/strong><\/p>\n\n\n\n<p><strong>Laudacja:<\/strong><\/p>\n\n\n\n<p>Szanowni Pa\u0144stwo! W tej kategorii chcieli\u015bmy wyrazi\u0107 uznanie dla kogo\u015b, kto ka\u017cdego dnia wnosi do naszej szko\u0142y u\u015bmiech, energi\u0119 i \u017cyczliwo\u015b\u0107. Kogo\u015b, kto inspiruje i zara\u017ca kreatywno\u015bci\u0105 innych, pokazuj\u0105c, \u017ce szko\u0142a to miejsce, gdzie mo\u017cna z powodzeniem \u0142\u0105czy\u0107 nauk\u0119 i pasj\u0119. To kto\u015b, kto \u0142\u0105czy cechy lidera i przyjaciela gotowego do w\u0142\u0105czenia si\u0119 w ka\u017cd\u0105 szkoln\u0105 inicjatyw\u0119, kto tworzy atmosfer\u0119, w kt\u00f3rej wszyscy czujemy si\u0119 dobrze.<\/p>\n\n\n\n<p class=\"has-vivid-red-color has-text-color has-link-color wp-elements-a5213e66e89da9ead346a8ce946d7e3b\"><strong>Henryka 2025 w kategorii Belfer Roku otrzymali Pani Ilona Bra\u0144czko i Pan Andrzej Cie\u015blar.<\/strong><\/p>\n\n\n\n<p><strong>Laudacja:<\/strong><\/p>\n\n\n\n<p>Szanowni Pa\u0144stwo, oto kolejna jubileuszowa niespodzianka. Mamy okazj\u0119, \u017ceby doceni\u0107 tych, kt\u00f3rzy nie tylko ucz\u0105, ale i inspiruj\u0105 sprawiaj\u0105c, \u017ce szko\u0142a staje si\u0119 miejscem, gdzie ka\u017cdy czuje si\u0119 wa\u017cny. W tej kategorii stawiamy pomost pokoleniowy, bo zwyci\u0119\u017cyli ex aequo nauczyciele reprezentuj\u0105cy dwa pokolenia. Dzieli ich do\u015bwiadczenie, ale \u0142\u0105czy ogromne zaanga\u017cowanie, cierpliwo\u015b\u0107 i wiara w uczni\u00f3w. Dzi\u0119kujemy za ka\u017cdy u\u015bmiech i wsparcie.<\/p>\n\n\n\n<p class=\"has-vivid-red-color has-text-color has-link-color wp-elements-8d51641d18df9a38ae4ba35756ccc913\"><strong>Henryka 2025 w kategorii Super! Absolwent otrzyma\u0142a Pani Zuzanna Hazubska.<\/strong><\/p>\n\n\n\n<p><strong>Laudacja:<\/strong><\/p>\n\n\n\n<p>O godno\u015bci szko\u0142y za\u015bwiadczaj\u0105 losy jej absolwent\u00f3w, oni s\u0105 nasz\u0105 wizyt\u00f3wk\u0105 i dum\u0105. Tak jest r\u00f3wnie\u017c w przypadku tegorocznej laureatki. W szkole, jako uczennica, zawsze na pierwszej linii, pe\u0142na pasji, lubiana przez kole\u017canki i koleg\u00f3w. I na studiach zawsze pierwsza, dzi\u015b ceniona dzia\u0142aczka spo\u0142eczna piastuj\u0105ca funkcje w najwy\u017cszych urz\u0119dach, ale zawsze sercem z Sienkiewiczem.<\/p>\n\n\n\n<p class=\"has-vivid-red-color has-text-color has-link-color wp-elements-b1adbe64098c92f13f4478b6e546ee15\"><strong>Henryka 2025 w kategorii Super! Absolwent otrzyma\u0142a Pani Weronika W\u0142odarczyk.<\/strong><\/p>\n\n\n\n<p><strong>Laudacja:<\/strong><\/p>\n\n\n\n<p>Szanowni Pa\u0144stwo, i zn\u00f3w jubileuszowa niespodzianka. Z okazji 35-lecia uhonorowali\u015bmy jeszcze jednego Super! Absolwenta. To nagroda dla kogo\u015b, kto swoje marzenia wyni\u00f3s\u0142 z naszych mur\u00f3w i przeku\u0142 w prawdziwe, \u017cywe pi\u0119kno. Artystka o wyj\u0105tkowej wra\u017cliwo\u015bci i sile g\u0142osu, kt\u00f3ra talentem i pasj\u0105 udowadnia, \u017ce sztuka to powo\u0142anie. Jej g\u0142os porusza serca, a ka\u017cde wykonanie jest mostem mi\u0119dzy artyst\u0105 a s\u0142uchaczem. To Ambasadorka Sztuki, nie dlatego, \u017ce \u015bpiewa na wielkich scenach, ale dlatego, \u017ce niesie ze sob\u0105 pi\u0119kno i prawd\u0119.<\/p>\n\n\n\n<p class=\"has-vivid-red-color has-text-color has-link-color wp-elements-12a7584d95deecf2cc1d52a66b8454b8\"><strong>Nagrod\u0119 Jubileuszow\u0105 \u2013 Z\u0142otego Henryka 2025 otrzyma\u0142 Pan Janusz Gromek.<\/strong><\/p>\n\n\n\n<p><strong>Laudacja:<\/strong><\/p>\n\n\n\n<p>Prosz\u0119 Pa\u0144stwa, ta kategoria powsta\u0142a tylko na dzisiejsz\u0105 okazj\u0119 35-lecia szko\u0142y. Z\u0142oty Henryk w\u0119druje w r\u0119ce kogo\u015b, kto nie jest zwi\u0105zany z Sienkiewiczem. To kto\u015b, kto Sienkiewiczem jest ca\u0142ym sercem i dusz\u0105, kto\u015b, kogo nazywamy Ojcem Za\u0142o\u017cycielem, multiinstrumentalista graj\u0105cy zawsze pierwsze skrzypce: jako Dyrektor, Prezydent Ko\u0142obrzegu, czy dzi\u015b Senator RP.<\/p>\n\n\n<style type=\"text\/css\">\n#foogallery-gallery-6471 .fg-image { width: 200px; }<\/style>\n\t\t\t<div class=\"foogallery foogallery-container foogallery-carousel foogallery-lightbox-foogallery fg-carousel fg-ready fg-light fg-border-thin fg-shadow-outline fg-loading-default fg-loaded-fade-in fg-caption-hover fg-hover-fade fg-hover-zoom\" id=\"foogallery-gallery-6471\" data-foogallery=\"{&quot;item&quot;:{&quot;showCaptionTitle&quot;:true,&quot;showCaptionDescription&quot;:true},&quot;lazy&quot;:true,&quot;template&quot;:{&quot;maxItems&quot;:5,&quot;scale&quot;:0.12,&quot;gutter&quot;:{&quot;min&quot;:-40,&quot;max&quot;:-20,&quot;unit&quot;:&quot;%&quot;},&quot;autoplay&quot;:{&quot;time&quot;:0,&quot;interaction&quot;:&quot;pause&quot;},&quot;centerOnClick&quot;:true}}\" data-foogallery-lightbox=\"{&quot;thumbs&quot;:&quot;bottom&quot;,&quot;thumbsCaptions&quot;:false,&quot;thumbsBestFit&quot;:false,&quot;thumbsSmall&quot;:false,&quot;thumbsCaptionsAlign&quot;:&quot;default&quot;,&quot;info&quot;:&quot;bottom&quot;,&quot;infoVisible&quot;:true,&quot;infoOverlay&quot;:true,&quot;infoAlign&quot;:&quot;default&quot;,&quot;transition&quot;:&quot;fade&quot;,&quot;hoverButtons&quot;:false,&quot;fitMedia&quot;:false,&quot;noScrollbars&quot;:true,&quot;preserveButtonSpace&quot;:true,&quot;buttons&quot;:{&quot;fullscreen&quot;:true,&quot;info&quot;:true,&quot;thumbs&quot;:false},&quot;video&quot;:{&quot;autoPlay&quot;:true}}\" style=\"--fg-title-line-clamp: 0; --fg-description-line-clamp: 0;\" >\n\t<button type=\"button\" class=\"fg-carousel-prev\" title=\"Previous\"><\/button>\n\t<div class=\"fg-carousel-inner\">\n\t\t<div class=\"fg-carousel-center\"><\/div>\n\t\t<div class=\"fg-item fg-type-image fg-idle\"><figure class=\"fg-item-inner\"><a href=\"https:\/\/szkola.2lo.pl\/wp-content\/uploads\/2025\/12\/image.jpg\" data-attachment-id=\"6472\" data-type=\"image\" class=\"fg-thumb\"><span class=\"fg-image-wrap\"><img decoding=\"async\" alt=\"gala2025\" width=\"200\" height=\"200\" class=\"skip-lazy fg-image\" data-src-fg=\"https:\/\/szkola.2lo.pl\/wp-content\/uploads\/cache\/2025\/12\/image\/3359882561.jpg\" src=\"data:image\/svg+xml,%3Csvg%20xmlns%3D%22http%3A%2F%2Fwww.w3.org%2F2000%2Fsvg%22%20width%3D%22200%22%20height%3D%22200%22%20viewBox%3D%220%200%20200%20200%22%3E%3C%2Fsvg%3E\" loading=\"eager\"><\/span><span class=\"fg-image-overlay\"><\/span><\/a><\/figure><div class=\"fg-loader\"><\/div><\/div><div class=\"fg-item fg-type-image fg-idle\"><figure class=\"fg-item-inner\"><a href=\"https:\/\/szkola.2lo.pl\/wp-content\/uploads\/2025\/12\/026-scaled.jpg\" data-attachment-id=\"6473\" data-type=\"image\" class=\"fg-thumb\"><span class=\"fg-image-wrap\"><img decoding=\"async\" width=\"200\" height=\"200\" class=\"skip-lazy fg-image\" data-src-fg=\"https:\/\/szkola.2lo.pl\/wp-content\/uploads\/cache\/2025\/12\/026-scaled\/439567741.jpg\" src=\"data:image\/svg+xml,%3Csvg%20xmlns%3D%22http%3A%2F%2Fwww.w3.org%2F2000%2Fsvg%22%20width%3D%22200%22%20height%3D%22200%22%20viewBox%3D%220%200%20200%20200%22%3E%3C%2Fsvg%3E\" loading=\"eager\"><\/span><span class=\"fg-image-overlay\"><\/span><\/a><\/figure><div class=\"fg-loader\"><\/div><\/div><div class=\"fg-item fg-type-image fg-idle\"><figure class=\"fg-item-inner\"><a href=\"https:\/\/szkola.2lo.pl\/wp-content\/uploads\/2025\/12\/030-scaled.jpg\" data-attachment-id=\"6474\" data-type=\"image\" class=\"fg-thumb\"><span class=\"fg-image-wrap\"><img decoding=\"async\" width=\"200\" height=\"200\" class=\"skip-lazy fg-image\" data-src-fg=\"https:\/\/szkola.2lo.pl\/wp-content\/uploads\/cache\/2025\/12\/030-scaled\/3662357023.jpg\" src=\"data:image\/svg+xml,%3Csvg%20xmlns%3D%22http%3A%2F%2Fwww.w3.org%2F2000%2Fsvg%22%20width%3D%22200%22%20height%3D%22200%22%20viewBox%3D%220%200%20200%20200%22%3E%3C%2Fsvg%3E\" loading=\"eager\"><\/span><span class=\"fg-image-overlay\"><\/span><\/a><\/figure><div class=\"fg-loader\"><\/div><\/div><div class=\"fg-item fg-type-image fg-idle\"><figure class=\"fg-item-inner\"><a href=\"https:\/\/szkola.2lo.pl\/wp-content\/uploads\/2025\/12\/032-scaled.jpg\" data-attachment-id=\"6475\" data-type=\"image\" class=\"fg-thumb\"><span class=\"fg-image-wrap\"><img decoding=\"async\" width=\"200\" height=\"200\" class=\"skip-lazy fg-image\" data-src-fg=\"https:\/\/szkola.2lo.pl\/wp-content\/uploads\/cache\/2025\/12\/032-scaled\/1800991573.jpg\" src=\"data:image\/svg+xml,%3Csvg%20xmlns%3D%22http%3A%2F%2Fwww.w3.org%2F2000%2Fsvg%22%20width%3D%22200%22%20height%3D%22200%22%20viewBox%3D%220%200%20200%20200%22%3E%3C%2Fsvg%3E\" loading=\"eager\"><\/span><span class=\"fg-image-overlay\"><\/span><\/a><\/figure><div class=\"fg-loader\"><\/div><\/div><div class=\"fg-item fg-type-image fg-idle\"><figure class=\"fg-item-inner\"><a href=\"https:\/\/szkola.2lo.pl\/wp-content\/uploads\/2025\/12\/038-scaled.jpg\" data-attachment-id=\"6476\" data-type=\"image\" class=\"fg-thumb\"><span class=\"fg-image-wrap\"><img decoding=\"async\" width=\"200\" height=\"200\" class=\"skip-lazy fg-image\" data-src-fg=\"https:\/\/szkola.2lo.pl\/wp-content\/uploads\/cache\/2025\/12\/038-scaled\/652750638.jpg\" src=\"data:image\/svg+xml,%3Csvg%20xmlns%3D%22http%3A%2F%2Fwww.w3.org%2F2000%2Fsvg%22%20width%3D%22200%22%20height%3D%22200%22%20viewBox%3D%220%200%20200%20200%22%3E%3C%2Fsvg%3E\" loading=\"eager\"><\/span><span class=\"fg-image-overlay\"><\/span><\/a><\/figure><div class=\"fg-loader\"><\/div><\/div><div class=\"fg-item fg-type-image fg-idle\"><figure class=\"fg-item-inner\"><a href=\"https:\/\/szkola.2lo.pl\/wp-content\/uploads\/2025\/12\/040-scaled.jpg\" data-attachment-id=\"6477\" data-type=\"image\" class=\"fg-thumb\"><span class=\"fg-image-wrap\"><img decoding=\"async\" width=\"200\" height=\"200\" class=\"skip-lazy fg-image\" data-src-fg=\"https:\/\/szkola.2lo.pl\/wp-content\/uploads\/cache\/2025\/12\/040-scaled\/218987271.jpg\" src=\"data:image\/svg+xml,%3Csvg%20xmlns%3D%22http%3A%2F%2Fwww.w3.org%2F2000%2Fsvg%22%20width%3D%22200%22%20height%3D%22200%22%20viewBox%3D%220%200%20200%20200%22%3E%3C%2Fsvg%3E\" loading=\"eager\"><\/span><span class=\"fg-image-overlay\"><\/span><\/a><\/figure><div class=\"fg-loader\"><\/div><\/div><div class=\"fg-item fg-type-image fg-idle\"><figure class=\"fg-item-inner\"><a href=\"https:\/\/szkola.2lo.pl\/wp-content\/uploads\/2025\/12\/045-scaled.jpg\" data-attachment-id=\"6478\" data-type=\"image\" class=\"fg-thumb\"><span class=\"fg-image-wrap\"><img decoding=\"async\" width=\"200\" height=\"200\" class=\"skip-lazy fg-image\" data-src-fg=\"https:\/\/szkola.2lo.pl\/wp-content\/uploads\/cache\/2025\/12\/045-scaled\/3201032533.jpg\" src=\"data:image\/svg+xml,%3Csvg%20xmlns%3D%22http%3A%2F%2Fwww.w3.org%2F2000%2Fsvg%22%20width%3D%22200%22%20height%3D%22200%22%20viewBox%3D%220%200%20200%20200%22%3E%3C%2Fsvg%3E\" loading=\"eager\"><\/span><span class=\"fg-image-overlay\"><\/span><\/a><\/figure><div class=\"fg-loader\"><\/div><\/div><div class=\"fg-item fg-type-image fg-idle\"><figure class=\"fg-item-inner\"><a href=\"https:\/\/szkola.2lo.pl\/wp-content\/uploads\/2025\/12\/046-scaled.jpg\" data-attachment-id=\"6479\" data-type=\"image\" class=\"fg-thumb\"><span class=\"fg-image-wrap\"><img decoding=\"async\" width=\"200\" height=\"200\" class=\"skip-lazy fg-image\" data-src-fg=\"https:\/\/szkola.2lo.pl\/wp-content\/uploads\/cache\/2025\/12\/046-scaled\/3055807479.jpg\" src=\"data:image\/svg+xml,%3Csvg%20xmlns%3D%22http%3A%2F%2Fwww.w3.org%2F2000%2Fsvg%22%20width%3D%22200%22%20height%3D%22200%22%20viewBox%3D%220%200%20200%20200%22%3E%3C%2Fsvg%3E\" loading=\"eager\"><\/span><span class=\"fg-image-overlay\"><\/span><\/a><\/figure><div class=\"fg-loader\"><\/div><\/div><div class=\"fg-item fg-type-image fg-idle\"><figure class=\"fg-item-inner\"><a href=\"https:\/\/szkola.2lo.pl\/wp-content\/uploads\/2025\/12\/049-scaled.jpg\" data-attachment-id=\"6480\" data-type=\"image\" class=\"fg-thumb\"><span class=\"fg-image-wrap\"><img decoding=\"async\" width=\"200\" height=\"200\" class=\"skip-lazy fg-image\" data-src-fg=\"https:\/\/szkola.2lo.pl\/wp-content\/uploads\/cache\/2025\/12\/049-scaled\/3357173053.jpg\" src=\"data:image\/svg+xml,%3Csvg%20xmlns%3D%22http%3A%2F%2Fwww.w3.org%2F2000%2Fsvg%22%20width%3D%22200%22%20height%3D%22200%22%20viewBox%3D%220%200%20200%20200%22%3E%3C%2Fsvg%3E\" loading=\"eager\"><\/span><span class=\"fg-image-overlay\"><\/span><\/a><\/figure><div class=\"fg-loader\"><\/div><\/div><div class=\"fg-item fg-type-image fg-idle\"><figure class=\"fg-item-inner\"><a href=\"https:\/\/szkola.2lo.pl\/wp-content\/uploads\/2025\/12\/050-scaled.jpg\" data-attachment-id=\"6481\" data-type=\"image\" class=\"fg-thumb\"><span class=\"fg-image-wrap\"><img decoding=\"async\" width=\"200\" height=\"200\" class=\"skip-lazy fg-image\" data-src-fg=\"https:\/\/szkola.2lo.pl\/wp-content\/uploads\/cache\/2025\/12\/050-scaled\/160793368.jpg\" src=\"data:image\/svg+xml,%3Csvg%20xmlns%3D%22http%3A%2F%2Fwww.w3.org%2F2000%2Fsvg%22%20width%3D%22200%22%20height%3D%22200%22%20viewBox%3D%220%200%20200%20200%22%3E%3C%2Fsvg%3E\" loading=\"eager\"><\/span><span class=\"fg-image-overlay\"><\/span><\/a><\/figure><div class=\"fg-loader\"><\/div><\/div><div class=\"fg-item fg-type-image fg-idle\"><figure class=\"fg-item-inner\"><a href=\"https:\/\/szkola.2lo.pl\/wp-content\/uploads\/2025\/12\/052-scaled.jpg\" data-attachment-id=\"6482\" data-type=\"image\" class=\"fg-thumb\"><span class=\"fg-image-wrap\"><img decoding=\"async\" width=\"200\" height=\"200\" class=\"skip-lazy fg-image\" data-src-fg=\"https:\/\/szkola.2lo.pl\/wp-content\/uploads\/cache\/2025\/12\/052-scaled\/2343343076.jpg\" src=\"data:image\/svg+xml,%3Csvg%20xmlns%3D%22http%3A%2F%2Fwww.w3.org%2F2000%2Fsvg%22%20width%3D%22200%22%20height%3D%22200%22%20viewBox%3D%220%200%20200%20200%22%3E%3C%2Fsvg%3E\" loading=\"eager\"><\/span><span class=\"fg-image-overlay\"><\/span><\/a><\/figure><div class=\"fg-loader\"><\/div><\/div><div class=\"fg-item fg-type-image fg-idle\"><figure class=\"fg-item-inner\"><a href=\"https:\/\/szkola.2lo.pl\/wp-content\/uploads\/2025\/12\/055-scaled.jpg\" data-attachment-id=\"6483\" data-type=\"image\" class=\"fg-thumb\"><span class=\"fg-image-wrap\"><img decoding=\"async\" width=\"200\" height=\"200\" class=\"skip-lazy fg-image\" data-src-fg=\"https:\/\/szkola.2lo.pl\/wp-content\/uploads\/cache\/2025\/12\/055-scaled\/154729509.jpg\" src=\"data:image\/svg+xml,%3Csvg%20xmlns%3D%22http%3A%2F%2Fwww.w3.org%2F2000%2Fsvg%22%20width%3D%22200%22%20height%3D%22200%22%20viewBox%3D%220%200%20200%20200%22%3E%3C%2Fsvg%3E\" loading=\"eager\"><\/span><span class=\"fg-image-overlay\"><\/span><\/a><\/figure><div class=\"fg-loader\"><\/div><\/div><div class=\"fg-item fg-type-image fg-idle\"><figure class=\"fg-item-inner\"><a href=\"https:\/\/szkola.2lo.pl\/wp-content\/uploads\/2025\/12\/057-scaled.jpg\" data-attachment-id=\"6484\" data-type=\"image\" class=\"fg-thumb\"><span class=\"fg-image-wrap\"><img decoding=\"async\" width=\"200\" height=\"200\" class=\"skip-lazy fg-image\" data-src-fg=\"https:\/\/szkola.2lo.pl\/wp-content\/uploads\/cache\/2025\/12\/057-scaled\/3981733813.jpg\" src=\"data:image\/svg+xml,%3Csvg%20xmlns%3D%22http%3A%2F%2Fwww.w3.org%2F2000%2Fsvg%22%20width%3D%22200%22%20height%3D%22200%22%20viewBox%3D%220%200%20200%20200%22%3E%3C%2Fsvg%3E\" loading=\"eager\"><\/span><span class=\"fg-image-overlay\"><\/span><\/a><\/figure><div class=\"fg-loader\"><\/div><\/div><div class=\"fg-item fg-type-image fg-idle\"><figure class=\"fg-item-inner\"><a href=\"https:\/\/szkola.2lo.pl\/wp-content\/uploads\/2025\/12\/061-scaled.jpg\" data-attachment-id=\"6485\" data-type=\"image\" class=\"fg-thumb\"><span class=\"fg-image-wrap\"><img decoding=\"async\" width=\"200\" height=\"200\" class=\"skip-lazy fg-image\" data-src-fg=\"https:\/\/szkola.2lo.pl\/wp-content\/uploads\/cache\/2025\/12\/061-scaled\/4294143854.jpg\" src=\"data:image\/svg+xml,%3Csvg%20xmlns%3D%22http%3A%2F%2Fwww.w3.org%2F2000%2Fsvg%22%20width%3D%22200%22%20height%3D%22200%22%20viewBox%3D%220%200%20200%20200%22%3E%3C%2Fsvg%3E\" loading=\"eager\"><\/span><span class=\"fg-image-overlay\"><\/span><\/a><\/figure><div class=\"fg-loader\"><\/div><\/div><div class=\"fg-item fg-type-image fg-idle\"><figure class=\"fg-item-inner\"><a href=\"https:\/\/szkola.2lo.pl\/wp-content\/uploads\/2025\/12\/063-scaled.jpg\" data-attachment-id=\"6486\" data-type=\"image\" class=\"fg-thumb\"><span class=\"fg-image-wrap\"><img decoding=\"async\" width=\"200\" height=\"200\" class=\"skip-lazy fg-image\" data-src-fg=\"https:\/\/szkola.2lo.pl\/wp-content\/uploads\/cache\/2025\/12\/063-scaled\/2110422930.jpg\" src=\"data:image\/svg+xml,%3Csvg%20xmlns%3D%22http%3A%2F%2Fwww.w3.org%2F2000%2Fsvg%22%20width%3D%22200%22%20height%3D%22200%22%20viewBox%3D%220%200%20200%20200%22%3E%3C%2Fsvg%3E\" loading=\"eager\"><\/span><span class=\"fg-image-overlay\"><\/span><\/a><\/figure><div class=\"fg-loader\"><\/div><\/div><div class=\"fg-item fg-type-image fg-idle\"><figure class=\"fg-item-inner\"><a href=\"https:\/\/szkola.2lo.pl\/wp-content\/uploads\/2025\/12\/image-1.jpg\" data-attachment-id=\"6487\" data-type=\"image\" class=\"fg-thumb\"><span class=\"fg-image-wrap\"><img decoding=\"async\" width=\"200\" height=\"200\" class=\"skip-lazy fg-image\" data-src-fg=\"https:\/\/szkola.2lo.pl\/wp-content\/uploads\/cache\/2025\/12\/image-1\/1911446455.jpg\" src=\"data:image\/svg+xml,%3Csvg%20xmlns%3D%22http%3A%2F%2Fwww.w3.org%2F2000%2Fsvg%22%20width%3D%22200%22%20height%3D%22200%22%20viewBox%3D%220%200%20200%20200%22%3E%3C%2Fsvg%3E\" loading=\"eager\"><\/span><span class=\"fg-image-overlay\"><\/span><\/a><\/figure><div class=\"fg-loader\"><\/div><\/div><div class=\"fg-item fg-type-image fg-idle\"><figure class=\"fg-item-inner\"><a href=\"https:\/\/szkola.2lo.pl\/wp-content\/uploads\/2025\/12\/image-2.jpg\" data-attachment-id=\"6488\" data-type=\"image\" class=\"fg-thumb\"><span class=\"fg-image-wrap\"><img decoding=\"async\" width=\"200\" height=\"200\" class=\"skip-lazy fg-image\" data-src-fg=\"https:\/\/szkola.2lo.pl\/wp-content\/uploads\/cache\/2025\/12\/image-2\/738587328.jpg\" src=\"data:image\/svg+xml,%3Csvg%20xmlns%3D%22http%3A%2F%2Fwww.w3.org%2F2000%2Fsvg%22%20width%3D%22200%22%20height%3D%22200%22%20viewBox%3D%220%200%20200%20200%22%3E%3C%2Fsvg%3E\" loading=\"eager\"><\/span><span class=\"fg-image-overlay\"><\/span><\/a><\/figure><div class=\"fg-loader\"><\/div><\/div><div class=\"fg-item fg-type-image fg-idle\"><figure class=\"fg-item-inner\"><a href=\"https:\/\/szkola.2lo.pl\/wp-content\/uploads\/2025\/12\/image-3.jpg\" data-attachment-id=\"6489\" data-type=\"image\" class=\"fg-thumb\"><span class=\"fg-image-wrap\"><img decoding=\"async\" width=\"200\" height=\"200\" class=\"skip-lazy fg-image\" data-src-fg=\"https:\/\/szkola.2lo.pl\/wp-content\/uploads\/cache\/2025\/12\/image-3\/1078346781.jpg\" src=\"data:image\/svg+xml,%3Csvg%20xmlns%3D%22http%3A%2F%2Fwww.w3.org%2F2000%2Fsvg%22%20width%3D%22200%22%20height%3D%22200%22%20viewBox%3D%220%200%20200%20200%22%3E%3C%2Fsvg%3E\" loading=\"eager\"><\/span><span class=\"fg-image-overlay\"><\/span><\/a><\/figure><div class=\"fg-loader\"><\/div><\/div><div class=\"fg-item fg-type-image fg-idle\"><figure class=\"fg-item-inner\"><a href=\"https:\/\/szkola.2lo.pl\/wp-content\/uploads\/2025\/12\/image-4.jpg\" data-attachment-id=\"6490\" data-type=\"image\" class=\"fg-thumb\"><span class=\"fg-image-wrap\"><img decoding=\"async\" width=\"200\" height=\"200\" class=\"skip-lazy fg-image\" data-src-fg=\"https:\/\/szkola.2lo.pl\/wp-content\/uploads\/cache\/2025\/12\/image-4\/33923844.jpg\" src=\"data:image\/svg+xml,%3Csvg%20xmlns%3D%22http%3A%2F%2Fwww.w3.org%2F2000%2Fsvg%22%20width%3D%22200%22%20height%3D%22200%22%20viewBox%3D%220%200%20200%20200%22%3E%3C%2Fsvg%3E\" loading=\"eager\"><\/span><span class=\"fg-image-overlay\"><\/span><\/a><\/figure><div class=\"fg-loader\"><\/div><\/div><div class=\"fg-item fg-type-image fg-idle\"><figure class=\"fg-item-inner\"><a href=\"https:\/\/szkola.2lo.pl\/wp-content\/uploads\/2025\/12\/image-5.jpg\" data-attachment-id=\"6491\" data-type=\"image\" class=\"fg-thumb\"><span class=\"fg-image-wrap\"><img decoding=\"async\" width=\"200\" height=\"200\" class=\"skip-lazy fg-image\" data-src-fg=\"https:\/\/szkola.2lo.pl\/wp-content\/uploads\/cache\/2025\/12\/image-5\/1850086873.jpg\" src=\"data:image\/svg+xml,%3Csvg%20xmlns%3D%22http%3A%2F%2Fwww.w3.org%2F2000%2Fsvg%22%20width%3D%22200%22%20height%3D%22200%22%20viewBox%3D%220%200%20200%20200%22%3E%3C%2Fsvg%3E\" loading=\"eager\"><\/span><span class=\"fg-image-overlay\"><\/span><\/a><\/figure><div class=\"fg-loader\"><\/div><\/div><div class=\"fg-item fg-type-image fg-idle\"><figure class=\"fg-item-inner\"><a href=\"https:\/\/szkola.2lo.pl\/wp-content\/uploads\/2025\/12\/image-6.jpg\" data-attachment-id=\"6492\" data-type=\"image\" class=\"fg-thumb\"><span class=\"fg-image-wrap\"><img decoding=\"async\" width=\"200\" height=\"200\" class=\"skip-lazy fg-image\" data-src-fg=\"https:\/\/szkola.2lo.pl\/wp-content\/uploads\/cache\/2025\/12\/image-6\/3666005694.jpg\" src=\"data:image\/svg+xml,%3Csvg%20xmlns%3D%22http%3A%2F%2Fwww.w3.org%2F2000%2Fsvg%22%20width%3D%22200%22%20height%3D%22200%22%20viewBox%3D%220%200%20200%20200%22%3E%3C%2Fsvg%3E\" loading=\"eager\"><\/span><span class=\"fg-image-overlay\"><\/span><\/a><\/figure><div class=\"fg-loader\"><\/div><\/div><div class=\"fg-item fg-type-image fg-idle\"><figure class=\"fg-item-inner\"><a href=\"https:\/\/szkola.2lo.pl\/wp-content\/uploads\/2025\/12\/image-7.jpg\" data-attachment-id=\"6493\" data-type=\"image\" class=\"fg-thumb\"><span class=\"fg-image-wrap\"><img decoding=\"async\" width=\"200\" height=\"200\" class=\"skip-lazy fg-image\" data-src-fg=\"https:\/\/szkola.2lo.pl\/wp-content\/uploads\/cache\/2025\/12\/image-7\/3066132579.jpg\" src=\"data:image\/svg+xml,%3Csvg%20xmlns%3D%22http%3A%2F%2Fwww.w3.org%2F2000%2Fsvg%22%20width%3D%22200%22%20height%3D%22200%22%20viewBox%3D%220%200%20200%20200%22%3E%3C%2Fsvg%3E\" loading=\"eager\"><\/span><span class=\"fg-image-overlay\"><\/span><\/a><\/figure><div class=\"fg-loader\"><\/div><\/div><div class=\"fg-item fg-type-image fg-idle\"><figure class=\"fg-item-inner\"><a href=\"https:\/\/szkola.2lo.pl\/wp-content\/uploads\/2025\/12\/image-8.jpg\" data-attachment-id=\"6494\" data-type=\"image\" class=\"fg-thumb\"><span class=\"fg-image-wrap\"><img decoding=\"async\" width=\"200\" height=\"200\" class=\"skip-lazy fg-image\" data-src-fg=\"https:\/\/szkola.2lo.pl\/wp-content\/uploads\/cache\/2025\/12\/image-8\/3147785604.jpg\" src=\"data:image\/svg+xml,%3Csvg%20xmlns%3D%22http%3A%2F%2Fwww.w3.org%2F2000%2Fsvg%22%20width%3D%22200%22%20height%3D%22200%22%20viewBox%3D%220%200%20200%20200%22%3E%3C%2Fsvg%3E\" loading=\"eager\"><\/span><span class=\"fg-image-overlay\"><\/span><\/a><\/figure><div class=\"fg-loader\"><\/div><\/div><div class=\"fg-item fg-type-image fg-idle\"><figure class=\"fg-item-inner\"><a href=\"https:\/\/szkola.2lo.pl\/wp-content\/uploads\/2025\/12\/image-9.jpg\" data-attachment-id=\"6495\" data-type=\"image\" class=\"fg-thumb\"><span class=\"fg-image-wrap\"><img decoding=\"async\" width=\"200\" height=\"200\" class=\"skip-lazy fg-image\" data-src-fg=\"https:\/\/szkola.2lo.pl\/wp-content\/uploads\/cache\/2025\/12\/image-9\/3621573465.jpg\" src=\"data:image\/svg+xml,%3Csvg%20xmlns%3D%22http%3A%2F%2Fwww.w3.org%2F2000%2Fsvg%22%20width%3D%22200%22%20height%3D%22200%22%20viewBox%3D%220%200%20200%20200%22%3E%3C%2Fsvg%3E\" loading=\"eager\"><\/span><span class=\"fg-image-overlay\"><\/span><\/a><\/figure><div class=\"fg-loader\"><\/div><\/div>\t<\/div>\n\t<div class=\"fg-carousel-bottom\"><\/div>\n\t<div class=\"fg-carousel-progress\"><\/div>\n\t<button type=\"button\" class=\"fg-carousel-next\" title=\"Next\"><\/button>\n<\/div>\n\n\n<h2 class=\"wp-block-heading has-primary-color has-text-color\">Laureaci 2022 <a href=\"http:\/\/galeria.2lo.pl\/index.php?\/category\/267\" target=\"_blank\" rel=\"noreferrer noopener\"><img loading=\"lazy\" decoding=\"async\" width=\"50\" height=\"50\" class=\"wp-image-4676\" style=\"width: 50px;\" src=\"https:\/\/szkola.2lo.pl\/wp-content\/uploads\/2023\/06\/aaa7_2.webp\" alt=\"galeria22\"><\/a><\/h2>\n\n\n<p><strong><span style=\"color: #800000;\">Henryka 2022 w kategorii Przyjaciel Szko\u0142y otrzyma\u0142a Pani Krystyna Gawlik.<\/span><\/strong><\/p>\n<p><strong>Laudacja:<\/strong><\/p>\n<p>To osoba zwi\u0105zana z Sienkiewiczem od zawsze, skarbnica wiedzy o Ko\u0142obrzegu. Cz\u0142owiek, dla kt\u00f3rego poj\u0119cie filantropii i hojno\u015bci nie jest frazesem. W \u015bwiecie pe\u0142nym egoizmu, chce i umie dzieli\u0107 si\u0119 z innymi. Wieloletnia fundatorka stypendium dla wyr\u00f3\u017cniaj\u0105cych si\u0119 uczni\u00f3w.<\/p>\n<p><strong><span style=\"color: #800000;\">Henryka 2022 w kategorii Przyjaciel Szko\u0142y otrzyma\u0142a Pani Wanda Przybylska.<\/span><\/strong><\/p>\n<p><strong>Laudacja:<\/strong><\/p>\n<p>Tegoroczna laureatka w kategorii Przyjaciel Szko\u0142y to kobieta wyj\u0105tkowa. Wielokrotnie udowodni\u0142a, \u017ce Sienkiewicz, z r\u00f3\u017cnych powod\u00f3w, jest bliski jej sercu. Niekwestionowany autorytet dla nas wszystkich. \u017bywa historia, cz\u0142owiek-instytucja, wieloletni pedagog i autorka ksi\u0105\u017cki Moje \u017cycie jak Irtysz. Wspomnienia z zes\u0142ania.<\/p>\n<p><strong><span style=\"color: #800000;\">Henryka 2022 w kategorii Wyj\u0105tkowy Rodzic otrzyma\u0142a Pani Wioletta Krzemi\u0144ska \u2013 \u0141azarczak.<\/span><\/strong><\/p>\n<p><strong>Laudacja:<\/strong><\/p>\n<p>Jednym z wa\u017cniejszych filar\u00f3w szko\u0142y s\u0105 rodzice naszych uczni\u00f3w. Szczeg\u00f3lnie ci, kt\u00f3rzy po\u015bwi\u0119caj\u0105 sw\u00f3j czas, anga\u017cuj\u0105c si\u0119 w r\u00f3\u017cne szkolne przedsi\u0119wzi\u0119cia. Dlatego kategoria Wyj\u0105tkowy Rodzic trafia w r\u0119ce takiego rodzica. Kogo\u015b, kto z po\u015bwi\u0119ceniem i niespo\u017cyt\u0105 energi\u0105 zawsze by\u0142 got\u00f3w do pracy z m\u0142odzie\u017c\u0105. Ta nagroda jest form\u0105 podzi\u0119kowania za serce dla wszystkich uczni\u00f3w naszej szko\u0142y.<\/p>\n<p><strong><span style=\"color: #800000;\">Henryka 2022 w kategorii Super! Absolwent otrzyma\u0142 Jakub Czekalski.<\/span><\/strong><\/p>\n<p><strong>Laudacja:<\/strong><\/p>\n<p>S\u0105 uczniowie, kt\u00f3rzy pozostaj\u0105 histori\u0105 szko\u0142y ju\u017c na zawsze. To zas\u0142uga ich pracy, zaanga\u017cowania, osobowo\u015bci, ale przede wszystkim poczucia, \u017ce Sienkiewicz to ja. I taki jest tegoroczny laureat. Zawsze got\u00f3w po\u015bwi\u0119ci\u0107 szkole ka\u017cd\u0105 chwil\u0119, \u017cyczliwy kolega, zdolny ucze\u0144. Po prostu jedyny w swoim rodzaju! I dzi\u015b studiuj\u0105c w jednym z wa\u017cniejszych o\u015brodk\u00f3w uniwersyteckich w kraju udowadnia, \u017ce dewiza semper in altum prowadzi do \u017cyciowego sukcesu.<\/p>\n<p><span style=\"color: #800000;\"><strong>Henryka 2022 w kategorii Osobowo\u015b\u0107 Szkolna otrzyma\u0142 Mateusz Ciesielski.<\/strong><\/span><\/p>\n<p><strong>Laudacja:<\/strong><\/p>\n<p>Pomy\u015blmy jednak o kim\u015b jeszcze. Pomy\u015blmy o cz\u0142owieku, kt\u00f3ry od czterech lat podejmuje trud doskonalenia warsztatu nie\u0142atwego rzemios\u0142a filmowego. O kim\u015b, kto zawsze wysoko stawia sobie poprzeczk\u0119. O kim\u015b, kto pozostaj\u0105c skromnym, a jednocze\u015bnie wymagaj\u0105cym wobec siebie, d\u0105\u017cy do perfekcji. Dyspozycyjno\u015b\u0107, zaanga\u017cowanie i profesjonalizm to w przypadku tego ucznia oczywisto\u015bci, nad kt\u00f3rymi nie nale\u017cy si\u0119 rozwodzi\u0107. Tym, co najcenniejsze i godne wyr\u00f3\u017cnienia, to osobowo\u015b\u0107 szacownego laureata. Jego g\u0142owa pe\u0142na jest nowych pomys\u0142\u00f3w i inicjatyw. Serce wype\u0142nia wielka wra\u017cliwo\u015b\u0107, a dusza w nim artysty.<\/p>\n<p><span style=\"color: #800000;\"><strong>Henryka 2022 w kategorii Belfer Roku otrzyma\u0142 Pan Andrzej Cie\u015blar.<\/strong><\/span><\/p>\n<p><strong>Laudacja:<\/strong><\/p>\n<p>Sukces nauczyciela jest w r\u0119kach ucznia, nie odwrotnie, dlatego kategoria Belfer Roku jest t\u0105 najbardziej po\u017c\u0105dan\u0105 i ukochan\u0105. \u015awiadczy o uznaniu i zaufaniu uczni\u00f3w, a te nie\u0142atwo zdoby\u0107.<\/p>\n<p>Ten sukces udaje si\u0119 tylko najlepszym pedagogom. Tym, kt\u00f3rzy zach\u0119caj\u0105 do my\u015blenia, marzenia, poznawania, pr\u00f3bowania i dzia\u0142ania, kt\u00f3rzy relacj\u0119 Mistrz-Ucze\u0144 rozumiej\u0105 jako m\u0105dre wsp\u00f3\u0142partnerstwo. I w tym roku mamy takiego mistrza!<\/p>\n<p><span style=\"color: #800000;\"><strong>Nagrod\u0119 Specjaln\u0105 \u2013 Super! Henryka 2022 otrzyma\u0142 Pan Alex Lubawi\u0144ski.<\/strong><\/span><\/p>\n<p><strong>Laudacja:<\/strong><\/p>\n<p>Super! Henryk to nagroda, kt\u00f3ra musi trafi\u0107 w super r\u0119ce. I w tym roku tej tradycji stanie si\u0119 zado\u015b\u0107.<\/p>\n<p>Tegorocznym laureatem zosta\u0142 cz\u0142owiek, kt\u00f3ry, jak nikt, rozumie potrzeb\u0119 dialogu i kompromisu na szczeblu mi\u0119dzynarodowym, w dzisiejszej, trudnej, rzeczywisto\u015bci. To s\u0105siad zza Odry, kt\u00f3ry wie, jakie znaczenie ma budowanie most\u00f3w mi\u0119dzy naszymi narodami, wie \u017ce tylko zgoda buduje, dlatego t\u0119 zasad\u0119 wciela w \u017cycie, b\u0119d\u0105c przyjacielem nie tylko Sienkiewicza, ale te\u017c ca\u0142ego miasta. Dzi\u0119ki niemu uda\u0142o si\u0119 przeprowadzi\u0107 wiele cennych dla szko\u0142y inicjatyw. Zawsze pe\u0142en nowych pomys\u0142\u00f3w, \u017cyczliwy i otwarty, kto\u015b, na kogo zawsze mo\u017cemy liczy\u0107.<\/p>\n\n\n<figure class=\"wp-block-gallery has-nested-images columns-default is-cropped wp-block-gallery-1 is-layout-flex wp-block-gallery-is-layout-flex\">\n<figure class=\"wp-block-image size-full\"><img loading=\"lazy\" decoding=\"async\" width=\"500\" height=\"333\" data-id=\"4675\" src=\"https:\/\/szkola.2lo.pl\/wp-content\/uploads\/2023\/06\/henryki22_1.webp\" alt=\"\" class=\"wp-image-4675\" srcset=\"https:\/\/szkola.2lo.pl\/wp-content\/uploads\/2023\/06\/henryki22_1.webp 500w, https:\/\/szkola.2lo.pl\/wp-content\/uploads\/2023\/06\/henryki22_1-300x200.webp 300w\" sizes=\"auto, (max-width: 500px) 100vw, 500px\" \/><\/figure>\n\n\n\n<figure class=\"wp-block-image size-large\"><img loading=\"lazy\" decoding=\"async\" width=\"400\" height=\"267\" data-id=\"4503\" src=\"https:\/\/szkola.2lo.pl\/wp-content\/uploads\/2023\/05\/Andrzej-Cieslar.webp\" alt=\"\" class=\"wp-image-4503\" srcset=\"https:\/\/szkola.2lo.pl\/wp-content\/uploads\/2023\/05\/Andrzej-Cieslar.webp 400w, https:\/\/szkola.2lo.pl\/wp-content\/uploads\/2023\/05\/Andrzej-Cieslar-300x200.webp 300w\" sizes=\"auto, (max-width: 400px) 100vw, 400px\" \/><\/figure>\n\n\n\n<figure class=\"wp-block-image size-large\"><img loading=\"lazy\" decoding=\"async\" width=\"400\" height=\"267\" data-id=\"4504\" src=\"https:\/\/szkola.2lo.pl\/wp-content\/uploads\/2023\/05\/Krystyna-Gawlik.webp\" alt=\"\" class=\"wp-image-4504\" srcset=\"https:\/\/szkola.2lo.pl\/wp-content\/uploads\/2023\/05\/Krystyna-Gawlik.webp 400w, https:\/\/szkola.2lo.pl\/wp-content\/uploads\/2023\/05\/Krystyna-Gawlik-300x200.webp 300w\" sizes=\"auto, (max-width: 400px) 100vw, 400px\" \/><\/figure>\n<\/figure>\n\n\n\n<h2 class=\"wp-block-heading has-primary-color has-text-color\">Laureaci 2019 <a href=\"http:\/\/galeria.2lo.pl\/index.php?\/category\/243\" target=\"_blank\" rel=\"noreferrer noopener\"><img loading=\"lazy\" decoding=\"async\" width=\"50\" height=\"50\" class=\"wp-image-4676\" style=\"width: 50px;\" src=\"https:\/\/szkola.2lo.pl\/wp-content\/uploads\/2023\/06\/aaa7_2.webp\" alt=\"galeria19\"><\/a><\/h2>\n\n\n\n<p class=\"has-vivid-red-color has-text-color\"><strong>Nagrod\u0119 Specjaln\u0105 \u2013 Super! Henryka 2019 otrzymali Pa\u0144stwo Barbara i Robert Gauerowie.<\/strong><\/p>\n\n\n\n<p><strong>Laudacja:<\/strong><\/p>\n\n\n<div><strong>SUPER! HENRYK! 2019<\/strong><\/div>\n<div class=\"x_elementToProof\">Dla&nbsp;&nbsp;Pa\u0144stwa Barbary&nbsp;&nbsp;i&nbsp;&nbsp;Roberta&nbsp;&nbsp;Gauer\u00f3w za&nbsp;&nbsp;\u017cyczliwo\u015b\u0107&nbsp;&nbsp;i&nbsp;&nbsp;pomoc w&nbsp;&nbsp;rozwijaniu dziennikarskich&nbsp;&nbsp;pasji&nbsp;&nbsp;m\u0142odzie\u017cy oraz&nbsp;&nbsp;wielkie&nbsp;&nbsp;serce dla&nbsp;&nbsp;naszej&nbsp;&nbsp;szko\u0142y.<\/div>\n\n\n<p class=\"has-vivid-red-color has-text-color\"><strong>Nagrod\u0119 Specjaln\u0105 \u2013 Super! Henryka 2019 otrzymali Pa\u0144stwo Agnieszka i Jerzy Sosnowscy.<\/strong><\/p>\n\n\n\n<p><strong>Laudacja:<\/strong><\/p>\n\n\n<p><strong>SUPER! HENRYK! 2019<br \/><\/strong>Dla&nbsp;&nbsp;Pa\u0144stwa Agnieszki&nbsp;&nbsp;i&nbsp;&nbsp;Jerzego&nbsp;&nbsp;Sosnowskich za&nbsp;&nbsp;bezinteresown\u0105&nbsp;&nbsp;hojno\u015b\u0107 oraz&nbsp;&nbsp;wielkie&nbsp;&nbsp;serce dla&nbsp;&nbsp;utalentowanej&nbsp;&nbsp;m\u0142odzie\u017cy i&nbsp;&nbsp;bezwarunkow\u0105&nbsp;&nbsp;mi\u0142o\u015b\u0107 do&nbsp;&nbsp;Ko\u0142obrzegu.<\/p>\n\n\n<figure class=\"wp-block-gallery has-nested-images columns-default is-cropped wp-block-gallery-2 is-layout-flex wp-block-gallery-is-layout-flex\">\n<figure class=\"wp-block-image size-large\"><img loading=\"lazy\" decoding=\"async\" width=\"500\" height=\"333\" data-id=\"4684\" src=\"https:\/\/szkola.2lo.pl\/wp-content\/uploads\/2023\/06\/hen19_1.webp\" alt=\"gala 2019_1\" class=\"wp-image-4684\" srcset=\"https:\/\/szkola.2lo.pl\/wp-content\/uploads\/2023\/06\/hen19_1.webp 500w, https:\/\/szkola.2lo.pl\/wp-content\/uploads\/2023\/06\/hen19_1-300x200.webp 300w\" sizes=\"auto, (max-width: 500px) 100vw, 500px\" \/><\/figure>\n\n\n\n<figure class=\"wp-block-image size-large\"><img loading=\"lazy\" decoding=\"async\" width=\"500\" height=\"333\" data-id=\"4683\" src=\"https:\/\/szkola.2lo.pl\/wp-content\/uploads\/2023\/06\/hen19_2.webp\" alt=\"gala 2019_2\" class=\"wp-image-4683\" srcset=\"https:\/\/szkola.2lo.pl\/wp-content\/uploads\/2023\/06\/hen19_2.webp 500w, https:\/\/szkola.2lo.pl\/wp-content\/uploads\/2023\/06\/hen19_2-300x200.webp 300w\" sizes=\"auto, (max-width: 500px) 100vw, 500px\" \/><\/figure>\n\n\n\n<figure class=\"wp-block-image size-large\"><img loading=\"lazy\" decoding=\"async\" width=\"500\" height=\"333\" data-id=\"4682\" src=\"https:\/\/szkola.2lo.pl\/wp-content\/uploads\/2023\/06\/hen19_3.webp\" alt=\"gala 2019_3\" class=\"wp-image-4682\" srcset=\"https:\/\/szkola.2lo.pl\/wp-content\/uploads\/2023\/06\/hen19_3.webp 500w, https:\/\/szkola.2lo.pl\/wp-content\/uploads\/2023\/06\/hen19_3-300x200.webp 300w\" sizes=\"auto, (max-width: 500px) 100vw, 500px\" \/><\/figure>\n<\/figure>\n\n\n\n<h2 class=\"wp-block-heading has-primary-color has-text-color\">Laureaci 2018 <a href=\"http:\/\/galeria.2lo.pl\/index.php?\/category\/234\" target=\"_blank\" rel=\"noreferrer noopener\"><img loading=\"lazy\" decoding=\"async\" width=\"50\" height=\"50\" class=\"wp-image-4676\" style=\"width: 50px;\" src=\"https:\/\/szkola.2lo.pl\/wp-content\/uploads\/2023\/06\/aaa7_2.webp\" alt=\"galeria18\"><\/a><\/h2>\n\n\n\n<p class=\"has-vivid-red-color has-text-color\"><strong>Nagrod\u0119 Specjaln\u0105 \u2013 Super! Henryka 2018 otrzyma\u0142 Pan Adam Dzik.<\/strong><\/p>\n\n\n\n<p><strong>Laudacja:<\/strong><\/p>\n\n\n<div><span class=\"x_ContentPasted0\">Super! Henryk!\u00a0 To nagroda b\u0119d\u0105ca wyrazem podziwu, szacunku i sympatii\u00a0<\/span><span class=\"x_ContentPasted0\">ca\u0142ej sienkiewiczowskiej spo\u0142eczno\u015bci.\u00a0<\/span><span class=\"x_ContentPasted0\">S\u0105 tacy ludzie, kt\u00f3rzy\u00a0 innym po\u015bwi\u0119caj\u0105\u00a0<\/span><span class=\"x_ContentPasted0\">nie tylko czas, ale oddaj\u0105 i serce.\u00a0<\/span><span class=\"x_ContentPasted0\">Potrafi\u0105 dzieli\u0107 si\u0119 z potrzebuj\u0105cymi.\u00a0<\/span><span class=\"x_ContentPasted0\">Jak pisa\u0142 Sienkiewicz:<\/span><\/div>\n<p><span class=\"x_ContentPasted0\">\u201eS\u0142owa nie powinny by\u0107 wi\u0119ksze od czyn\u00f3w. Dobro\u0107 serca jest tym, czym ciep\u0142o s\u0142o\u0144ca:\u00a0<\/span><span class=\"x_ContentPasted0\">ona daje \u017cycie.\u201d\u00a0<\/span><span class=\"x_ContentPasted0\">Na naszej sienkiewiczowskiej drodze\u00a0<\/span><span class=\"x_ContentPasted0\">stan\u0105\u0142 w\u0142a\u015bnie taki cz\u0142owiek i dzi\u015b chcemy mu podzi\u0119kowa\u0107 za wszystko, co dla nas zrobi\u0142.<\/span><\/p>\n\n\n<figure class=\"wp-block-gallery has-nested-images columns-default is-cropped wp-block-gallery-3 is-layout-flex wp-block-gallery-is-layout-flex\">\n<figure class=\"wp-block-image size-large\"><img loading=\"lazy\" decoding=\"async\" width=\"500\" height=\"333\" data-id=\"4696\" src=\"https:\/\/szkola.2lo.pl\/wp-content\/uploads\/2023\/06\/gala2018_3.webp\" alt=\"gala2018_1\" class=\"wp-image-4696\" srcset=\"https:\/\/szkola.2lo.pl\/wp-content\/uploads\/2023\/06\/gala2018_3.webp 500w, https:\/\/szkola.2lo.pl\/wp-content\/uploads\/2023\/06\/gala2018_3-300x200.webp 300w\" sizes=\"auto, (max-width: 500px) 100vw, 500px\" \/><\/figure>\n\n\n\n<figure class=\"wp-block-image size-large\"><img loading=\"lazy\" decoding=\"async\" width=\"500\" height=\"333\" data-id=\"4694\" src=\"https:\/\/szkola.2lo.pl\/wp-content\/uploads\/2023\/06\/gala2018_1.webp\" alt=\"gala2018_2\" class=\"wp-image-4694\" srcset=\"https:\/\/szkola.2lo.pl\/wp-content\/uploads\/2023\/06\/gala2018_1.webp 500w, https:\/\/szkola.2lo.pl\/wp-content\/uploads\/2023\/06\/gala2018_1-300x200.webp 300w\" sizes=\"auto, (max-width: 500px) 100vw, 500px\" \/><\/figure>\n\n\n\n<figure class=\"wp-block-image size-large\"><img loading=\"lazy\" decoding=\"async\" width=\"500\" height=\"333\" data-id=\"4695\" src=\"https:\/\/szkola.2lo.pl\/wp-content\/uploads\/2023\/06\/gala2018_2.webp\" alt=\"gala2018_3\" class=\"wp-image-4695\" srcset=\"https:\/\/szkola.2lo.pl\/wp-content\/uploads\/2023\/06\/gala2018_2.webp 500w, https:\/\/szkola.2lo.pl\/wp-content\/uploads\/2023\/06\/gala2018_2-300x200.webp 300w\" sizes=\"auto, (max-width: 500px) 100vw, 500px\" \/><\/figure>\n<\/figure>\n\n\n\n<h2 class=\"wp-block-heading has-primary-color has-text-color\">Laureaci 2017 <a href=\"http:\/\/galeria.2lo.pl\/index.php?\/category\/221\" target=\"_blank\" rel=\"noreferrer noopener\"><img loading=\"lazy\" decoding=\"async\" width=\"50\" height=\"50\" class=\"wp-image-4676\" style=\"width: 50px;\" src=\"https:\/\/szkola.2lo.pl\/wp-content\/uploads\/2023\/06\/aaa7_2.webp\" alt=\"galeria17\"><\/a><\/h2>\n\n\n<div>\n<p><strong>Nagrod\u0119 Specjaln\u0105 \u2013 Super! Henryka 2017 otrzyma\u0142 Pan Antoni Bernatowicz.<\/strong><\/p>\n<p><strong>Laudacja:<\/strong><\/p>\n<\/div>\n<div>Super! Henryk!&nbsp; To nagroda b\u0119d\u0105ca wyrazem podziwu, szacunku i sympatii&nbsp;ca\u0142ej sienkiewiczowskiej spo\u0142eczno\u015bci.&nbsp;S\u0105 tacy ludzie, kt\u00f3rzy&nbsp; innym po\u015bwi\u0119caj\u0105&nbsp;nie tylko czas, ale oddaj\u0105 i serce.&nbsp;Potrafi\u0105 dzieli\u0107 si\u0119 z potrzebuj\u0105cymi.&nbsp;Jak pisa\u0142 Sienkiewicz:<\/div>\n<div>\u201eS\u0142owa nie powinny by\u0107 wi\u0119ksze od czyn\u00f3w. Dobro\u0107 serca jest tym, czym ciep\u0142o s\u0142o\u0144ca:&nbsp;ona daje \u017cycie.\u201d&nbsp;Na naszej sienkiewiczowskiej drodze&nbsp;stan\u0105\u0142 w\u0142a\u015bnie taki cz\u0142owiek i dzi\u015b chcemy mu podzi\u0119kowa\u0107 za wszystko, co dla nas zrobi\u0142.<\/div>\n\n\n<figure class=\"wp-block-gallery has-nested-images columns-default is-cropped wp-block-gallery-4 is-layout-flex wp-block-gallery-is-layout-flex\">\n<figure class=\"wp-block-image size-large\"><img loading=\"lazy\" decoding=\"async\" width=\"500\" height=\"333\" data-id=\"4669\" src=\"https:\/\/szkola.2lo.pl\/wp-content\/uploads\/2023\/06\/henryki17_1.jpg\" alt=\"\" class=\"wp-image-4669\" srcset=\"https:\/\/szkola.2lo.pl\/wp-content\/uploads\/2023\/06\/henryki17_1.jpg 500w, https:\/\/szkola.2lo.pl\/wp-content\/uploads\/2023\/06\/henryki17_1-300x200.jpg 300w\" sizes=\"auto, (max-width: 500px) 100vw, 500px\" \/><\/figure>\n\n\n\n<figure class=\"wp-block-image size-large\"><img loading=\"lazy\" decoding=\"async\" width=\"500\" height=\"333\" data-id=\"4671\" src=\"https:\/\/szkola.2lo.pl\/wp-content\/uploads\/2023\/06\/henryki17_3.jpg\" alt=\"\" class=\"wp-image-4671\" srcset=\"https:\/\/szkola.2lo.pl\/wp-content\/uploads\/2023\/06\/henryki17_3.jpg 500w, https:\/\/szkola.2lo.pl\/wp-content\/uploads\/2023\/06\/henryki17_3-300x200.jpg 300w\" sizes=\"auto, (max-width: 500px) 100vw, 500px\" \/><\/figure>\n\n\n\n<figure class=\"wp-block-image size-large\"><img loading=\"lazy\" decoding=\"async\" width=\"500\" height=\"333\" data-id=\"4670\" src=\"https:\/\/szkola.2lo.pl\/wp-content\/uploads\/2023\/06\/henryki17_2.jpg\" alt=\"\" class=\"wp-image-4670\" srcset=\"https:\/\/szkola.2lo.pl\/wp-content\/uploads\/2023\/06\/henryki17_2.jpg 500w, https:\/\/szkola.2lo.pl\/wp-content\/uploads\/2023\/06\/henryki17_2-300x200.jpg 300w\" sizes=\"auto, (max-width: 500px) 100vw, 500px\" \/><\/figure>\n<\/figure>\n\n\n\n<h2 class=\"wp-block-heading has-primary-color has-text-color\">Laureaci 2016 <a rel=\"noreferrer noopener\" href=\"http:\/\/galeria.2lo.pl\/index.php?\/category\/32\" target=\"_blank\"><img loading=\"lazy\" decoding=\"async\" width=\"50\" height=\"50\" class=\"wp-image-4676\" style=\"width: 50px;\" src=\"https:\/\/szkola.2lo.pl\/wp-content\/uploads\/2023\/06\/aaa7_2.webp\" alt=\"galeria16\"><\/a><strong><br><\/strong><\/h2>\n\n\n\n<p class=\"has-primary-color has-text-color\"><strong>Henryka 2016 w kategorii Przyjaciele Szko\u0142y otrzymali <\/strong><\/p>\n\n\n\n<p class=\"has-vivid-red-color has-text-color\"><strong> Barbara i Robert Gauerowie<\/strong><\/p>\n\n\n\n<p><strong>Laudacja:<\/strong><\/p>\n\n\n\n<p>Statuetk\u0119 Przyjaciele Szko\u0142y chcemy wr\u0119czy\u0107 LUDZIOM niezwyk\u0142ym, kt\u00f3rych hojno\u015b\u0107, otwarte serca,<br>szerokie horyzonty i zrozumienie dla m\u0142odych ludzi s\u0105 powszechnie znane- bo nie tylko nam pomagaj\u0105. Nasza szko\u0142a zawdzi\u0119cza IM wychodz\u0105cy ju\u017c od prawie 20 lat \u201e\u0141omot\u201d,<br>kt\u00f3ry bez przesady mo\u017cna nazwa\u0107 forum naszej szko\u0142y. Wszystkich zas\u0142ug nie spos\u00f3b wymieni\u0107. Jeste\u015bmy jak stare dobre ma\u0142\u017ce\u0144stwo, kt\u00f3re wsp\u00f3lnie wychowuje dzieci i to nie tylko w\u0142asne.<a href=\"http:\/\/szkola.2lo.pl\/data\/Henryki\/Laureaci\/czap_d.jpg\"><\/a><\/p>\n\n\n\n<p class=\"has-primary-color has-text-color\"><strong>Henryka 2016 w kategorii Osobowo\u015b\u0107 Szkolna otrzyma\u0142<\/strong><\/p>\n\n\n\n<p class=\"has-vivid-red-color has-text-color\"><strong> Szczepan Czaplewski<\/strong><\/p>\n\n\n\n<p><strong>Laudacja:<\/strong><\/p>\n\n\n\n<p>Si\u0142\u0105 ka\u017cdej szko\u0142y s\u0105 uczniowie. Im bardziej tw\u00f3rczy, niepokorni, kreatywni, ciekawi \u015bwiata &#8211; tym lepiej. Mo\u017ce nie\u0142atwo z nimi pracowa\u0107, ale satysfakcja &#8211; bezcenna! Dlaczego ? Bo to m\u0142odzi ludzie, niezwykle zdolni &#8211; tak jak nasz LAUREAT &#8211; tw\u00f3rca autorskich tekst\u00f3w i muzyki, niepokonany interpretator poezji i w og\u00f3le fajny ch\u0142opak.<a href=\"http:\/\/szkola.2lo.pl\/data\/Henryki\/Laureaci\/jag_d.jpg\"><\/a><\/p>\n\n\n\n<p class=\"has-primary-color has-text-color\"><strong>Henryka 2016 w kategorii Wyj\u0105tkowy Rodzic otrzyma\u0142a<\/strong><\/p>\n\n\n\n<p class=\"has-vivid-red-color has-text-color\"><strong>Marzenna Jagie\u0142\u0142o<\/strong><\/p>\n\n\n\n<p><strong>Laudacja:<\/strong><\/p>\n\n\n\n<p>Wszyscy wiedz\u0105, \u017ce dobra szko\u0142a to ta, w kt\u00f3rej rodzice wsp\u00f3\u0142pracuj\u0105 z nauczycielami<br>i odwrotnie. Czasami zdarzaj\u0105 si\u0119 tacy rodzice, kt\u00f3rzy oddaj\u0105 szkole nie tylko czas, ale i serce. Kt\u00f3rzy zapisali si\u0119 w naszej pami\u0119ci jako wyj\u0105tkowi, oddani i wyrozumiali. I tak jest w\u0142a\u015bnie w tym przypadku.<a href=\"http:\/\/szkola.2lo.pl\/data\/Henryki\/Laureaci\/pyz_d.jpg\"><\/a><\/p>\n\n\n\n<p class=\"has-primary-color has-text-color\"><strong>Henryka 2016 w kategorii Super! Absolwent otrzyma\u0142<\/strong><\/p>\n\n\n\n<p class=\"has-vivid-red-color has-text-color\"><strong>Krzysztof Pyzia<\/strong><\/p>\n\n\n\n<p><strong>Laudacja:<\/strong><\/p>\n\n\n\n<p>Nauczyciel wychowawca \u017cyje tak d\u0142ugo, jak d\u0142ugo wspominaj\u0105 go uczniowie. Ale s\u0105 uczniowie, kt\u00f3rych nauczyciele wspominaj\u0105 do ko\u0144ca swoich dni. Nasz LAUREAT raczej marzy\u0142 o tym, aby zosta\u0107 prezydentem, a w ka\u017cdym razie, aby podj\u0105\u0107 dzia\u0142alno\u015b\u0107 polityczn\u0105. Ciesz\u0119 si\u0119, \u017ce zrozumia\u0142, \u017ce jego miejsce jest gdzie indziej. Wykorzysta\u0142 \u0142atwo\u015b\u0107 nawi\u0105zywania kontakt\u00f3w, umiej\u0119tno\u015b\u0107 rozmowy z drugim cz\u0142owiekiem. Dzi\u015b pracuje w Radiu Zet i w\u0142a\u015bnie wyda\u0142 swoj\u0105 trzeci\u0105 ksi\u0105\u017ck\u0119.<a href=\"http:\/\/szkola.2lo.pl\/data\/Henryki\/Laureaci\/fran_d.jpg\"><\/a><\/p>\n\n\n\n<p class=\"has-primary-color has-text-color\"><strong>Henryka 2016 w kategorii Belfer Roku otrzyma\u0142<\/strong><\/p>\n\n\n\n<p class=\"has-vivid-red-color has-text-color\"><strong>Norbert Fra\u0144czuk<\/strong><\/p>\n\n\n\n<p><strong>Laudacja:<\/strong><\/p>\n\n\n\n<p>Oto kategoria, kt\u00f3ra budzi najwi\u0119cej emocji. Jest wyrazem uczniowskiej sympatii i szacunku. Nasz Laureat spe\u0142nia wszystkie te wymagania. Budzi sympati\u0119, bo rozumie m\u0142odych ludzi. Szacunek, bo potrafi by\u0107 mistrzem dla swoich uczni\u00f3w. I podziw, bo w trudnym \u015bwiecie pozostaje autorytetem godnym na\u015bladowania.<a href=\"http:\/\/szkola.2lo.pl\/data\/Henryki\/Laureaci\/grom_d.jpg\"><\/a><\/p>\n\n\n\n<p class=\"has-primary-color has-text-color\"><strong>Nagrod\u0119 Specjaln\u0105 &#8211; Super! Henryka 2016 otrzyma\u0142<\/strong><\/p>\n\n\n\n<p class=\"has-vivid-red-color has-text-color\"><strong>Janusz Gromek<\/strong><\/p>\n\n\n\n<p><strong>Laudacja:<\/strong><\/p>\n\n\n\n<p>Oto nagroda specjalna, mo\u017cna by rzec, &#8211; dla ojca za\u0142o\u017cyciela. Dla PIERWSZEGO DYREKTORA, kt\u00f3ry nada\u0142 szkole imi\u0119, nie tylko Sienkiewiczowskie, ale mimowolnie swoje w\u0142asne. Do dzi\u015b walczymy, by chodzi\u0107 do \u201eSienkiewicza\u201d, a nie do \u201eGromka\u201d. Nagroda specjalna dla TEGO, kt\u00f3ry przyj\u0105\u0142 do pracy ponad po\u0142ow\u0119 z nas.<\/p>\n\n\n\n<figure class=\"wp-block-gallery has-nested-images columns-default is-cropped wp-block-gallery-5 is-layout-flex wp-block-gallery-is-layout-flex\">\n<figure class=\"wp-block-image size-large\"><img loading=\"lazy\" decoding=\"async\" width=\"500\" height=\"333\" data-id=\"4689\" src=\"https:\/\/szkola.2lo.pl\/wp-content\/uploads\/2023\/06\/hen2016_3.webp\" alt=\"gala2016_1\" class=\"wp-image-4689\" srcset=\"https:\/\/szkola.2lo.pl\/wp-content\/uploads\/2023\/06\/hen2016_3.webp 500w, https:\/\/szkola.2lo.pl\/wp-content\/uploads\/2023\/06\/hen2016_3-300x200.webp 300w\" sizes=\"auto, (max-width: 500px) 100vw, 500px\" \/><\/figure>\n\n\n\n<figure class=\"wp-block-image size-large\"><img loading=\"lazy\" decoding=\"async\" width=\"500\" height=\"333\" data-id=\"4690\" src=\"https:\/\/szkola.2lo.pl\/wp-content\/uploads\/2023\/06\/hen2016_1.webp\" alt=\"gala2016_2\" class=\"wp-image-4690\" srcset=\"https:\/\/szkola.2lo.pl\/wp-content\/uploads\/2023\/06\/hen2016_1.webp 500w, https:\/\/szkola.2lo.pl\/wp-content\/uploads\/2023\/06\/hen2016_1-300x200.webp 300w\" sizes=\"auto, (max-width: 500px) 100vw, 500px\" \/><\/figure>\n\n\n\n<figure class=\"wp-block-image size-large\"><img loading=\"lazy\" decoding=\"async\" width=\"500\" height=\"333\" data-id=\"4691\" src=\"https:\/\/szkola.2lo.pl\/wp-content\/uploads\/2023\/06\/hen2016_2.webp\" alt=\"gala2016_3\" class=\"wp-image-4691\" srcset=\"https:\/\/szkola.2lo.pl\/wp-content\/uploads\/2023\/06\/hen2016_2.webp 500w, https:\/\/szkola.2lo.pl\/wp-content\/uploads\/2023\/06\/hen2016_2-300x200.webp 300w\" sizes=\"auto, (max-width: 500px) 100vw, 500px\" \/><\/figure>\n<\/figure>\n","protected":false},"excerpt":{"rendered":"<p>Laureaci 2025 Henryka 2025 w kategorii Przyjaciel Szko\u0142y otrzyma\u0142 Pan Rafa\u0142 Paw\u0142owski. Laudacja: W tegorocznej Gali wyr\u00f3\u017cnienie w kategorii Przyjaciel Szko\u0142y trafia w [&hellip;]<\/p>\n","protected":false},"author":1,"featured_media":0,"parent":4369,"menu_order":0,"comment_status":"closed","ping_status":"closed","template":"page-no-title","meta":{"footnotes":""},"class_list":["post-4379","page","type-page","status-publish","hentry"],"_links":{"self":[{"href":"https:\/\/szkola.2lo.pl\/index.php\/wp-json\/wp\/v2\/pages\/4379","targetHints":{"allow":["GET"]}}],"collection":[{"href":"https:\/\/szkola.2lo.pl\/index.php\/wp-json\/wp\/v2\/pages"}],"about":[{"href":"https:\/\/szkola.2lo.pl\/index.php\/wp-json\/wp\/v2\/types\/page"}],"author":[{"embeddable":true,"href":"https:\/\/szkola.2lo.pl\/index.php\/wp-json\/wp\/v2\/users\/1"}],"replies":[{"embeddable":true,"href":"https:\/\/szkola.2lo.pl\/index.php\/wp-json\/wp\/v2\/comments?post=4379"}],"version-history":[{"count":16,"href":"https:\/\/szkola.2lo.pl\/index.php\/wp-json\/wp\/v2\/pages\/4379\/revisions"}],"predecessor-version":[{"id":6514,"href":"https:\/\/szkola.2lo.pl\/index.php\/wp-json\/wp\/v2\/pages\/4379\/revisions\/6514"}],"up":[{"embeddable":true,"href":"https:\/\/szkola.2lo.pl\/index.php\/wp-json\/wp\/v2\/pages\/4369"}],"wp:attachment":[{"href":"https:\/\/szkola.2lo.pl\/index.php\/wp-json\/wp\/v2\/media?parent=4379"}],"curies":[{"name":"wp","href":"https:\/\/api.w.org\/{rel}","templated":true}]}}