{"id":5834,"date":"2024-10-19T18:54:58","date_gmt":"2024-10-19T16:54:58","guid":{"rendered":"https:\/\/szkola.2lo.pl\/?page_id=5834"},"modified":"2025-12-12T09:57:41","modified_gmt":"2025-12-12T08:57:41","slug":"erasmus","status":"publish","type":"page","link":"https:\/\/szkola.2lo.pl\/index.php\/projekty-2\/erasmus\/","title":{"rendered":"ERASMUS +  AR\/VR"},"content":{"rendered":"\n<figure class=\"wp-block-image aligncenter size-large\"><a href=\"https:\/\/power-ar-vr-edu.2lo.pl\/\"><img loading=\"lazy\" decoding=\"async\" width=\"1024\" height=\"215\" src=\"https:\/\/szkola.2lo.pl\/wp-content\/uploads\/2024\/10\/EN-Co-funded-by-the-EU_POS_m-1024x215.webp\" alt=\"erasmus\" class=\"wp-image-5910\" srcset=\"https:\/\/szkola.2lo.pl\/wp-content\/uploads\/2024\/10\/EN-Co-funded-by-the-EU_POS_m-1024x215.webp 1024w, https:\/\/szkola.2lo.pl\/wp-content\/uploads\/2024\/10\/EN-Co-funded-by-the-EU_POS_m-300x63.webp 300w, https:\/\/szkola.2lo.pl\/wp-content\/uploads\/2024\/10\/EN-Co-funded-by-the-EU_POS_m-768x161.webp 768w, https:\/\/szkola.2lo.pl\/wp-content\/uploads\/2024\/10\/EN-Co-funded-by-the-EU_POS_m.webp 1430w\" sizes=\"auto, (max-width: 1024px) 100vw, 1024px\" \/><\/a><figcaption class=\"wp-element-caption\">Erasmus+ strona projektu: <a href=\"https:\/\/power-ar-vr-edu.2lo.pl\/\">https:\/\/power-ar-vr-edu.2lo.pl\/<\/a><\/figcaption><\/figure>\n\n\n\n<p class=\"has-text-align-center has-primary-color has-text-color has-link-color wp-elements-c258f8bb017e8de1c1067bec48cebaec\"><strong>&nbsp; &nbsp; &nbsp; &nbsp; &nbsp; &nbsp; &nbsp; &nbsp; &nbsp; &nbsp; &nbsp; &nbsp;&nbsp; &nbsp; Erasmus+ \/ KA220-VET &#8211; Cooperation partnerships in vocational education and training<\/strong><\/p>\n\n\n\n<p class=\"has-text-align-center has-primary-color has-text-color has-link-color wp-elements-d9d3c0437a0b55726e57a7df9e16c374\"><strong>&nbsp; &nbsp; &nbsp; &nbsp; &nbsp; &nbsp; &nbsp; &nbsp;&nbsp; &nbsp;&#8222;The Power of AR and VR: Igniting Passion for Learning Through Innovative Technologies&#8221;<\/strong><\/p>\n\n\n\n<p class=\"has-primary-color has-text-color has-link-color wp-elements-e5f2873786aff66f3553fc3aec33660d\"><strong>&nbsp; &nbsp; &nbsp; &nbsp; &nbsp; &nbsp; &nbsp; &nbsp; &nbsp; &nbsp; &nbsp; &nbsp; &nbsp; &nbsp; &nbsp; &nbsp; &nbsp; &nbsp; &nbsp; &nbsp; &nbsp; &nbsp; &nbsp; &nbsp; &nbsp; &nbsp; &nbsp; &nbsp; &nbsp; &nbsp; &nbsp; &nbsp; &nbsp; &nbsp; &nbsp; No.:2024-1-PL01- KA220-VET-000243150<\/strong><br><\/p>\n\n\n\n<p>F<em>unded by the European Union. Views and opinions expressed are however those of the author(s) only and do not necessarily reflect those of the European Union or the European Education and ANPCDEFP. Neither the European Union nor ANPCDEFP can be held responsible for them.<\/em><br><\/p>\n\n\n\n<p><\/p>\n\n\n\n<p><em>\u201eDofinansowane ze \u015brodk\u00f3w UE. Wyra\u017cone pogl\u0105dy i opinie s\u0105 jedynie opiniami autora lub autor\u00f3w <\/em><br><em>i niekoniecznie odzwierciedlaj\u0105 pogl\u0105dy i opinie Unii Europejskiej lub Fundacja Rozwoju Systemu Edukacji. Unia Europejska ani Fundacja Rozwoju Systemu Edukacji nie ponosz\u0105 za nie odpowiedzialno\u015bci.\u201d<\/em><br><\/p>\n\n\n\n<h4 class=\"wp-block-heading has-primary-color has-text-color has-link-color wp-elements-ac32b2672417d042604359133180b41c\">Partnerzy projektu:<\/h4>\n\n\n\n<ul class=\"wp-block-list\">\n<li>Araxa EDU DANISMANLIK (<strong>Turcja<\/strong>)<\/li>\n<\/ul>\n\n\n\n<ul class=\"wp-block-list\">\n<li>Srednja \u0161kola Ban Josip Jela\u010di\u0107 (<strong>Chorwacja<\/strong>)<\/li>\n<\/ul>\n\n\n\n<ul class=\"wp-block-list\">\n<li>ASOCIACIJA KURYBINES ATEITIES IDEJOS (<strong>Litwa<\/strong>)<\/li>\n<\/ul>\n\n\n\n<ul class=\"wp-block-list\">\n<li>2 EK Peiraia (<strong>Grecja<\/strong>)<\/li>\n\n\n\n<li> Instituto Piaget &#8211; Cooperativa para Desenvolvimento Humano Integral e Ecol\u00f3gico, CRL (<strong>Portugalia<\/strong>)<\/li>\n<\/ul>\n\n\n\n<p><\/p>\n\n\n\n<h4 class=\"wp-block-heading has-primary-color has-text-color has-link-color wp-elements-c93634ba3d50c9b513ead1fac6066d22\"><strong>Czas trwania projektu:<\/strong><br><\/h4>\n\n\n\n<p>Rozpocz\u0119cie &#8211; 01.09.2024<br>Zako\u0144czenie &#8211; 31.08.2026<br>Czas trwania &#8211; 24 miesi\u0105ce<\/p>\n\n\n\n<p><\/p>\n\n\n\n<h4 class=\"wp-block-heading has-primary-color has-text-color has-link-color wp-elements-a3551c7cd25011706876681e26c85ed2\">Cele Projektu<\/h4>\n\n\n\n<ul class=\"wp-block-list\">\n<li><strong>Wzmacnianie kompetencji nauczycieli kszta\u0142cenia zawodowego w zakresie AR\/VR<\/strong> G\u0142\u00f3wnym celem projektu jest wyposa\u017cenie nauczycieli kszta\u0142cenia i <strong>szkolenia zawodowego (VET) w umiej\u0119tno\u015bci, pewno\u015b\u0107 siebie i wiedz\u0119,<\/strong> kt\u00f3re pozwol\u0105 im skutecznie <strong>integrowa\u0107 technologie AR i VR<\/strong> w procesie nauczania.<\/li>\n\n\n\n<li><strong>Promowanie nauki interdyscyplinarnej<\/strong><br><strong>Wsp\u00f3\u0142praca<\/strong> umo\u017cliwi nauczycielom wykorzystywanie technologii AR i VR<strong> w r\u00f3\u017cnych dziedzinach zawodowych<\/strong>. Niezale\u017cnie od tego, czy chodzi o <strong>medycyn\u0119, in\u017cynieri\u0119, turystyk\u0119 czy budownictwo,<\/strong> technologie te mog\u0105 <strong>ulepszy\u0107 szkolenia praktyczne<\/strong> i u\u0142atwi\u0107 prze\u0142o\u017cenie teorii na rzeczywiste umiej\u0119tno\u015bci.<\/li>\n\n\n\n<li><strong>Zwi\u0119kszanie zaanga\u017cowania uczni\u00f3w i poprawa efekt\u00f3w uczenia si\u0119<\/strong>. Technologie immersyjne <strong>zwi\u0119kszaj\u0105 motywacj\u0119 uczni\u00f3w<\/strong> i sprawiaj\u0105, \u017ce nauka staje si\u0119 bardziej interaktywna.<\/li>\n<\/ul>\n\n\n\n<h4 class=\"wp-block-heading has-primary-color has-text-color has-link-color wp-elements-62cb53a991b0cd30612f1c81da54d050\">Promowanie inkluzyjno\u015bci w edukacji<\/h4>\n\n\n\n<p>AR i VR otwieraj\u0105 nowe mo\u017cliwo\u015bci w zakresie <strong>dostosowania nauki do indywidualnych potrzeb<\/strong> <strong>uczni\u00f3w.<\/strong> Dzi\u0119ki s<strong>personalizowanym do\u015bwiadczeniom edukacyjnym, adaptacyjnym narz\u0119dziom i bezpiecznym \u015brodowiskom wirtualnym<\/strong>, te technologie pomagaj\u0105 tworzy\u0107 <strong>bardziej dost\u0119pne i anga\u017cuj\u0105ce \u015brodowisko edukacyjne<\/strong> dla wszystkich ucz\u0105cych si\u0119.<\/p>\n\n\n\n<p>Projekt ma na celu dostarczenie rezultat\u00f3w i efekt\u00f3w, kt\u00f3re przyczyni\u0105 si\u0119 do <strong>integracji technologii AR i VR w edukacji zawodowej<\/strong><\/p>\n\n\n\n<p><\/p>\n\n\n\n<h4 class=\"wp-block-heading has-primary-color has-text-color has-link-color wp-elements-8429ec9d7d74ee222bbdd435938e7010\">G\u0142\u00f3wne Rezultaty Intelektualne (IOs):<\/h4>\n\n\n\n<p><strong>IO1: Program szkoleniowy dla nauczycieli zawodowych z zakresu AR i VR<\/strong> -wyposa\u017cenie nauczycieli w umiej\u0119tno\u015bci i wiedz\u0119 niezb\u0119dn\u0105 do wykorzystania technologii immersyjnych w nauczaniu zawodowym.<\/p>\n\n\n\n<p><strong>IO2: Zestaw narz\u0119dzi AR i VR do nauczania interdyscyplinarnego <\/strong>&#8211; opracowanie praktycznych materia\u0142\u00f3w dydaktycznych, scenariuszy lekcji i studi\u00f3w przypadk\u00f3w, kt\u00f3re u\u0142atwi\u0105 nauczycielom wdra\u017canie AR\/VR w r\u00f3\u017cnych przedmiotach.<\/p>\n\n\n\n<p><strong>IO3:<\/strong> <strong>Platforma E-Learning Pills<\/strong> &#8211; cyfrowa platforma edukacyjna oferuj\u0105ca interaktywne modu\u0142y szkoleniowe, wspieraj\u0105ce nauczycieli w nauce zastosowania AR i VR.<\/p>\n\n\n\n<p><\/p>\n\n\n\n<h4 class=\"wp-block-heading has-primary-color has-text-color has-link-color wp-elements-2170bc311e05d9f78cb81771da071a13\">Oczekiwane Rezultaty:<\/h4>\n\n\n\n<p><strong>Podniesienie kompetencji nauczycieli<\/strong> \u2013 zwi\u0119kszenie ich pewno\u015bci i umiej\u0119tno\u015bci w zakresie stosowania technologii AR\/VR. <\/p>\n\n\n\n<p><strong>Tworzenie anga\u017cuj\u0105cych \u015brodowisk edukacyjnych<\/strong> \u2013 zastosowanie immersyjnych technologii w celu uatrakcyjnienia procesu nauczania. <\/p>\n\n\n\n<p><strong>Szersza adaptacja technologii cyfrowych<\/strong> \u2013 Zwi\u0119kszenie wykorzystania nowoczesnych narz\u0119dzi w kszta\u0142ceniu zawodowym.<\/p>\n\n\n\n<p> <strong>Integracja mi\u0119dzy przedmiotowa<\/strong> \u2013 mo\u017cliwo\u015b\u0107 wdra\u017cania AR\/VR w r\u00f3\u017cnych dziedzinach, od medycyny po in\u017cynieri\u0119. <\/p>\n\n\n\n<p><strong>Wi\u0119ksza \u015bwiadomo\u015b\u0107<\/strong> \u2013 promowanie korzy\u015bci p\u0142yn\u0105cych z AR\/VR w edukacji, zach\u0119canie do innowacyjnych metod nauczania.<\/p>\n\n\n\n<h4 class=\"wp-block-heading has-primary-color has-text-color has-link-color wp-elements-a84434705f84002ec75a444317975834\">Dzia\u0142ania i Kluczowe Etapy Projektu:<\/h4>\n\n\n\n<p style=\"line-height:2.7\"><strong>Spotkanie inauguruj\u0105ce<\/strong> \u2013 Ustalenie kierunk\u00f3w dzia\u0142a\u0144 i wsp\u00f3\u0142pracy. <\/p>\n\n\n\n<p><strong>Webinaria:<\/strong><\/p>\n\n\n\n<ul class=\"wp-block-list\">\n<li><em>Wykorzystanie potencja\u0142u edukacyjnego: Integracja AR i VR w edukacji<\/em><\/li>\n\n\n\n<li><em>Odkrywanie wirtualnych \u015bwiat\u00f3w: Wprowadzenie do AR i VR<\/em><\/li>\n\n\n\n<li><em>Podr\u00f3\u017c do immersyjnej edukacji: Zastosowania AR i VR<\/em><\/li>\n<\/ul>\n\n\n\n<p><strong>Sesje LTT (Learning, Teaching, Training)<\/strong> \u2013 Pilota\u017cowe wdro\u017cenie IO1 i IO2. <\/p>\n\n\n\n<p><strong>Wydarzenia lokalne<\/strong> \u2013 testowanie i doskonalenie opracowanych materia\u0142\u00f3w we wsp\u00f3\u0142pracy z nauczycielami.<\/p>\n\n\n\n<p style=\"font-size:18px\"><strong> Pilota\u017c IO3 w \u015brodowisku wirtualnym <\/strong>\u2013 testowanie platformy e-learningowej przez nauczycieli. <\/p>\n\n\n\n<p><strong>Wydarzenia upowszechniaj\u0105ce<\/strong> \u2013 prezentacja wynik\u00f3w projektu i najlepszych praktyk szerokiemu gronu odbiorc\u00f3w.<\/p>\n\n\n\n<p><strong> Spotkanie podsumowuj\u0105ce i dzia\u0142ania upowszechniaj\u0105ce <\/strong>\u2013 zapewnienie trwa\u0142o\u015bci projektu i jego dalszego wp\u0142ywu na edukacj\u0119 zawodow\u0105.<\/p>\n\n\n\n<p style=\"line-height:2.2\">Projekt odegra <strong>kluczow\u0105 rol\u0119 w kszta\u0142towaniu przysz\u0142o\u015bci edukacji zawodowej<\/strong>, wprowadzaj\u0105c <strong>immersyjne, praktyczne do\u015bwiadczenia dydaktyczne<\/strong> do sal lekcyjnych i warsztat\u00f3w.<\/p>\n\n\n\n<p class=\"has-text-align-center has-text-color has-link-color wp-elements-1c6323b2ef00a32a6900372a8a7ab6cc\" style=\"color:#5c0404\"><strong>STRONA PROJEKTU:<\/strong><\/p>\n\n\n\n<p class=\"has-text-align-center\"><a href=\"https:\/\/power-ar-vr-edu.2lo.pl\/\">https:\/\/power-ar-vr-edu.2lo.pl\/<\/a><\/p>\n\n\n\n<p class=\"has-text-align-center has-text-color has-link-color wp-elements-4846b5055410af6e905f3dda3b795f1e\" style=\"color:#4f1616\"><strong>FACEBOOK PROJEKTU:<\/strong><\/p>\n\n\n\n<p class=\"has-text-align-center\"><a href=\"https:\/\/www.facebook.com\/groups\/1609010813014470\">https:\/\/www.facebook.com\/groups\/1609010813014470<\/a><\/p>\n\n\n\n<p class=\"has-text-align-center has-text-color has-link-color wp-elements-ad711d9f913572b5b23f174b710b53e7\" style=\"color:#561a1a\"><strong>STRONA PROJEKTU &#8211; KO\u0141OBRZEG 3D<\/strong><\/p>\n\n\n\n<p class=\"has-text-align-center\"><a href=\"https:\/\/kolobrzeg3d.2lo.pl\">https:\/\/kolobrzeg3d.2lo.pl<\/a><\/p>\n\n\n\n<p class=\"has-text-align-center has-text-color has-link-color wp-elements-5a6679f79e8cfe605af939b8f1f5f18c\" style=\"color:#571e1e\"><strong>STRONA BLOG SZKOLNY ALISHA<\/strong><\/p>\n\n\n\n<p class=\"has-text-align-center\"><a href=\"https:\/\/alisha.2lo.pl\/\">https:\/\/alisha.2lo.pl\/<\/a><\/p>\n","protected":false},"excerpt":{"rendered":"<p>&nbsp; &nbsp; &nbsp; &nbsp; &nbsp; &nbsp; &nbsp; &nbsp; &nbsp; &nbsp; &nbsp; &nbsp;&nbsp; &nbsp; Erasmus+ \/ KA220-VET &#8211; Cooperation partnerships in vocational education and [&hellip;]<\/p>\n","protected":false},"author":1,"featured_media":0,"parent":4758,"menu_order":1,"comment_status":"closed","ping_status":"closed","template":"","meta":{"footnotes":""},"class_list":["post-5834","page","type-page","status-publish","hentry"],"_links":{"self":[{"href":"https:\/\/szkola.2lo.pl\/index.php\/wp-json\/wp\/v2\/pages\/5834","targetHints":{"allow":["GET"]}}],"collection":[{"href":"https:\/\/szkola.2lo.pl\/index.php\/wp-json\/wp\/v2\/pages"}],"about":[{"href":"https:\/\/szkola.2lo.pl\/index.php\/wp-json\/wp\/v2\/types\/page"}],"author":[{"embeddable":true,"href":"https:\/\/szkola.2lo.pl\/index.php\/wp-json\/wp\/v2\/users\/1"}],"replies":[{"embeddable":true,"href":"https:\/\/szkola.2lo.pl\/index.php\/wp-json\/wp\/v2\/comments?post=5834"}],"version-history":[{"count":21,"href":"https:\/\/szkola.2lo.pl\/index.php\/wp-json\/wp\/v2\/pages\/5834\/revisions"}],"predecessor-version":[{"id":6443,"href":"https:\/\/szkola.2lo.pl\/index.php\/wp-json\/wp\/v2\/pages\/5834\/revisions\/6443"}],"up":[{"embeddable":true,"href":"https:\/\/szkola.2lo.pl\/index.php\/wp-json\/wp\/v2\/pages\/4758"}],"wp:attachment":[{"href":"https:\/\/szkola.2lo.pl\/index.php\/wp-json\/wp\/v2\/media?parent=5834"}],"curies":[{"name":"wp","href":"https:\/\/api.w.org\/{rel}","templated":true}]}}