{"id":6052,"date":"2025-09-08T12:35:19","date_gmt":"2025-09-08T10:35:19","guid":{"rendered":"https:\/\/szkola.2lo.pl\/?page_id=6052"},"modified":"2026-04-08T22:01:50","modified_gmt":"2026-04-08T20:01:50","slug":"kalendarium","status":"publish","type":"page","link":"https:\/\/szkola.2lo.pl\/index.php\/projekty-2\/erasmus\/kalendarium\/","title":{"rendered":"Kalendarium AR\/VR"},"content":{"rendered":"\n<h2 class=\"wp-block-heading wp-embed-aspect-16-9 wp-has-aspect-ratio has-text-color has-link-color wp-elements-b3c0c3b150f7779dad6e7af0a6e01c41\" style=\"color:#07580b\">08.04.2026<\/h2>\n\n\n\n<p class=\"wp-embed-aspect-16-9 wp-has-aspect-ratio has-primary-color has-text-color has-link-color wp-elements-fca0ddf99d17c53203fa5f07b45310ef\">Przysz\u0142o\u015b\u0107 edukacji dzieje si\u0119 na naszych oczach \ud83d\ude80<\/p>\n\n\n\n<div class=\"wp-block-columns wp-embed-aspect-16-9 wp-has-aspect-ratio is-layout-flex wp-container-core-columns-is-layout-28f84493 wp-block-columns-is-layout-flex\">\n<div class=\"wp-block-column is-layout-constrained wp-block-column-is-layout-constrained\" style=\"flex-basis:30%\">\n<figure class=\"wp-block-image size-full is-resized\"><img loading=\"lazy\" decoding=\"async\" width=\"450\" height=\"162\" src=\"https:\/\/szkola.2lo.pl\/wp-content\/uploads\/2026\/04\/kal1.webp\" alt=\"\" class=\"wp-image-6641\" style=\"width:258px;height:auto\" srcset=\"https:\/\/szkola.2lo.pl\/wp-content\/uploads\/2026\/04\/kal1.webp 450w, https:\/\/szkola.2lo.pl\/wp-content\/uploads\/2026\/04\/kal1-300x108.webp 300w\" sizes=\"auto, (max-width: 450px) 100vw, 450px\" \/><\/figure>\n<\/div>\n\n\n\n<div class=\"wp-block-column is-layout-flow wp-block-column-is-layout-flow\" style=\"flex-basis:66.66%\">\n<p>Z ogromn\u0105 satysfakcj\u0105 zbli\u017camy si\u0119 do fina\u0142u naszego projektu eTwinning, realizowanego r\u00f3wnolegle z &nbsp;Erasmus+ \u201eThe Power of AR and VR.\u201d&nbsp;<\/p>\n\n\n\n<p>Wsp\u00f3lnie z mi\u0119dzynarodowymi zespo\u0142ami uczni\u00f3w podj\u0119li\u015bmy wyzwanie zrozumienia i wykorzystania transformacji cyfrowej w czasach dynamicznych zmian i globalnych kryzys\u00f3w. Dzi\u0119ki wykorzystaniu technologii rozszerzonej (AR) i wirtualnej rzeczywisto\u015bci (VR), edukacja przesta\u0142a by\u0107 ograniczona do ekran\u00f3w \u2014 sta\u0142a si\u0119 do\u015bwiadczeniem, kt\u00f3re anga\u017cuje, inspiruje i rozwija kompetencje przysz\u0142o\u015bci.<\/p>\n\n\n\n<p>Uczestnicy projektu nie tylko zdobywali wiedz\u0119, ale przede wszystkim rozwijali praktyczne umiej\u0119tno\u015bci i postawy, kt\u00f3re b\u0119d\u0105 kluczowe w ich dalszej edukacji i \u017cyciu zawodowym:<br>\u2705 \u015bwiadome i odpowiedzialne podej\u015bcie do zr\u00f3wnowa\u017conego rozwoju cyfrowego<br>\u2705 umiej\u0119tno\u015b\u0107 komunikacji i wsp\u00f3\u0142pracy w \u015brodowisku wieloj\u0119zycznym<br>\u2705 zaawansowane kompetencje technologiczne i cyfrowe<\/p>\n\n\n\n<p>Projekt pokaza\u0142, \u017ce nowoczesna edukacja to co\u015b wi\u0119cej ni\u017c przekazywanie informacji \u2014 to tworzenie przestrzeni do eksperymentowania, wsp\u00f3\u0142pracy i kreatywnego my\u015blenia.<\/p>\n\n\n\n<p>Nie tylko uczymy z wykorzystaniem technologii \u2014 wsp\u00f3lnie z uczniami odkrywamy jej potencja\u0142 i przygotowujemy ich do roli \u015bwiadomych, odpowiedzialnych i innowacyjnych lider\u00f3w przysz\u0142o\u015bci.<\/p>\n\n\n\n<p>To dopiero pocz\u0105tek&nbsp;<\/p>\n\n\n\n<p><a href=\"https:\/\/share.google\/J7xyYWft9QH0pzX2I\">https:\/\/share.google\/J7xyYWft9QH0pzX2I<\/a><\/p>\n<\/div>\n<\/div>\n\n\n\n<h2 class=\"wp-block-heading wp-embed-aspect-16-9 wp-has-aspect-ratio has-text-color has-link-color wp-elements-a7f138dcbf999dece4b8ad1f77728507\" style=\"color:#07580b\">28.03.2026<\/h2>\n\n\n\n<p class=\"wp-embed-aspect-16-9 wp-has-aspect-ratio has-primary-color has-text-color has-link-color wp-elements-2a205e895f9c144ba2cdd581c497b628\">Mi\u0119dzypokoleniowe spotkania w ramach projektu Erasmus+ \u201eThe Power of AR and VR\u201d<\/p>\n\n\n\n<div class=\"wp-block-columns wp-embed-aspect-16-9 wp-has-aspect-ratio is-layout-flex wp-container-core-columns-is-layout-28f84493 wp-block-columns-is-layout-flex\">\n<div class=\"wp-block-column is-layout-constrained wp-block-column-is-layout-constrained\" style=\"flex-basis:30%\">\n<figure class=\"wp-block-image size-full is-resized\"><img loading=\"lazy\" decoding=\"async\" width=\"450\" height=\"210\" src=\"https:\/\/szkola.2lo.pl\/wp-content\/uploads\/2026\/04\/po13.webp\" alt=\"\" class=\"wp-image-6618\" style=\"width:258px;height:auto\" srcset=\"https:\/\/szkola.2lo.pl\/wp-content\/uploads\/2026\/04\/po13.webp 450w, https:\/\/szkola.2lo.pl\/wp-content\/uploads\/2026\/04\/po13-300x140.webp 300w\" sizes=\"auto, (max-width: 450px) 100vw, 450px\" \/><\/figure>\n<\/div>\n\n\n\n<div class=\"wp-block-column is-layout-flow wp-block-column-is-layout-flow\" style=\"flex-basis:66.66%\">\n<p>Podczas mi\u0119dzypokoleniowego spotkania w ramach projektu Erasmus+ \u201eThe Power of AR and VR\u201d odby\u0142y si\u0119 wyj\u0105tkowe warsztaty \u0142\u0105cz\u0105ce m\u0142odzie\u017c szkoln\u0105 i senior\u00f3w. Uczestnicy mieli okazj\u0119 wsp\u00f3lnie sp\u0119dzi\u0107 czas, dzieli\u0107 si\u0119 do\u015bwiadczeniem oraz rozwija\u0107 kreatywno\u015b\u0107.<\/p>\n\n\n\n<p>Jednym z g\u0142\u00f3wnych punkt\u00f3w programu by\u0142o wsp\u00f3lne malowanie bazyliki, kt\u00f3re sta\u0142o si\u0119 symbolem wsp\u00f3\u0142pracy i dialogu mi\u0119dzy pokoleniami. Spotkanie przebieg\u0142o w ciep\u0142ej, przyjaznej atmosferze, sprzyjaj\u0105cej integracji i wzajemnemu poznaniu.<\/p>\n\n\n\n<p>Takie inicjatywy pokazuj\u0105, jak wa\u017cne jest budowanie relacji mi\u0119dzypokoleniowych oraz jak wiele mo\u017cemy si\u0119 od siebie nauczy\u0107 \u2014 niezale\u017cnie od wieku.<\/p>\n\n\n\n<p>Opiekun M. Rogo\u017ca<\/p>\n<\/div>\n<\/div>\n\n\n\n<h2 class=\"wp-block-heading wp-embed-aspect-16-9 wp-has-aspect-ratio has-text-color has-link-color wp-elements-47bbff408ac8f10c6bafe6b8e03a37e9\" style=\"color:#07580b\">9.03.2026<\/h2>\n\n\n\n<p class=\"wp-embed-aspect-16-9 wp-has-aspect-ratio has-primary-color has-text-color has-link-color wp-elements-a892cd845010dae5585c30ee07fc8b68\"> Erasmus+ \u201eThe Power of AR and VR\u201d<\/p>\n\n\n\n<div class=\"wp-block-columns wp-embed-aspect-16-9 wp-has-aspect-ratio is-layout-flex wp-container-core-columns-is-layout-28f84493 wp-block-columns-is-layout-flex\">\n<div class=\"wp-block-column is-layout-constrained wp-block-column-is-layout-constrained\" style=\"flex-basis:30%\">\n<figure class=\"wp-block-image size-full is-resized\"><img loading=\"lazy\" decoding=\"async\" width=\"450\" height=\"329\" src=\"https:\/\/szkola.2lo.pl\/wp-content\/uploads\/2026\/04\/po14.webp\" alt=\"\" class=\"wp-image-6622\" style=\"width:258px;height:auto\" srcset=\"https:\/\/szkola.2lo.pl\/wp-content\/uploads\/2026\/04\/po14.webp 450w, https:\/\/szkola.2lo.pl\/wp-content\/uploads\/2026\/04\/po14-300x219.webp 300w\" sizes=\"auto, (max-width: 450px) 100vw, 450px\" \/><\/figure>\n<\/div>\n\n\n\n<div class=\"wp-block-column is-layout-flow wp-block-column-is-layout-flow\" style=\"flex-basis:66.66%\">\n<p>Dzisiaj nasz\u0105 szko\u0142\u0119 odwiedzili uczniowie z&nbsp;<strong>Morskiej Krainy<\/strong>, kt\u00f3rzy mieli okazj\u0119 bli\u017cej pozna\u0107 nasze najnowsze projekty edukacyjne w technologii&nbsp;<strong>3D<\/strong>&nbsp;oraz dowiedzie\u0107 si\u0119, na czym polega projekt&nbsp;<strong>Erasmus+ \u201eThe Power of AR and VR\u201d<\/strong>. \ud83d\ude03\ud83d\ude03<\/p>\n\n\n\n<p>Podczas wizyty uczniowie mogli zobaczy\u0107, jak wykorzystujemy technologie&nbsp;<strong>rozszerzonej (AR) i wirtualnej rzeczywisto\u015bci (VR)<\/strong>&nbsp;w nauce, odkrywaj\u0105c interaktywne modele i symulacje, kt\u00f3re u\u0142atwiaj\u0105 zrozumienie trudnych zagadnie\u0144 i dodaj\u0105 lekcjom nowego, anga\u017cuj\u0105cego wymiaru.<\/p>\n\n\n\n<p>Spotkanie by\u0142o tak\u017ce okazj\u0105 do wymiany do\u015bwiadcze\u0144, rozm\u00f3w o innowacyjnych metodach nauczania oraz inspiracji do dalszego rozwijania zainteresowa\u0144 nauk\u0105 i nowymi technologiami. Ca\u0142e wydarzenie przebieg\u0142o w przyjaznej i radosnej atmosferze, a uczniowie wyrazili du\u017ce zainteresowanie prezentowanymi projektami.<\/p>\n\n\n\n<p>By\u0142o to bardzo mi\u0142e i inspiruj\u0105ce spotkanie, kt\u00f3re z pewno\u015bci\u0105 pozostawi\u0142o wiele pozytywnych wra\u017ce\u0144 zar\u00f3wno w\u015br\u00f3d naszych go\u015bci, jak i nauczycieli prowadz\u0105cych prezentacje.<\/p>\n<\/div>\n<\/div>\n\n\n\n<h2 class=\"wp-block-heading wp-embed-aspect-16-9 wp-has-aspect-ratio has-text-color has-link-color wp-elements-292def3f13aebcd8379a9d728517d25b\" style=\"color:#07580b\">7.03.2026<\/h2>\n\n\n\n<p class=\"wp-embed-aspect-16-9 wp-has-aspect-ratio has-primary-color has-text-color has-link-color wp-elements-f4193e29a3b674e83050cb6296de1c9f\">XVII Konferencji \u201eLepsza Edukacja\u201d i  Erasmus+ The Power of AR and VR<\/p>\n\n\n\n<div class=\"wp-block-columns wp-embed-aspect-16-9 wp-has-aspect-ratio is-layout-flex wp-container-core-columns-is-layout-28f84493 wp-block-columns-is-layout-flex\">\n<div class=\"wp-block-column is-layout-constrained wp-block-column-is-layout-constrained\" style=\"flex-basis:30%\">\n<figure class=\"wp-block-image size-full is-resized\"><img loading=\"lazy\" decoding=\"async\" width=\"450\" height=\"239\" src=\"https:\/\/szkola.2lo.pl\/wp-content\/uploads\/2026\/04\/po15.webp\" alt=\"\" class=\"wp-image-6624\" style=\"width:258px;height:auto\" srcset=\"https:\/\/szkola.2lo.pl\/wp-content\/uploads\/2026\/04\/po15.webp 450w, https:\/\/szkola.2lo.pl\/wp-content\/uploads\/2026\/04\/po15-300x159.webp 300w\" sizes=\"auto, (max-width: 450px) 100vw, 450px\" \/><\/figure>\n<\/div>\n\n\n\n<div class=\"wp-block-column is-layout-flow wp-block-column-is-layout-flow\" style=\"flex-basis:66.66%\">\n<p>Podczas XVII Konferencji \u201eLepsza Edukacja\u201d, kt\u00f3ra odby\u0142a si\u0119 w dniach 6\u20137 marca 2026 roku we Wrze\u015bni, zaprezentowano rezultaty oraz dobre praktyki z realizacji projektu Erasmus+ The Power of AR and VR. &nbsp;Prelegentami byli A. Emerle oraz J. Kawa\u0142ek.<\/p>\n\n\n\n<p>W ramach konferencji odby\u0142y si\u0119 r\u00f3wnie\u017c warsztaty tematyczne. A. Emerle poprowadzi\u0142a zaj\u0119cia pt. \u201eOd papieru do rozszerzonej rzeczywisto\u015bci: praktyczne wykorzystanie AR Books w szkole\u201d, podczas kt\u00f3rych om\u00f3wi\u0142a zastosowanie ksi\u0105\u017cek AR &#8211; wydawnictwa AR Books LibrARy, oraz sposoby ich wykorzystania w pracy dydaktycznej.<\/p>\n\n\n\n<p>Z kolei J. Kawa\u0142ek przeprowadzi\u0142 warsztat \u201eJak zrobi\u0107 neon przy pomocy drukarki 3D i ta\u015bmy LED\u201d, w trakcie kt\u00f3rego uczestnicy poznali proces tworzenia prostych instalacji \u015bwietlnych oraz mo\u017cliwo\u015bci wykorzystania nowoczesnych technologii w edukacji.<\/p>\n<\/div>\n<\/div>\n\n\n\n<h2 class=\"wp-block-heading wp-embed-aspect-16-9 wp-has-aspect-ratio has-text-color has-link-color wp-elements-8beb6cfca957142fb2ec6a9863d7609b\" style=\"color:#07580b\">6.03.2026<\/h2>\n\n\n\n<p class=\"wp-embed-aspect-16-9 wp-has-aspect-ratio has-primary-color has-text-color has-link-color wp-elements-d74eb04e8478afbfa1a91478eb9286dd\">XVII edycji konferencji \u201eEdukacja bez granic \u2013 AI i  Erasmus+ The Power of AR and VR <\/p>\n\n\n\n<div class=\"wp-block-columns wp-embed-aspect-16-9 wp-has-aspect-ratio is-layout-flex wp-container-core-columns-is-layout-28f84493 wp-block-columns-is-layout-flex\">\n<div class=\"wp-block-column is-layout-constrained wp-block-column-is-layout-constrained\" style=\"flex-basis:30%\">\n<figure class=\"wp-block-image size-full is-resized\"><img loading=\"lazy\" decoding=\"async\" width=\"450\" height=\"279\" src=\"https:\/\/szkola.2lo.pl\/wp-content\/uploads\/2026\/04\/po16.webp\" alt=\"\" class=\"wp-image-6626\" style=\"width:258px;height:auto\" srcset=\"https:\/\/szkola.2lo.pl\/wp-content\/uploads\/2026\/04\/po16.webp 450w, https:\/\/szkola.2lo.pl\/wp-content\/uploads\/2026\/04\/po16-300x186.webp 300w\" sizes=\"auto, (max-width: 450px) 100vw, 450px\" \/><\/figure>\n<\/div>\n\n\n\n<div class=\"wp-block-column is-layout-flow wp-block-column-is-layout-flow\" style=\"flex-basis:66.66%\">\n<p>Nauczyciele Jacek Kawa\u0142ek oraz Agnieszka Emerle bior\u0105 dzi\u015b udzia\u0142 &nbsp;w XVII edycji konferencji \u201eEdukacja bez granic \u2013 AI, Projekty, Relacje\u201d we Wrze\u015bni.<\/p>\n\n\n\n<p>Wydarzenie po\u015bwi\u0119cone jest przysz\u0142o\u015bci szko\u0142y w dobie rewolucji cyfrowej i dynamicznego rozwoju sztucznej inteligencji. Podczas konferencji uczestnicy rozmawiaj\u0105 m.in. o wykorzystaniu AI w edukacji, roli projekt\u00f3w i wsp\u00f3\u0142pracy w nauczaniu oraz o budowaniu relacji w nowoczesnej szkole. Wydarzenie po\u015bwi\u0119cone jest nowoczesnym metodom nauczania, rozwojowi kompetencji nauczycieli oraz wymianie do\u015bwiadcze\u0144 mi\u0119dzy plac\u00f3wkami edukacyjnymi. Udzia\u0142 w konferencji stanowi wa\u017cny element doskonalenia zawodowego i pozwala na zdobycie nowych inspiracji do pracy dydaktycznej oraz wychowawczej.<\/p>\n<\/div>\n<\/div>\n\n\n\n<h2 class=\"wp-block-heading wp-embed-aspect-16-9 wp-has-aspect-ratio has-text-color has-link-color wp-elements-10c1a84f1b71ec59ec6d7acf73ee55e7\" style=\"color:#07580b\">27.02.2026<\/h2>\n\n\n\n<p class=\"wp-embed-aspect-16-9 wp-has-aspect-ratio has-primary-color has-text-color has-link-color wp-elements-c10f4065943fcc3933dbd9188d0572cd\">We are proud of you, Jacku&nbsp;\ud83d\ude42 <\/p>\n\n\n\n<div class=\"wp-block-columns wp-embed-aspect-16-9 wp-has-aspect-ratio is-layout-flex wp-container-core-columns-is-layout-28f84493 wp-block-columns-is-layout-flex\">\n<div class=\"wp-block-column is-layout-constrained wp-block-column-is-layout-constrained\" style=\"flex-basis:30%\">\n<figure class=\"wp-block-image size-full is-resized\"><img loading=\"lazy\" decoding=\"async\" width=\"450\" height=\"239\" src=\"https:\/\/szkola.2lo.pl\/wp-content\/uploads\/2026\/03\/Zrzut-ekranu-2026-02-28-125824.webp\" alt=\"\" class=\"wp-image-6554\" style=\"width:258px;height:auto\" srcset=\"https:\/\/szkola.2lo.pl\/wp-content\/uploads\/2026\/03\/Zrzut-ekranu-2026-02-28-125824.webp 450w, https:\/\/szkola.2lo.pl\/wp-content\/uploads\/2026\/03\/Zrzut-ekranu-2026-02-28-125824-300x159.webp 300w\" sizes=\"auto, (max-width: 450px) 100vw, 450px\" \/><\/figure>\n<\/div>\n\n\n\n<div class=\"wp-block-column is-layout-flow wp-block-column-is-layout-flow\" style=\"flex-basis:66.66%\">\n<p>Jacek Kawa\u0142ek znalaz\u0142 si\u0119 na li\u015bcie&nbsp;<strong>100 os\u00f3b w Polsce, kt\u00f3re w znacz\u0105cy spos\u00f3b rozwijaj\u0105 umiej\u0119tno\u015bci cyfrowe<\/strong>. To wyr\u00f3\u017cnienie jest szczeg\u00f3lnie cenne w \u015bwietle opinii jego kolegi,&nbsp;<strong>Jacka \u015acimbora<\/strong>, uznanego autorytetu w edukacji, kt\u00f3rego s\u0142owa dodatkowo motywuj\u0105 Kawalka do dalszej pracy.<\/p>\n\n\n\n<p>Jacek Kawalek dzi\u0119kuje wszystkim, kt\u00f3rzy wspierali jego kandydatur\u0119, a w szczeg\u00f3lno\u015bci&nbsp;<strong>Beacie Chojnowskiej-G\u0105siorek<\/strong>&nbsp;z&nbsp;<strong>Centrum Edukacji Nauczycieli w Gdyni<\/strong>&nbsp;za nieocenion\u0105 pomoc i wsparcie.<\/p>\n<\/div>\n<\/div>\n\n\n\n<h2 class=\"wp-block-heading wp-embed-aspect-16-9 wp-has-aspect-ratio has-text-color has-link-color wp-elements-e6d53a41326d9063922bed7457b88a2d\" style=\"color:#07580b\">26.02.2026<\/h2>\n\n\n\n<p class=\"wp-embed-aspect-16-9 wp-has-aspect-ratio has-primary-color has-text-color has-link-color wp-elements-2116aa6d3210014a59f1af17a39cca46\">Projekt \u201eThe Power of AR and VR\u201d <\/p>\n\n\n\n<div class=\"wp-block-columns wp-embed-aspect-16-9 wp-has-aspect-ratio is-layout-flex wp-container-core-columns-is-layout-28f84493 wp-block-columns-is-layout-flex\">\n<div class=\"wp-block-column is-layout-constrained wp-block-column-is-layout-constrained\" style=\"flex-basis:30%\">\n<figure class=\"wp-block-image size-full is-resized\"><img loading=\"lazy\" decoding=\"async\" width=\"450\" height=\"244\" src=\"https:\/\/szkola.2lo.pl\/wp-content\/uploads\/2026\/03\/Zrzut-ekranu-2026-02-28-125622.webp\" alt=\"\" class=\"wp-image-6553\" style=\"width:258px;height:auto\" srcset=\"https:\/\/szkola.2lo.pl\/wp-content\/uploads\/2026\/03\/Zrzut-ekranu-2026-02-28-125622.webp 450w, https:\/\/szkola.2lo.pl\/wp-content\/uploads\/2026\/03\/Zrzut-ekranu-2026-02-28-125622-300x163.webp 300w\" sizes=\"auto, (max-width: 450px) 100vw, 450px\" \/><\/figure>\n<\/div>\n\n\n\n<div class=\"wp-block-column is-layout-flow wp-block-column-is-layout-flow\" style=\"flex-basis:66.66%\">\n<p>Na stronie projektu&nbsp;<strong>The Power of AR and VR<\/strong>&nbsp;udost\u0119pnili\u015bmy r\u00f3\u017cnorodne materia\u0142y edukacyjne, kt\u00f3re powsta\u0142y w ramach realizacji dzia\u0142a\u0144 projektowych. Znajd\u0105 tu Pa\u0144stwo m.in. poradniki, e-learning pills, wideo demonstracyjne, przyk\u0142ady \u0107wicze\u0144 w wirtualnej i rozszerzonej rzeczywisto\u015bci oraz scenariusze lekcji gotowe do wykorzystania w klasie. Materia\u0142y zosta\u0142y przygotowane z my\u015bl\u0105 o nauczycielach i uczniach, aby wspiera\u0107 nauk\u0119 przedmiot\u00f3w STEM oraz rozwija\u0107 umiej\u0119tno\u015bci cyfrowe w nowoczesnym, interaktywnym \u015brodowisku edukacyjnym.<\/p>\n\n\n\n<p>Zapraszamy do zapoznania si\u0119 z nimi, korzystania w codziennej pracy dydaktycznej oraz do adaptacji zgodnie z potrzebami w\u0142asnej szko\u0142y czy klasy. Ich celem jest nie tylko przekazanie wiedzy, ale tak\u017ce inspirowanie kreatywno\u015bci, wsp\u00f3\u0142pracy w zespole i wykorzystania technologii VR\/AR do aktywizuj\u0105cej nauki.<\/p>\n\n\n\n<p><a href=\"https:\/\/www.youtube.com\/watch?v=RWsWeUPlYMM\" target=\"_blank\" rel=\"noreferrer noopener\">02_Erasmus-THE POWER OF AR AND VR-Educational materials on the project website<\/a><a href=\"https:\/\/www.youtube.com\/watch?v=BGJ9GvNfHcA\" target=\"_blank\" rel=\"noreferrer noopener\">l<\/a><\/p>\n<\/div>\n<\/div>\n\n\n\n<h2 class=\"wp-block-heading wp-embed-aspect-16-9 wp-has-aspect-ratio has-text-color has-link-color wp-elements-aed9a0f113eba8f7ad221e944692fa91\" style=\"color:#07580b\">20.02.2026<\/h2>\n\n\n\n<p class=\"wp-embed-aspect-16-9 wp-has-aspect-ratio has-primary-color has-text-color has-link-color wp-elements-2116aa6d3210014a59f1af17a39cca46\">Projekt \u201eThe Power of AR and VR\u201d <\/p>\n\n\n\n<div class=\"wp-block-columns wp-embed-aspect-16-9 wp-has-aspect-ratio is-layout-flex wp-container-core-columns-is-layout-28f84493 wp-block-columns-is-layout-flex\">\n<div class=\"wp-block-column is-layout-constrained wp-block-column-is-layout-constrained\" style=\"flex-basis:30%\">\n<figure class=\"wp-block-image size-full is-resized\"><img loading=\"lazy\" decoding=\"async\" width=\"450\" height=\"247\" src=\"https:\/\/szkola.2lo.pl\/wp-content\/uploads\/2026\/03\/Zrzut-ekranu-2026-02-28-125007.webp\" alt=\"\" class=\"wp-image-6551\" style=\"width:258px;height:auto\" srcset=\"https:\/\/szkola.2lo.pl\/wp-content\/uploads\/2026\/03\/Zrzut-ekranu-2026-02-28-125007.webp 450w, https:\/\/szkola.2lo.pl\/wp-content\/uploads\/2026\/03\/Zrzut-ekranu-2026-02-28-125007-300x165.webp 300w\" sizes=\"auto, (max-width: 450px) 100vw, 450px\" \/><\/figure>\n<\/div>\n\n\n\n<div class=\"wp-block-column is-layout-flow wp-block-column-is-layout-flow\" style=\"flex-basis:66.66%\">\n<p>Pierwszy z kr\u00f3tkich filmik\u00f3w zapraszaj\u0105cy do poznania materia\u0142\u00f3w edukacyjnych, kt\u00f3re powsta\u0142y w ramach projektu Erasmus +&nbsp;<a href=\"https:\/\/www.facebook.com\/profile.php?id=61567387757062&amp;__cft__[0]=AZbPFjtzQjWlfzK01bNIge23Z6PvQ9m2pzs6tYgVShcJI6B-Iyw3UfVMmWvY7GZ39pisQCT3tpKWV__yxer4r3xAalkvyIJ-A9ZBZOCw1tSrkSGKF_jHLJFDhh2BTFCs8UMwsQcg4sdACENMCrpCdkSMlElZrPXGMk7TyX0hgYqNRw&amp;__tn__=-]K-R\" target=\"_blank\" rel=\"noreferrer noopener\">The Power of AR and VR<\/a>. Troch\u0119 pomog\u0142a mi sztuczna inteligencja. Jacek Kawa\u0142ek<\/p>\n\n\n\n<p><a href=\"https:\/\/www.youtube.com\/watch?v=BGJ9GvNfHcA\" target=\"_blank\" rel=\"noreferrer noopener\">01_Erasmus-THE POWER OF AR AND VR-Why Educational 3D Models Matter and Why Blender Is a Great Tool<\/a><\/p>\n<\/div>\n<\/div>\n\n\n\n<h2 class=\"wp-block-heading wp-embed-aspect-16-9 wp-has-aspect-ratio has-text-color has-link-color wp-elements-a01184409eba6b904725ff74f8a8323a\" style=\"color:#07580b\">10.02.2026<\/h2>\n\n\n\n<p class=\"wp-embed-aspect-16-9 wp-has-aspect-ratio has-primary-color has-text-color has-link-color wp-elements-559b45de1b447ac7a2db7d9845585376\">Projekt \u201eThe Power of AR and VR\u201d w mediach \u263a\ufe0f\ud83d\udc4c<\/p>\n\n\n\n<div class=\"wp-block-columns wp-embed-aspect-16-9 wp-has-aspect-ratio is-layout-flex wp-container-core-columns-is-layout-28f84493 wp-block-columns-is-layout-flex\">\n<div class=\"wp-block-column is-layout-constrained wp-block-column-is-layout-constrained\" style=\"flex-basis:30%\">\n<figure class=\"wp-block-image size-full is-resized\"><img loading=\"lazy\" decoding=\"async\" width=\"450\" height=\"594\" src=\"https:\/\/szkola.2lo.pl\/wp-content\/uploads\/2026\/03\/Zrzut-ekranu-2026-02-28-124713.webp\" alt=\"\" class=\"wp-image-6549\" style=\"width:258px;height:auto\" srcset=\"https:\/\/szkola.2lo.pl\/wp-content\/uploads\/2026\/03\/Zrzut-ekranu-2026-02-28-124713.webp 450w, https:\/\/szkola.2lo.pl\/wp-content\/uploads\/2026\/03\/Zrzut-ekranu-2026-02-28-124713-227x300.webp 227w\" sizes=\"auto, (max-width: 450px) 100vw, 450px\" \/><\/figure>\n<\/div>\n\n\n\n<div class=\"wp-block-column is-layout-flow wp-block-column-is-layout-flow\" style=\"flex-basis:66.66%\">\n<p>W Portugalii przeprowadzono wywiad na temat projektu \u201eThe Power of AR and VR\u201d z udzia\u0142em Piaget The Power of AR and VR ClassVR by Avantis.<br>Rozmowa dotyczy\u0142a innowacyjnego wykorzystania technologii AR i VR w edukacji, prezentowania wirtualnych do\u015bwiadcze\u0144 w klasie oraz wp\u0142ywu projektu na rozw\u00f3j kompetencji cyfrowych uczni\u00f3w.<br>Wywiad podkre\u015bli\u0142 znaczenie wsp\u00f3\u0142pracy mi\u0119dzynarodowej i nowoczesnych narz\u0119dzi edukacyjnych w kszta\u0142towaniu umiej\u0119tno\u015bci przysz\u0142o\u015bci.<\/p>\n<\/div>\n<\/div>\n\n\n\n<h2 class=\"wp-block-heading wp-embed-aspect-16-9 wp-has-aspect-ratio has-text-color has-link-color wp-elements-373045fa7527da4ea57735996c610bb9\" style=\"color:#07580b\">25.01.2026<\/h2>\n\n\n\n<p class=\"wp-embed-aspect-16-9 wp-has-aspect-ratio has-primary-color has-text-color has-link-color wp-elements-3e6cc6dffd711279fa5444c8aebbf1f3\"><strong><strong>Tegoroczny WO\u015aP<\/strong><\/strong> z \u201eThe Power of AR and VR\u201d<\/p>\n\n\n\n<div class=\"wp-block-columns wp-embed-aspect-16-9 wp-has-aspect-ratio is-layout-flex wp-container-core-columns-is-layout-28f84493 wp-block-columns-is-layout-flex\">\n<div class=\"wp-block-column is-layout-constrained wp-block-column-is-layout-constrained\" style=\"flex-basis:30%\">\n<figure class=\"wp-block-image size-full is-resized\"><img loading=\"lazy\" decoding=\"async\" width=\"450\" height=\"284\" src=\"https:\/\/szkola.2lo.pl\/wp-content\/uploads\/2026\/03\/Zrzut-ekranu-2026-02-28-124622.webp\" alt=\"\" class=\"wp-image-6547\" style=\"width:258px;height:auto\" srcset=\"https:\/\/szkola.2lo.pl\/wp-content\/uploads\/2026\/03\/Zrzut-ekranu-2026-02-28-124622.webp 450w, https:\/\/szkola.2lo.pl\/wp-content\/uploads\/2026\/03\/Zrzut-ekranu-2026-02-28-124622-300x189.webp 300w\" sizes=\"auto, (max-width: 450px) 100vw, 450px\" \/><\/figure>\n<\/div>\n\n\n\n<div class=\"wp-block-column is-layout-flow wp-block-column-is-layout-flow\" style=\"flex-basis:66.66%\">\n<p>Tegoroczny WO\u015aP by\u0142 \u015bwietn\u0105 okazj\u0105 do pokazania naszego projektu&nbsp;<a href=\"https:\/\/www.facebook.com\/profile.php?id=61567387757062&amp;__cft__[0]=AZYr2c-iFSo8KwWK1a8i3XswaR6qWzrOJisYgSpAKmT4iWP9hatOOLSeTuTosE_gecFa-JMoKWsIY3t6w9xGTuL0cP7XP-EnICqD6bUlKf5Q5b5NaCA1kOiRNhlXxDKrkal6lQvp4zup68JRkFiKS81w5ijeSQcReZq-UisW8hB6vg&amp;__tn__=-]K-R\" target=\"_blank\" rel=\"noreferrer noopener\">The Power of AR and VR<\/a>. W ci\u0105gu jednego dnia prezentowa\u0142em wyniki naszej pracy w Hali Millenium w Ko\u0142obrzegu i w Gminnym Centrum Sportu i Rekreacji w D\u017awirzynie.<\/p>\n<\/div>\n<\/div>\n\n\n\n<h2 class=\"wp-block-heading wp-embed-aspect-16-9 wp-has-aspect-ratio has-text-color has-link-color wp-elements-8eca110f3cb006d9622259694c7d7fea\" style=\"color:#07580b\">14.01.2026<\/h2>\n\n\n\n<p class=\"wp-embed-aspect-16-9 wp-has-aspect-ratio has-primary-color has-text-color has-link-color wp-elements-1374fedc85987c2c65ab2aae6f77ae83\"><strong><strong>Spotkanie koordynacyjne WP4 przeprowadzone online!<\/strong><\/strong><\/p>\n\n\n\n<div class=\"wp-block-columns wp-embed-aspect-16-9 wp-has-aspect-ratio is-layout-flex wp-container-core-columns-is-layout-28f84493 wp-block-columns-is-layout-flex\">\n<div class=\"wp-block-column is-layout-constrained wp-block-column-is-layout-constrained\" style=\"flex-basis:30%\">\n<figure class=\"wp-block-image size-full is-resized\"><img loading=\"lazy\" decoding=\"async\" width=\"450\" height=\"277\" src=\"https:\/\/szkola.2lo.pl\/wp-content\/uploads\/2026\/03\/Zrzut-ekranu-2026-02-28-124359.webp\" alt=\"\" class=\"wp-image-6545\" style=\"width:258px;height:auto\" srcset=\"https:\/\/szkola.2lo.pl\/wp-content\/uploads\/2026\/03\/Zrzut-ekranu-2026-02-28-124359.webp 450w, https:\/\/szkola.2lo.pl\/wp-content\/uploads\/2026\/03\/Zrzut-ekranu-2026-02-28-124359-300x185.webp 300w\" sizes=\"auto, (max-width: 450px) 100vw, 450px\" \/><\/figure>\n<\/div>\n\n\n\n<div class=\"wp-block-column is-layout-flow wp-block-column-is-layout-flow\" style=\"flex-basis:66.66%\">\n<p>13 stycznia 2026 r. partnerzy projektu \u201eThe Power of AR and VR\u201d spotkali si\u0119 online, aby zaplanowa\u0107 kolejne kroki w ramach WP4 oraz om\u00f3wi\u0107 rozw\u00f3j IO3.<br>Partnerzy uzgodnili struktur\u0119 i harmonogram tworzenia e-learningowych epills, wzmocnili wsp\u00f3\u0142prac\u0119 oraz potwierdzili wsp\u00f3lne procedury dotycz\u0105ce tworzenia tre\u015bci i zapewnienia jako\u015bci.<br>Spotkanie zapewni\u0142o siln\u0105 sp\u00f3jno\u015b\u0107 dzia\u0142a\u0144 i p\u0142ynn\u0105 wsp\u00f3\u0142prac\u0119 w kolejnych etapach.<br>\u015awietna praca zespo\u0142owa i ekscytuj\u0105ce post\u0119py przed nami! <\/p>\n<\/div>\n<\/div>\n\n\n\n<h2 class=\"wp-block-heading wp-embed-aspect-16-9 wp-has-aspect-ratio has-text-color has-link-color wp-elements-da02acb827da15e9bd01d7cffc7d12e2\" style=\"color:#07580b\">15.12.2025<\/h2>\n\n\n\n<p class=\"wp-embed-aspect-16-9 wp-has-aspect-ratio has-primary-color has-text-color has-link-color wp-elements-1ec534dd3050a88d78113596257dfa92\"><strong><strong>Pilota\u017c naszego IO2 w ramach projektu Erasmus+&nbsp; THE POWER OF AR AND VR w Polsce \ud83c\uddf5\ud83c\uddf1<\/strong><\/strong><\/p>\n\n\n\n<div class=\"wp-block-columns wp-embed-aspect-16-9 wp-has-aspect-ratio is-layout-flex wp-container-core-columns-is-layout-28f84493 wp-block-columns-is-layout-flex\">\n<div class=\"wp-block-column is-layout-constrained wp-block-column-is-layout-constrained\" style=\"flex-basis:30%\">\n<figure class=\"wp-block-image size-full is-resized\"><img loading=\"lazy\" decoding=\"async\" width=\"450\" height=\"338\" src=\"https:\/\/szkola.2lo.pl\/wp-content\/uploads\/2025\/12\/pilotazIO2.webp\" alt=\"va_pilotaz\" class=\"wp-image-6511\" style=\"width:258px;height:auto\" srcset=\"https:\/\/szkola.2lo.pl\/wp-content\/uploads\/2025\/12\/pilotazIO2.webp 450w, https:\/\/szkola.2lo.pl\/wp-content\/uploads\/2025\/12\/pilotazIO2-300x225.webp 300w\" sizes=\"auto, (max-width: 450px) 100vw, 450px\" \/><\/figure>\n<\/div>\n\n\n\n<div class=\"wp-block-column is-layout-flow wp-block-column-is-layout-flow\" style=\"flex-basis:66.66%\">\n<p>W tym tygodniu uczniowie wraz z nauczycielami z Zespo\u0142u Szk\u00f3\u0142 Ekonomiczno-Hotelarskich im. Emilii Gierczak oraz uczniowie klasy 2T z Zespo\u0142u Szk\u00f3\u0142 nr 1 im. Henryka Sienkiewicza w Ko\u0142obrzegu rozpocz\u0119li kolejne etapy pracy w ramach pilota\u017cu IO2. Uczestnicy poznawali podstawy rozszerzonej (AR) i wirtualnej rzeczywisto\u015bci (VR), ucz\u0105c si\u0119 poprzez dynamiczne, anga\u017cuj\u0105ce i interaktywne do\u015bwiadczenia AR\/VR \u2013 dok\u0142adnie tak, jak wida\u0107 na zdj\u0119ciach.<\/p>\n\n\n\n<p>Podczas szkolenia uczestnicy:<\/p>\n\n\n\n<ul class=\"wp-block-list\">\n<li>brali udzia\u0142 w zaj\u0119ciach integracyjnych, sprzyjaj\u0105cych wsp\u00f3\u0142pracy i budowaniu zespo\u0142u<\/li>\n\n\n\n<li>zapoznali si\u0119 z celami oraz harmonogramem mobilno\u015bci LTT<\/li>\n\n\n\n<li>poznali podstawy technologii AR i VR oraz ich praktyczne zastosowania<\/li>\n\n\n\n<li>odkrywali, w jaki spos\u00f3b AR\/VR mo\u017cna efektywnie integrowa\u0107 z r\u00f3\u017cnymi przedmiotami szkolnymi<\/li>\n\n\n\n<li>rozpocz\u0119li tworzenie w\u0142asnych, autorskich tre\u015bci AR\/VR<\/li>\n<\/ul>\n\n\n\n<p>Atmosfera by\u0142a pe\u0142na energii, a entuzjazm i motywacja uczestnik\u00f3w naprawd\u0119 imponuj\u0105ce!&nbsp; Pyszne s\u0142odko\u015bci i kaw\u0119 zapewni\u0142a nam firma TEMPO Paulina Duda\u0142a<\/p>\n\n\n\n<p>Na zako\u0144czenie szkolenia odby\u0142o si\u0119 wype\u0142nienie ankiet ewaluacyjnych oraz wsp\u00f3lne podsumowanie zdobytych do\u015bwiadcze\u0144 i pierwszych efekt\u00f3w pilota\u017cu. Ca\u0142o\u015b\u0107 zwie\u0144czy\u0142o wr\u0119czenie certyfikat\u00f3w uczestnictwa.&nbsp;<\/p>\n\n\n\n<p><strong>Nauczyciele prowadz\u0105cy: J. Kawa\u0142ek i G. Semenowicz.<\/strong><\/p>\n<\/div>\n<\/div>\n\n\n\n<h2 class=\"wp-block-heading wp-embed-aspect-16-9 wp-has-aspect-ratio has-text-color has-link-color wp-elements-71b9e5480c32fbd239a515154c998bdb\" style=\"color:#07580b\">08.12.2025<\/h2>\n\n\n\n<p class=\"wp-embed-aspect-16-9 wp-has-aspect-ratio has-primary-color has-text-color has-link-color wp-elements-7374af45a606d25b8b62843254da8da6\"><strong><strong>THE POWER OF AR AND VR w Polsce \ud83c\uddf5\ud83c\uddf1<\/strong><\/strong><\/p>\n\n\n\n<div class=\"wp-block-columns wp-embed-aspect-16-9 wp-has-aspect-ratio is-layout-flex wp-container-core-columns-is-layout-28f84493 wp-block-columns-is-layout-flex\">\n<div class=\"wp-block-column is-layout-constrained wp-block-column-is-layout-constrained\" style=\"flex-basis:30%\">\n<figure class=\"wp-block-image size-full is-resized\"><img loading=\"lazy\" decoding=\"async\" width=\"450\" height=\"251\" src=\"https:\/\/szkola.2lo.pl\/wp-content\/uploads\/2026\/03\/image.webp\" alt=\"\" class=\"wp-image-6542\" style=\"width:258px;height:auto\" srcset=\"https:\/\/szkola.2lo.pl\/wp-content\/uploads\/2026\/03\/image.webp 450w, https:\/\/szkola.2lo.pl\/wp-content\/uploads\/2026\/03\/image-300x167.webp 300w\" sizes=\"auto, (max-width: 450px) 100vw, 450px\" \/><\/figure>\n<\/div>\n\n\n\n<div class=\"wp-block-column is-layout-flow wp-block-column-is-layout-flow\" style=\"flex-basis:66.66%\">\n<p>W ramach projektu \u201eThe Power of AR and VR\u201d powsta\u0142o wideo, w kt\u00f3rym awatar prezentuje LTT w Polsce. Autorem materia\u0142u jest Jacek Kawa\u0142ek.<strong><br><\/strong><a href=\"https:\/\/www.youtube.com\/watch?v=ZPYTOX3ZjsQ\" target=\"_blank\" rel=\"noreferrer noopener\">LTT KOLOBRZEG &#8211; AVATAR &#8211; YouTube<\/a>&nbsp;<\/p>\n<\/div>\n<\/div>\n\n\n\n<h2 class=\"wp-block-heading wp-embed-aspect-16-9 wp-has-aspect-ratio has-text-color has-link-color wp-elements-68e515baa9abacc9a05d4fed513b468a\" style=\"color:#07580b\">03.12.2025<\/h2>\n\n\n\n<p class=\"wp-embed-aspect-16-9 wp-has-aspect-ratio has-primary-color has-text-color has-link-color wp-elements-58004ff702d118a173956eb003c6d726\"><strong><strong>Pilota\u017c projektu w Polsce \u2013 Zesp\u00f3\u0142 Szk\u00f3\u0142 im. Macieja Rataja w Go\u015bcinie<\/strong><\/strong><\/p>\n\n\n\n<div class=\"wp-block-columns wp-embed-aspect-16-9 wp-has-aspect-ratio is-layout-flex wp-container-core-columns-is-layout-28f84493 wp-block-columns-is-layout-flex\">\n<div class=\"wp-block-column is-layout-constrained wp-block-column-is-layout-constrained\" style=\"flex-basis:30%\">\n<figure class=\"wp-block-image size-full is-resized\"><img loading=\"lazy\" decoding=\"async\" width=\"450\" height=\"321\" src=\"https:\/\/szkola.2lo.pl\/wp-content\/uploads\/2025\/12\/goscino.webp\" alt=\"\" class=\"wp-image-6430\" style=\"width:258px;height:auto\" srcset=\"https:\/\/szkola.2lo.pl\/wp-content\/uploads\/2025\/12\/goscino.webp 450w, https:\/\/szkola.2lo.pl\/wp-content\/uploads\/2025\/12\/goscino-300x214.webp 300w\" sizes=\"auto, (max-width: 450px) 100vw, 450px\" \/><\/figure>\n<\/div>\n\n\n\n<div class=\"wp-block-column is-layout-flow wp-block-column-is-layout-flow\" style=\"flex-basis:66.66%\">\n<p>W ramach projektu&nbsp;<strong>KA220 \u201eThe Power of AR and VR: Igniting Passion for Learning Through Innovative Technologies\u201d<\/strong><br><strong>(2024-1-PL01-KA220-VET-000243150)<\/strong>&nbsp;pilota\u017c zosta\u0142 przeprowadzony w&nbsp;<strong>Zespole Szk\u00f3\u0142 im. Rataja w Go\u015bcinie<\/strong>.<\/p>\n\n\n\n<p>Podczas pilota\u017cu:<\/p>\n\n\n\n<p>brali udzia\u0142 w \u0107wiczeniach praktycznych, wizualizacjach 3D i zadaniach mi\u0119dzy przedmiotowych, testuj\u0105c dzia\u0142ania immersyjnych narz\u0119dzi, <br><strong>Na zako\u0144czenie pilota\u017cu uczniowie&nbsp;wype\u0142nili ankiet\u0119 ewaluacyjn\u0105<\/strong>, oceniaj\u0105c jako\u015b\u0107 szkolenia, intuicyjno\u015b\u0107 narz\u0119dzi AR\/VR, poziom zaanga\u017cowania oraz mo\u017cliwo\u015bci wykorzystania technologii w edukacji. Wyniki ankiet pos\u0142u\u017c\u0105 do udoskonalenia finalnej wersji zestawu narz\u0119dzi oraz rekomendacji wdro\u017ceniowych.<\/p>\n\n\n\n<p>21 uczni\u00f3w szko\u0142y uczestniczy\u0142o w dedykowanym&nbsp;<strong>szkoleniu z wykorzystania technologii AR i VR<\/strong>,<\/p>\n\n\n\n<p>zapoznali si\u0119 z aplikacjami, scenariuszami zaj\u0119\u0107 oraz materia\u0142ami opracowanymi w ramach IO2 \u2013 AR and VR Toolkit,<\/p>\n\n\n\n<p><a href=\"https:\/\/youtu.be\/WlnunQ7vQHo?si=OoU5E21T9_2k9qw3\">https:\/\/youtu.be\/WlnunQ7vQHo?si=OoU5E21T9_2k9qw3<\/a><\/p>\n<\/div>\n<\/div>\n\n\n\n<h2 class=\"wp-block-heading wp-embed-aspect-16-9 wp-has-aspect-ratio has-text-color has-link-color wp-elements-945d0247528f534f84eee937e99e22ca\" style=\"color:#07580b\">19.11.2025<\/h2>\n\n\n\n<p class=\"wp-embed-aspect-16-9 wp-has-aspect-ratio has-primary-color has-text-color has-link-color wp-elements-3c590374858a100f07a90e9a6beb38f9\"><strong><strong>Dzie\u0144 3 \u2013 Zako\u0144czenie<\/strong><\/strong><\/p>\n\n\n\n<div class=\"wp-block-columns wp-embed-aspect-16-9 wp-has-aspect-ratio is-layout-flex wp-container-core-columns-is-layout-28f84493 wp-block-columns-is-layout-flex\">\n<div class=\"wp-block-column is-layout-constrained wp-block-column-is-layout-constrained\" style=\"flex-basis:30%\">\n<figure class=\"wp-block-image size-full is-resized\"><img loading=\"lazy\" decoding=\"async\" width=\"450\" height=\"300\" src=\"https:\/\/szkola.2lo.pl\/wp-content\/uploads\/2025\/11\/dz3.webp\" alt=\"\" class=\"wp-image-6391\" style=\"width:258px;height:auto\" srcset=\"https:\/\/szkola.2lo.pl\/wp-content\/uploads\/2025\/11\/dz3.webp 450w, https:\/\/szkola.2lo.pl\/wp-content\/uploads\/2025\/11\/dz3-300x200.webp 300w\" sizes=\"auto, (max-width: 450px) 100vw, 450px\" \/><\/figure>\n<\/div>\n\n\n\n<div class=\"wp-block-column is-layout-flow wp-block-column-is-layout-flow\" style=\"flex-basis:66.66%\">\n<p><strong>Modu\u0142 5<\/strong>, prezentowany przez partnera z Litwy oraz M<strong>odu\u0142 6<\/strong>, prezentowany przez partnera z Portugalii, by\u0142y ko\u0144cowymi etapami projektu. Zwie\u0144czeniem obu modu\u0142\u00f3w by\u0142o&nbsp;<strong>oficjalne zako\u0144czenie mobilno\u015bci LTT oraz wr\u0119czenie certyfikat\u00f3w<\/strong>, potwierdzaj\u0105cych zdobyte przez uczestnik\u00f3w kompetencje.<\/p>\n\n\n\n<p>O&nbsp;<strong>godz. 11:00<\/strong>&nbsp;odby\u0142a si\u0119 uroczysta&nbsp;<strong>Ceremonia wr\u0119czenia certyfikat\u00f3w<\/strong>, podsumowuj\u0105ca udzia\u0142 w wydarzeniu i mobilno\u015bciach. W tym czasie uczestnicy wype\u0142nili r\u00f3wnie\u017c&nbsp;<strong>ankiet\u0119 ewaluacyjn\u0105<\/strong>, a sama ceremonia odby\u0142a si\u0119 przy udziale&nbsp;<strong>Starosty Ko\u0142obrzeskiego M. Tessikowskiego<\/strong>, co podkre\u015bli\u0142o wsp\u00f3\u0142prac\u0119 i zaanga\u017cowanie partner\u00f3w.<\/p>\n\n\n\n<p>Po kr\u00f3tkiej przerwie, o&nbsp;<strong>12:00<\/strong>, uczestnicy wzi\u0119li udzia\u0142 w wydarzeniu pod nazw\u0105&nbsp;<strong>\u201eDzie\u0144 Zaanga\u017cowania Obywatelskiego\u201d<\/strong>, kt\u00f3re odby\u0142o si\u0119 w&nbsp;<strong>Adebarze przy ul. Ratuszowej 1 w Ko\u0142obrzegu<\/strong>. Podczas spotkania uczestnicy wraz z seniorami celebrowali zako\u0144czenie wsp\u00f3lnej przygody projektowej.<\/p>\n\n\n\n<p>Kolejnym punktem dnia by\u0142&nbsp;<strong>obiad w restauracji Mamma Ko\u0142obrzeg o 14:30<\/strong>, podczas kt\u00f3rego wszyscy mogli odpocz\u0105\u0107, porozmawia\u0107 oraz cieszy\u0107 si\u0119 wsp\u00f3lnym posi\u0142kiem w przyjaznej atmosferze.<\/p>\n\n\n\n<p>Po obiedzie, o&nbsp;<strong>15:30<\/strong>, rozpocz\u0119\u0142a si\u0119 cz\u0119\u015b\u0107 proekologiczna \u2013&nbsp;<strong>kampania \u201eSprz\u0105tanie \u015awiata\u201d<\/strong>. Uczestnicy wraz z zespo\u0142em koordynuj\u0105cym udali si\u0119 na&nbsp;<strong>molo oraz pla\u017c\u0119 w centrum Ko\u0142obrzegu<\/strong>, aby aktywnie w\u0142\u0105czy\u0107 si\u0119 w dzia\u0142ania na rzecz \u015brodowiska. By\u0142 to praktyczny przyk\u0142ad obywatelskiego zaanga\u017cowania oraz ekologicznej odpowiedzialno\u015bci.<\/p>\n<\/div>\n<\/div>\n\n\n\n<h2 class=\"wp-block-heading wp-embed-aspect-16-9 wp-has-aspect-ratio has-text-color has-link-color wp-elements-7b42ab9b931961af3249758115993319\" style=\"color:#07580b\">18.11.2025<\/h2>\n\n\n\n<p class=\"wp-embed-aspect-16-9 wp-has-aspect-ratio has-primary-color has-text-color has-link-color wp-elements-bdb016187d1cf3c970cbb2f4bc056835\"><strong><strong>Dzie\u0144 2 \u2013 The Power of AR and VR: Igniting Passion for Learning Through Innovative Technologies<\/strong><\/strong><\/p>\n\n\n\n<div class=\"wp-block-columns wp-embed-aspect-16-9 wp-has-aspect-ratio is-layout-flex wp-container-core-columns-is-layout-28f84493 wp-block-columns-is-layout-flex\">\n<div class=\"wp-block-column is-layout-constrained wp-block-column-is-layout-constrained\" style=\"flex-basis:30%\">\n<figure class=\"wp-block-image size-full is-resized\"><img loading=\"lazy\" decoding=\"async\" width=\"450\" height=\"300\" src=\"https:\/\/szkola.2lo.pl\/wp-content\/uploads\/2025\/11\/d2.webp\" alt=\"dz2\" class=\"wp-image-6319\" style=\"width:258px;height:auto\" srcset=\"https:\/\/szkola.2lo.pl\/wp-content\/uploads\/2025\/11\/d2.webp 450w, https:\/\/szkola.2lo.pl\/wp-content\/uploads\/2025\/11\/d2-300x200.webp 300w\" sizes=\"auto, (max-width: 450px) 100vw, 450px\" \/><\/figure>\n<\/div>\n\n\n\n<div class=\"wp-block-column is-layout-flow wp-block-column-is-layout-flow\" style=\"flex-basis:66.66%\">\n<p>Drugiego dnia naszego programu LTT w Polsce tureccy uczniowie przygotowali prezentacj\u0119, w kt\u00f3rej przedstawili sw\u00f3j kraj i miasto. R\u00f3wnocze\u015bnie przeprowadzili\u015bmy&nbsp;<strong>pilota\u017cowy test Modu\u0142u 3<\/strong>, opracowanego w ramach&nbsp;<strong>IO2: AR i VR Toolkit for Cross-Disciplinary Learning<\/strong>. Nasi chorwaccy partnerzy zrealizowali w tym czasie&nbsp;<strong>pilota\u017c Modu\u0142u 4<\/strong>.<\/p>\n\n\n\n<p>Dzie\u0144 pe\u0142en inspiracji i wsp\u00f3\u0142pracy rozpocz\u0105\u0142 si\u0119 od&nbsp;<strong>Modu\u0142u 3<\/strong>, kt\u00f3ry pokaza\u0142, jak AR i VR mog\u0105 wzbogaca\u0107 nauki humanistyczne i spo\u0142eczne, umo\u017cliwiaj\u0105c nauczycielom tworzenie anga\u017cuj\u0105cych i interaktywnych do\u015bwiadcze\u0144 edukacyjnych dla uczni\u00f3w VET. Nast\u0119pnie odby\u0142 si\u0119&nbsp;<strong>Modu\u0142 4<\/strong>, po\u015bwi\u0119cony wirtualnym kontekstom w nauce j\u0119zyk\u00f3w obcych, daj\u0105cy uczestnikom praktyczne do\u015bwiadczenie w mi\u0119dzynarodowej edukacji cyfrowej.<\/p>\n\n\n\n<p>P\u00f3\u017aniej zespo\u0142y wzi\u0119\u0142y udzia\u0142 w&nbsp;<strong>Mi\u0119dzynarodowym Wy\u015bcigu Tropicieli<\/strong>, kt\u00f3ry sprzyja\u0142 wsp\u00f3\u0142pracy i wymianie kulturowej. Dzie\u0144 zako\u0144czy\u0142 si\u0119&nbsp;<strong>zwiedzaniem historycznych zabytk\u00f3w Ko\u0142obrzegu<\/strong>&nbsp;oraz wsp\u00f3lnym obiadem w restauracji&nbsp;<strong>Fregata<\/strong>.<\/p>\n\n\n\n<p>To by\u0142 kolejny dzie\u0144 pe\u0142en&nbsp;<strong>nauki, innowacji i odkrywania kultury<\/strong>, kt\u00f3ry umocni\u0142 wsp\u00f3\u0142prac\u0119 mi\u0119dzynarodow\u0105 i post\u0119py we wszystkich modu\u0142ach projektu.<\/p>\n<\/div>\n<\/div>\n\n\n\n<h2 class=\"wp-block-heading wp-embed-aspect-16-9 wp-has-aspect-ratio has-text-color has-link-color wp-elements-b6a3a3c49ff58504fe08e7976ad7514c\" style=\"color:#07580b\">17.11.2025<\/h2>\n\n\n\n<p class=\"wp-embed-aspect-16-9 wp-has-aspect-ratio has-primary-color has-text-color has-link-color wp-elements-41a01628e35625d2cf4c1f60670471d3\"><strong><strong>Dzie\u0144 1 \u2013 Otwarcie LTT<\/strong><\/strong><\/p>\n\n\n\n<div class=\"wp-block-columns wp-embed-aspect-16-9 wp-has-aspect-ratio is-layout-flex wp-container-core-columns-is-layout-28f84493 wp-block-columns-is-layout-flex\">\n<div class=\"wp-block-column is-layout-constrained wp-block-column-is-layout-constrained\" style=\"flex-basis:30%\">\n<figure class=\"wp-block-image size-full is-resized\"><img loading=\"lazy\" decoding=\"async\" width=\"450\" height=\"300\" src=\"https:\/\/szkola.2lo.pl\/wp-content\/uploads\/2025\/11\/d1.webp\" alt=\"dz1\" class=\"wp-image-6318\" style=\"width:258px;height:auto\" srcset=\"https:\/\/szkola.2lo.pl\/wp-content\/uploads\/2025\/11\/d1.webp 450w, https:\/\/szkola.2lo.pl\/wp-content\/uploads\/2025\/11\/d1-300x200.webp 300w\" sizes=\"auto, (max-width: 450px) 100vw, 450px\" \/><\/figure>\n<\/div>\n\n\n\n<div class=\"wp-block-column is-layout-flow wp-block-column-is-layout-flow\" style=\"flex-basis:66.66%\">\n<p><strong>Rozpocz\u0119\u0142o si\u0119 LTT w ramach projektu Erasmus+ KA220-VET \u2013 \u201eThe Power of AR and VR: Igniting Passion for Learning Through Innovative Technologies\u201d. W wydarzeniu bior\u0105 udzia\u0142 partnerzy z Polski, Grecji, Chorwacji, Litwy, Turcji i Portugalii, w tym 6 uczni\u00f3w i 2 nauczycieli, a ze strony ZS nr 1 im. H. Sienkiewicza uczestniczy 11 uczni\u00f3w.<\/strong><\/p>\n\n\n\n<p>Modu\u0142 1 (Polska)&nbsp;rozpocz\u0105\u0142 si\u0119 od fascynuj\u0105cych \u0107wicze\u0144 w programie Blender, gdzie uczestnicy tworzyli realistyczn\u0105 imitacj\u0119 wody i eksplorowali mo\u017cliwo\u015bci VR. Nast\u0119pnie, w oparciu o ksi\u0105\u017cki AR&nbsp;i we wsp\u00f3\u0142pracy z w\u0119gierskim partnerem MultiLearn, poznawali dzia\u0142anie ludzkiego m\u00f3zgu, a zdobyte umiej\u0119tno\u015bci sprawdzili w praktycznym te\u015bcie.<\/p>\n\n\n\n<p>Modu\u0142 2 zosta\u0142 przeprowadzony przez partner\u00f3w z Grecji i koncentrowa\u0142 si\u0119 na integracji technologii AR i VR z przedmiotami STEM. Podczas zaj\u0119\u0107 uczestnicy pracowali z okularami Meta Quest Pro, wykorzystuj\u0105c je m.in. w procesie doradztwa zawodowego. Zar\u00f3wno uczniowie, jak i nauczyciele wykazali si\u0119 du\u017cym zaanga\u017cowaniem oraz aktywnym uczestnictwem w \u0107wiczeniach.<\/p>\n\n\n\n<p>Uroczystego otwarcia LTT&nbsp;dokonali Starosta Ko\u0142obrzegu M. Tessikowski&nbsp;oraz Senator J. Gromek, nadaj\u0105c wydarzeniu wyj\u0105tkow\u0105 rang\u0119. Dzie\u0144 zako\u0144czy\u0142 si\u0119 pe\u0142n\u0105 energii sesj\u0105 Just Dance, podczas kt\u00f3rej uczestnicy mogli w radosny spos\u00f3b roz\u0142adowa\u0107 emocje i wsp\u00f3lnie bawi\u0107 si\u0119 przy muzyce.<\/p>\n<\/div>\n<\/div>\n\n\n\n<h2 class=\"wp-block-heading wp-embed-aspect-16-9 wp-has-aspect-ratio has-text-color has-link-color wp-elements-dd8d99e8581c5c1d9a35626a4c54c0b6\" style=\"color:#07580b\">10.11.2025<\/h2>\n\n\n\n<p class=\"wp-embed-aspect-16-9 wp-has-aspect-ratio has-primary-color has-text-color has-link-color wp-elements-edca71bc5e8a17cd8ebb9da20c0a4e57\"><strong><strong>Mi\u0119dzynarodowy Webinar<\/strong><\/strong><\/p>\n\n\n\n<div class=\"wp-block-columns wp-embed-aspect-16-9 wp-has-aspect-ratio is-layout-flex wp-container-core-columns-is-layout-28f84493 wp-block-columns-is-layout-flex\">\n<div class=\"wp-block-column is-layout-constrained wp-block-column-is-layout-constrained\" style=\"flex-basis:30%\">\n<figure class=\"wp-block-image size-full is-resized\"><img loading=\"lazy\" decoding=\"async\" width=\"450\" height=\"287\" src=\"https:\/\/szkola.2lo.pl\/wp-content\/uploads\/2025\/11\/webinary.webp\" alt=\"\" class=\"wp-image-6283\" style=\"width:258px;height:auto\" srcset=\"https:\/\/szkola.2lo.pl\/wp-content\/uploads\/2025\/11\/webinary.webp 450w, https:\/\/szkola.2lo.pl\/wp-content\/uploads\/2025\/11\/webinary-300x191.webp 300w\" sizes=\"auto, (max-width: 450px) 100vw, 450px\" \/><\/figure>\n<\/div>\n\n\n\n<div class=\"wp-block-column is-layout-flow wp-block-column-is-layout-flow\" style=\"flex-basis:66.66%\">\n<p>O godzinie 17 odby\u0142 si\u0119 mi\u0119dzynarodowy webinar w ramach projektu&nbsp;<strong>The Power of AR i VR<\/strong>&nbsp;na platformie Zoom. Uczestnikami byli uczniowie i nauczyciele z Turcji, Chorwacji, Grecji, Portugalii, Litwy oraz Polski. \u0141\u0105cznie w spotkaniu wzi\u0119\u0142o udzia\u0142 oko\u0142o 100 uczni\u00f3w i 30 nauczycieli z ka\u017cdego kraju.<\/p>\n\n\n\n<p>Uczniowie mieli za zadanie aktywny udzia\u0142 w debacie dotycz\u0105cej technologii AR i VR, prezentuj\u0105c swoje argumenty \u201eza\u201d i \u201eprzeciw\u201d oraz dziel\u0105c si\u0119 do\u015bwiadczeniami i opiniami. Ich zaanga\u017cowanie by\u0142o ogromne, a dyskusje bardzo merytoryczne i kreatywne. Spotkanie pozwoli\u0142o nie tylko na wymian\u0119 wiedzy, ale tak\u017ce na rozwijanie umiej\u0119tno\u015bci komunikacji, krytycznego my\u015blenia oraz wsp\u00f3\u0142pracy w mi\u0119dzynarodowym \u015brodowisku edukacyjnym.<\/p>\n\n\n\n<p><strong>Uczniowie bior\u0105cy udzia\u0142:<\/strong><br>Borsuk Maja, Kaczmarek Tomasz, Karolina Ksi\u0105\u017cak, Bartosz Biskupski, Jakub Szufel, Rados\u0142aw Wiktorowski, Aleksandra Windorpska, Igor Uszakiewicz, Maciej Kania, Hanna G\u00f3ral, Julia Gwiazdzi\u0144ska, Maja Majcher, Oskar Rylowski, Laura Stangrycka, Aniela Krekora, Zuzanna Zurawska, Oskar Grudzie\u0144, Mateusz Kawa\u0142ek, Daniil Kuskalo, Karol Spychalski, Aleksy Sta\u0144czak.<\/p>\n\n\n\n<p><strong>Nauczyciele bior\u0105cy udzia\u0142:<\/strong><br>Emerle, J. Kawa\u0142ek, I. Bra\u0144czko, G. Semenowicz, J. Kapela\u0144czyk<\/p>\n<\/div>\n<\/div>\n\n\n\n<h2 class=\"wp-block-heading wp-embed-aspect-16-9 wp-has-aspect-ratio has-text-color has-link-color wp-elements-3be3468e4194ef977eb01bd8cd57d60d\" style=\"color:#07580b\">07.11.2025<\/h2>\n\n\n\n<p class=\"wp-embed-aspect-16-9 wp-has-aspect-ratio has-primary-color has-text-color has-link-color wp-elements-5b3f80fbbafe0f476f05a63e52750e93\"><strong><strong>Wsp\u00f3\u0142praca w ramach projektu \u201eThe Power of AR and VR\u201d<\/strong><\/strong><\/p>\n\n\n\n<div class=\"wp-block-columns wp-embed-aspect-16-9 wp-has-aspect-ratio is-layout-flex wp-container-core-columns-is-layout-28f84493 wp-block-columns-is-layout-flex\">\n<div class=\"wp-block-column is-layout-constrained wp-block-column-is-layout-constrained\" style=\"flex-basis:30%\">\n<figure class=\"wp-block-image size-full is-resized\"><img loading=\"lazy\" decoding=\"async\" width=\"450\" height=\"350\" src=\"https:\/\/szkola.2lo.pl\/wp-content\/uploads\/2025\/11\/aga.webp\" alt=\"aga\" class=\"wp-image-6278\" style=\"width:258px;height:auto\" srcset=\"https:\/\/szkola.2lo.pl\/wp-content\/uploads\/2025\/11\/aga.webp 450w, https:\/\/szkola.2lo.pl\/wp-content\/uploads\/2025\/11\/aga-300x233.webp 300w\" sizes=\"auto, (max-width: 450px) 100vw, 450px\" \/><\/figure>\n<\/div>\n\n\n\n<div class=\"wp-block-column is-layout-flow wp-block-column-is-layout-flow\" style=\"flex-basis:66.66%\">\n<p>W ramach realizacji projektu&nbsp;<strong>\u201eThe Power of AR and VR\u201d<\/strong>&nbsp;nawi\u0105zali\u015bmy wsp\u00f3\u0142prac\u0119 z firm\u0105 z W\u0119gier, specjalizuj\u0105c\u0105 si\u0119 w tworzeniu ksi\u0105\u017cek z wykorzystaniem technologii&nbsp;<strong>rozszerzonej rzeczywisto\u015bci (AR)<\/strong>.<\/p>\n\n\n\n<p>Nasi nauczyciele \u2013&nbsp;<strong>Grzegorz Semenowicz<\/strong>&nbsp;(matematyka),&nbsp;<strong>Patrycja Kujawa<\/strong>&nbsp;(chemia) oraz&nbsp;<strong>Arkadiusz Majewski<\/strong>&nbsp;(nauki przyrodnicze) \u2013 pe\u0142nili rol\u0119&nbsp;<strong>konsultant\u00f3w merytorycznych<\/strong>&nbsp;podczas opracowywania polskoj\u0119zycznych wersji ksi\u0105\u017cek.<\/p>\n\n\n\n<p>W ramach wsp\u00f3\u0142pracy otrzymali\u015bmy zestaw ksi\u0105\u017cek w j\u0119zyku&nbsp;<strong>polskim i angielskim<\/strong>&nbsp;o \u0142\u0105cznej warto\u015bci&nbsp;<strong>7 000 z\u0142<\/strong>. Dzi\u0119ki zastosowaniu technologii AR, zaj\u0119cia zyskaj\u0105 nowy, interaktywny wymiar, co z pewno\u015bci\u0105 zwi\u0119kszy zainteresowanie uczni\u00f3w i uatrakcyjni proces nauczania.<\/p>\n\n\n\n<p>Nowoczesne rozwi\u0105zania technologiczne w edukacji sprawiaj\u0105, \u017ce lekcje staj\u0105 si\u0119 ciekawsze, bardziej anga\u017cuj\u0105ce i dostosowane do potrzeb wsp\u00f3\u0142czesnej m\u0142odzie\u017cy.<\/p>\n<\/div>\n<\/div>\n\n\n\n<h2 class=\"wp-block-heading wp-embed-aspect-16-9 wp-has-aspect-ratio has-text-color has-link-color wp-elements-c558d67b9e05c5b2a0b658d0fc882864\" style=\"color:#07580b\">23.10.2025<\/h2>\n\n\n\n<p class=\"wp-embed-aspect-16-9 wp-has-aspect-ratio has-primary-color has-text-color has-link-color wp-elements-6fd584a9797058ebe2afbb69de5a1325\"><strong><strong> Scavenger Hunt&nbsp;<\/strong><\/strong><\/p>\n\n\n\n<div class=\"wp-block-columns wp-embed-aspect-16-9 wp-has-aspect-ratio is-layout-flex wp-container-core-columns-is-layout-28f84493 wp-block-columns-is-layout-flex\">\n<div class=\"wp-block-column is-layout-constrained wp-block-column-is-layout-constrained\" style=\"flex-basis:30%\">\n<figure class=\"wp-block-image size-full is-resized\"><img loading=\"lazy\" decoding=\"async\" width=\"450\" height=\"338\" src=\"https:\/\/szkola.2lo.pl\/wp-content\/uploads\/2025\/10\/graJKaw.webp\" alt=\"\" class=\"wp-image-6256\" style=\"width:258px;height:auto\" srcset=\"https:\/\/szkola.2lo.pl\/wp-content\/uploads\/2025\/10\/graJKaw.webp 450w, https:\/\/szkola.2lo.pl\/wp-content\/uploads\/2025\/10\/graJKaw-300x225.webp 300w\" sizes=\"auto, (max-width: 450px) 100vw, 450px\" \/><\/figure>\n<\/div>\n\n\n\n<div class=\"wp-block-column is-layout-flow wp-block-column-is-layout-flow\" style=\"flex-basis:66.66%\">\n<p>Dzi\u015b odby\u0142 si\u0119 nasz ekscytuj\u0105cy&nbsp;<strong>Scavenger Hunt<\/strong>&nbsp;w ramach projektu&nbsp;<strong>The Power of AR and VR<\/strong><\/p>\n\n\n\n<p>Gra rozpocz\u0119\u0142a si\u0119 od&nbsp;<strong>zeskanowania kodu QR<\/strong>&nbsp;i odnalezienia&nbsp;<strong>Hotelu Monopol<\/strong>, co zapocz\u0105tkowa\u0142o pe\u0142n\u0105 emocji przygod\u0119! Pi\u0119tna\u015bcie dru\u017cyn rozwi\u0105zywa\u0142o zadania, korzysta\u0142o z&nbsp;<strong>okular\u00f3w VR<\/strong>&nbsp;oraz uczestniczy\u0142o w&nbsp;<strong>autorskim projekcie J. Kawa\u0142ka o ewakuacji szko\u0142y<\/strong>. Serdeczne podzi\u0119kowania dla naszych wspania\u0142ych nauczycieli \u2014&nbsp;<strong>P. Kujawy, G. Semenowicz, J. Kawa\u0142ka i A. Go\u0142\u0119biewskiej<\/strong>&nbsp;\u2014 za przygotowanie anga\u017cuj\u0105cych zada\u0144 i wsparcie uczni\u00f3w przez ca\u0142\u0105 gr\u0119.<\/p>\n\n\n\n<p>W&nbsp;<strong>bibliotece<\/strong>,&nbsp;<strong>na matematyce<\/strong>&nbsp;i&nbsp;<strong>chemii<\/strong>&nbsp;czeka\u0142y ciekawe wyzwania \u2013 od quiz\u00f3w po do\u015bwiadczenia praktyczne. Wspania\u0142a zabawa, wsp\u00f3\u0142praca i du\u017co pozytywnej energii!&nbsp;<\/p>\n\n\n\n<p>Zwyci\u0119\u017cczynie pierwszego Scavenger Hunt to&nbsp;<strong>Maja Sperczy\u0144ska i Gaburi Lily<\/strong>&nbsp;z klasy 2d.<br>G\u0142\u00f3wna nagroda zosta\u0142a ufundowana przez&nbsp;<strong>Rad\u0119 Rodzic\u00f3w<\/strong>&nbsp;\u2013 dzi\u0119kujemy! \ud83d\udc9b<\/p>\n\n\n\n<p>Ju\u017c w&nbsp;<strong>listopadzie<\/strong>&nbsp;kolejna edycja \u2013&nbsp;<strong>mi\u0119dzynarodowy Scavenger Hunt<\/strong>&nbsp;z udzia\u0142em uczni\u00f3w z&nbsp;<strong>Chorwacji, Grecji, Litwy, Turcji i Portugalii<\/strong>.<\/p>\n<\/div>\n<\/div>\n\n\n\n<h2 class=\"wp-block-heading wp-embed-aspect-16-9 wp-has-aspect-ratio has-text-color has-link-color wp-elements-3dc1b547b3b095d127dad45809283ac5\" style=\"color:#07580b\">18.10.2025<\/h2>\n\n\n\n<p class=\"wp-embed-aspect-16-9 wp-has-aspect-ratio has-primary-color has-text-color has-link-color wp-elements-f2f43540a8c6d732f0d3221fa7a6d205\"><strong><strong> Warsztaty dla student\u00f3w<\/strong> z Uniwersytetu Pomorskiego w S\u0142upsku<\/strong><\/p>\n\n\n\n<div class=\"wp-block-columns wp-embed-aspect-16-9 wp-has-aspect-ratio is-layout-flex wp-container-core-columns-is-layout-28f84493 wp-block-columns-is-layout-flex\">\n<div class=\"wp-block-column is-layout-constrained wp-block-column-is-layout-constrained\" style=\"flex-basis:30%\">\n<figure class=\"wp-block-image size-full is-resized\"><img loading=\"lazy\" decoding=\"async\" width=\"400\" height=\"522\" src=\"https:\/\/szkola.2lo.pl\/wp-content\/uploads\/2025\/09\/a47.webp\" alt=\"\" class=\"wp-image-6135\" style=\"width:258px;height:auto\" srcset=\"https:\/\/szkola.2lo.pl\/wp-content\/uploads\/2025\/09\/a47.webp 400w, https:\/\/szkola.2lo.pl\/wp-content\/uploads\/2025\/09\/a47-230x300.webp 230w\" sizes=\"auto, (max-width: 400px) 100vw, 400px\" \/><\/figure>\n<\/div>\n\n\n\n<div class=\"wp-block-column is-layout-flow wp-block-column-is-layout-flow\" style=\"flex-basis:66.66%\">\n<p>W ramach wsp\u00f3\u0142pracy z Uniwersytetem Pomorskim w S\u0142upsku Jacek Kawa\u0142ek poprowadzi\u0142 praktyczne warsztaty dla student\u00f3w z In\u017cynierii Cyberbezpiecze\u0144stwa. Zaj\u0119cia mia\u0142y na celu pokazanie jak mo\u017cna wykorzysta\u0107 animacj\u0119 oraz AR i VR, do prezentacji i symulacji na tym kierunku studi\u00f3w. Na szkoleniu wykorzystane zosta\u0142y materia\u0142y, kt\u00f3re stworzono w ramach projektu Erasmus+ The Power of AR and VR.<\/p>\n<\/div>\n<\/div>\n\n\n\n<h2 class=\"wp-block-heading wp-embed-aspect-16-9 wp-has-aspect-ratio has-text-color has-link-color wp-elements-119c1907aee99e691c0ffde9ae2fa2ce\" style=\"color:#07580b\">25.09.2025<\/h2>\n\n\n\n<p class=\"wp-embed-aspect-16-9 wp-has-aspect-ratio has-primary-color has-text-color has-link-color wp-elements-5e5a96295faa8675d96e853f704f7822\"><strong><strong>Zaj\u0119cia z&nbsp;<strong>ko\u0142obrzeskimi seniorami<\/strong>&nbsp;w ramach projektu&nbsp;<strong>\u201eThe Power of AR and VR<\/strong><\/strong><\/strong><\/p>\n\n\n\n<div class=\"wp-block-columns wp-embed-aspect-16-9 wp-has-aspect-ratio is-layout-flex wp-container-core-columns-is-layout-28f84493 wp-block-columns-is-layout-flex\">\n<div class=\"wp-block-column is-layout-constrained wp-block-column-is-layout-constrained\" style=\"flex-basis:30%\">\n<figure class=\"wp-block-image size-full is-resized\"><img loading=\"lazy\" decoding=\"async\" width=\"450\" height=\"539\" src=\"https:\/\/szkola.2lo.pl\/wp-content\/uploads\/2025\/10\/senJKaw.webp\" alt=\"\" class=\"wp-image-6255\" style=\"width:258px;height:auto\" srcset=\"https:\/\/szkola.2lo.pl\/wp-content\/uploads\/2025\/10\/senJKaw.webp 450w, https:\/\/szkola.2lo.pl\/wp-content\/uploads\/2025\/10\/senJKaw-250x300.webp 250w\" sizes=\"auto, (max-width: 450px) 100vw, 450px\" \/><\/figure>\n<\/div>\n\n\n\n<div class=\"wp-block-column is-layout-flow wp-block-column-is-layout-flow\" style=\"flex-basis:66.66%\">\n<p><strong>Ma\u0142gorzata Rogo\u017ca<\/strong>&nbsp;wraz z&nbsp;<strong>Jackiem Kawa\u0142kiem<\/strong>, przy wsparciu&nbsp;<strong>wolontariuszy z Zespo\u0142u Szk\u00f3\u0142 Nr 1 im. Henryka Sienkiewicza w Ko\u0142obrzegu<\/strong>, przeprowadzili kolejne zaj\u0119cia z&nbsp;<strong>ko\u0142obrzeskimi seniorami<\/strong>&nbsp;w ramach projektu&nbsp;<strong>\u201eThe Power of AR and VR: Igniting Passion for Learning Through Innovative Technologies\u201d<\/strong>.<\/p>\n\n\n\n<p>Agnieszka Emerle<\/p>\n<\/div>\n<\/div>\n\n\n\n<h2 class=\"wp-block-heading wp-embed-aspect-16-9 wp-has-aspect-ratio has-text-color has-link-color wp-elements-719e59aa538e4b7a6a88d3ed5d940a9d\" style=\"color:#07580b\">31.08.2025<\/h2>\n\n\n\n<p class=\"wp-embed-aspect-16-9 wp-has-aspect-ratio has-primary-color has-text-color has-link-color wp-elements-bd2499704defada0be20ef46a6e6a0d3\"><strong><strong> \u015awi\u0119tujemy&nbsp;<strong>udany pierwszy rok naszego projektu Erasmus+ \u201eThe Power of AR and VR<\/strong><\/strong><\/strong><\/p>\n\n\n\n<div class=\"wp-block-columns wp-embed-aspect-16-9 wp-has-aspect-ratio is-layout-flex wp-container-core-columns-is-layout-28f84493 wp-block-columns-is-layout-flex\">\n<div class=\"wp-block-column is-layout-constrained wp-block-column-is-layout-constrained\" style=\"flex-basis:30%\">\n<figure class=\"wp-block-image size-full is-resized\"><img loading=\"lazy\" decoding=\"async\" width=\"400\" height=\"522\" src=\"https:\/\/szkola.2lo.pl\/wp-content\/uploads\/2025\/09\/a47.webp\" alt=\"\" class=\"wp-image-6135\" style=\"width:258px;height:auto\" srcset=\"https:\/\/szkola.2lo.pl\/wp-content\/uploads\/2025\/09\/a47.webp 400w, https:\/\/szkola.2lo.pl\/wp-content\/uploads\/2025\/09\/a47-230x300.webp 230w\" sizes=\"auto, (max-width: 400px) 100vw, 400px\" \/><\/figure>\n<\/div>\n\n\n\n<div class=\"wp-block-column is-layout-flow wp-block-column-is-layout-flow\" style=\"flex-basis:66.66%\">\n<p>Jeste\u015bmy dumni, \u017ce mo\u017cemy \u015bwi\u0119towa\u0107&nbsp;<strong>udany pierwszy rok naszego projektu Erasmus+ \u201eThe Power of AR and VR: Igniting Passion for Learning Through Innovative Technologies\u201d<\/strong>! \ud83c\udf89 To by\u0142a niesamowita podr\u00f3\u017c i jeste\u015bmy bardzo wdzi\u0119czni naszym partnerom za ich zaanga\u017cowanie.<br>Dzi\u0119ki dw\u00f3m udanym&nbsp;<strong>Transnational Project Meetings (TPM)<\/strong>&nbsp;w Eski\u015fehir w Turcji oraz w Zagrzebiu w Chorwacji, a tak\u017ce fantastycznej&nbsp;<strong>Learning, Teaching, and Training Activity (LTT)<\/strong>&nbsp;w Grecji, zrobili\u015bmy ogromne post\u0119py. Nasz&nbsp;<strong>pierwszy rezultat intelektualny (IO1) zosta\u0142 uko\u0144czony<\/strong>, a teraz przechodzimy do IO2!<\/p>\n\n\n\n<p>Ogromne podzi\u0119kowania dla wszystkich zaanga\u017cowanych \u2013&nbsp;<strong>utrzymujmy ten niesamowity impet!<\/strong>&nbsp;\u2728<\/p>\n<\/div>\n<\/div>\n\n\n\n<h2 class=\"wp-block-heading wp-embed-aspect-16-9 wp-has-aspect-ratio has-text-color has-link-color wp-elements-43c151e6294b3a9687f78628a652d6b8\" style=\"color:#07580b\">21.08.2025<\/h2>\n\n\n\n<p class=\"wp-embed-aspect-16-9 wp-has-aspect-ratio has-primary-color has-text-color has-link-color wp-elements-0024e22775bf1d6548f9c30c4563e820\"><strong><strong> Wakacyjne wyk\u0142ady o Historii D\u017awirzyna<\/strong><\/strong><\/p>\n\n\n\n<div class=\"wp-block-columns wp-embed-aspect-16-9 wp-has-aspect-ratio is-layout-flex wp-container-core-columns-is-layout-28f84493 wp-block-columns-is-layout-flex\">\n<div class=\"wp-block-column is-layout-constrained wp-block-column-is-layout-constrained\" style=\"flex-basis:30%\">\n<figure class=\"wp-block-image size-full is-resized\"><img loading=\"lazy\" decoding=\"async\" width=\"400\" height=\"393\" src=\"https:\/\/szkola.2lo.pl\/wp-content\/uploads\/2025\/09\/a46.webp\" alt=\"\" class=\"wp-image-6133\" style=\"width:258px;height:auto\" srcset=\"https:\/\/szkola.2lo.pl\/wp-content\/uploads\/2025\/09\/a46.webp 400w, https:\/\/szkola.2lo.pl\/wp-content\/uploads\/2025\/09\/a46-300x295.webp 300w\" sizes=\"auto, (max-width: 400px) 100vw, 400px\" \/><\/figure>\n<\/div>\n\n\n\n<div class=\"wp-block-column is-layout-flow wp-block-column-is-layout-flow\" style=\"flex-basis:66.66%\">\n<p><strong>Jacek Kawa\u0142ek<\/strong>&nbsp;mia\u0142 dzisiaj przyjemno\u015b\u0107&nbsp;<strong>ostatni raz w te wakacje poprowadzi\u0107 wyk\u0142ad o Historii D\u017awirzyna<\/strong>, w ramach kt\u00f3rego zaprezentowa\u0142 r\u00f3wnie\u017c projekt&nbsp;<strong>The Power of AR and VR<\/strong>. Zaj\u0119cia cieszy\u0142y si\u0119 du\u017cym zainteresowaniem \u2013 uczestnicy nie tylko wykazywali entuzjazm w poznawaniu historii, ale tak\u017ce byli ciekawi, jak tworzone s\u0105&nbsp;<strong>modele do animacji, druku 3D oraz AR i VR<\/strong>, kt\u00f3re zosta\u0142y pokazane podczas prezentacji. Spotkanie po\u0142\u0105czy\u0142o edukacj\u0119 historyczn\u0105 z pokazem nowoczesnych technologii i wywo\u0142a\u0142o wiele inspiruj\u0105cych pyta\u0144 od uczestnik\u00f3w. \ud83d\ude42<\/p>\n<\/div>\n<\/div>\n\n\n\n<h2 class=\"wp-block-heading wp-embed-aspect-16-9 wp-has-aspect-ratio has-text-color has-link-color wp-elements-a15ec82adce3250e39c7d13683e97075\" style=\"color:#07580b\">29.07.2025<\/h2>\n\n\n\n<p class=\"wp-embed-aspect-16-9 wp-has-aspect-ratio has-primary-color has-text-color has-link-color wp-elements-fac14fabe5b1ce454b54af9188344357\"><strong><strong><strong>Jacek Kawa\u0142ek<\/strong>&nbsp;zosta\u0142 wyr\u00f3\u017cniony<\/strong><\/strong> przez <strong>\u015arodkowopomorski Oddzia\u0142u<\/strong> <strong>PTI<\/strong><\/p>\n\n\n\n<div class=\"wp-block-columns wp-embed-aspect-16-9 wp-has-aspect-ratio is-layout-flex wp-container-core-columns-is-layout-28f84493 wp-block-columns-is-layout-flex\">\n<div class=\"wp-block-column is-layout-constrained wp-block-column-is-layout-constrained\" style=\"flex-basis:30%\">\n<figure class=\"wp-block-image size-full is-resized\"><img loading=\"lazy\" decoding=\"async\" width=\"400\" height=\"204\" src=\"https:\/\/szkola.2lo.pl\/wp-content\/uploads\/2025\/09\/a44.webp\" alt=\"\" class=\"wp-image-6130\" style=\"width:258px;height:auto\" srcset=\"https:\/\/szkola.2lo.pl\/wp-content\/uploads\/2025\/09\/a44.webp 400w, https:\/\/szkola.2lo.pl\/wp-content\/uploads\/2025\/09\/a44-300x153.webp 300w\" sizes=\"auto, (max-width: 400px) 100vw, 400px\" \/><\/figure>\n<\/div>\n\n\n\n<div class=\"wp-block-column is-layout-flow wp-block-column-is-layout-flow\" style=\"flex-basis:66.66%\">\n<p><strong>Jacek Kawa\u0142ek<\/strong>&nbsp;zosta\u0142 wyr\u00f3\u017cniony mo\u017cliwo\u015bci\u0105 udzia\u0142u w pracach&nbsp;<strong>\u015arodkowopomorskiego Oddzia\u0142u Polskiego Towarzystwa Informatycznego (PTI)<\/strong>. W ramach tej wsp\u00f3\u0142pracy planowane jest wiele dzia\u0142a\u0144 edukacyjnych, w tym m.in.&nbsp;<strong>organizacja kolejnych edycji konferencji \u201eOd becika ka\u017cdy klika\u201d<\/strong>, kt\u00f3rej realizacj\u0119 przerwa\u0142a pandemia.<\/p>\n\n\n\n<p>Wi\u0119cej informacji o konferencji mo\u017cna znale\u017a\u0107 na stronie:&nbsp;<a rel=\"noreferrer noopener\" target=\"_blank\" href=\"https:\/\/obkk.2lo.pl\/\">https:\/\/obkk.2lo.pl\/<\/a><\/p>\n\n\n\n<p>\u015arodkowopomorski oddzia\u0142 Polskiego Towarzystwa Informatycznego oficjalnie zainaugurowany!<\/p>\n\n\n\n<p><img loading=\"lazy\" decoding=\"async\" alt=\"\ud83d\udccd\" width=\"16\" height=\"16\" src=\"https:\/\/static.xx.fbcdn.net\/images\/emoji.php\/v9\/t2d\/1\/16\/1f4cd.png\"> Dzi\u015b w Centrum Kultury Studenckiej Kre\u015blarnia odby\u0142a si\u0119 konferencja prasowa po\u015bwi\u0119cona utworzeniu oddzia\u0142u PTI w Koszalinie \u2013 jednej z najwa\u017cniejszych organizacji bran\u017cowych w Polsce, zrzeszaj\u0105cej specjalist\u00f3w z sektora IT.<\/p>\n\n\n\n<p><img loading=\"lazy\" decoding=\"async\" alt=\"\ud83d\udd39\" width=\"16\" height=\"16\" src=\"https:\/\/static.xx.fbcdn.net\/images\/emoji.php\/v9\/tf3\/1\/16\/1f539.png\"> W konferencji udzia\u0142 wzi\u0119li: dr hab. in\u017c. Tomasz Kr\u00f3likowski, prof. PK, prorektor ds. studenckich Politechniki Koszali\u0144skiej; dr in\u017c. Aneta Hapka z Wydzia\u0142u Elektroniki i Informatyki PK, wiceprezes oddzia\u0142u; dr Tomasz Parafiuniuk z Wydzia\u0142u Humanistycznego PK, wiceprezes oddzia\u0142u; Marek Wo\u017aniak, doktorant Szko\u0142y Doktorskiej PK, wiceprezes oddzia\u0142u i Jacek Kawa\u0142ek, nauczyciel z Ko\u0142obrzegu, wiceprezes oddzia\u0142u.<\/p>\n\n\n\n<p><img loading=\"lazy\" decoding=\"async\" alt=\"\ud83e\udd29\" width=\"16\" height=\"16\" src=\"https:\/\/static.xx.fbcdn.net\/images\/emoji.php\/v9\/t58\/1\/16\/1f929.png\"> Przed konferencj\u0105 odby\u0142o si\u0119 r\u00f3wnie\u017c uroczyste przekazanie modelu ko\u015bcio\u0142a w D\u017awirzynie \u2013 projektu autorstwa Jacka Kawa\u0142ka, wydrukowanego w Centrum Druku 3D Politechniki Koszali\u0144skiej (koordynowanym przez prof. Kr\u00f3likowskiego). Makieta zosta\u0142a stworzona z my\u015bl\u0105 o osobach niedowidz\u0105cych i zostanie umieszczona w przestrzeni publicznej jako przyk\u0142ad \u0142\u0105czenia technologii, dost\u0119pno\u015bci i edukacji.<\/p>\n\n\n\n<p><img loading=\"lazy\" decoding=\"async\" alt=\"\ud83d\udc49\" width=\"16\" height=\"16\" src=\"https:\/\/static.xx.fbcdn.net\/images\/emoji.php\/v9\/t51\/1\/16\/1f449.png\"> Wi\u0119cej: <a rel=\"noreferrer noopener\" target=\"_blank\" href=\"https:\/\/www.tu.koszalin.pl\/art\/7184\/?fbclid=IwZXh0bgNhZW0CMTAAYnJpZBEwYm10WG0zMW9oQko4R1pRagEew6L5cSRWdj77tGpu_qt63yb2f6K6YCDeR8CYfEfdhfJqD7zgU4us48j4DGc_aem_xJRuu28YuaAuHsEaKO6jnA\">https:\/\/www.tu.koszalin.pl\/art\/7184\/<\/a><\/p>\n\n\n\n<p>Fot. Wojciech Szpak\/ Politechnika Koszali\u0144ska<\/p>\n<\/div>\n<\/div>\n\n\n\n<h2 class=\"wp-block-heading wp-embed-aspect-16-9 wp-has-aspect-ratio has-text-color has-link-color wp-elements-4fe3eaad936d1e858100db1704e9e31c\" style=\"color:#07580b\">28.07.2025<\/h2>\n\n\n\n<p class=\"wp-embed-aspect-16-9 wp-has-aspect-ratio has-primary-color has-text-color has-link-color wp-elements-0024e22775bf1d6548f9c30c4563e820\"><strong><strong> Wakacyjne wyk\u0142ady o Historii D\u017awirzyna<\/strong><\/strong><\/p>\n\n\n\n<div class=\"wp-block-columns wp-embed-aspect-16-9 wp-has-aspect-ratio is-layout-flex wp-container-core-columns-is-layout-28f84493 wp-block-columns-is-layout-flex\">\n<div class=\"wp-block-column is-layout-constrained wp-block-column-is-layout-constrained\" style=\"flex-basis:30%\">\n<figure class=\"wp-block-image size-full is-resized\"><img loading=\"lazy\" decoding=\"async\" width=\"400\" height=\"262\" src=\"https:\/\/szkola.2lo.pl\/wp-content\/uploads\/2025\/09\/a45.webp\" alt=\"\" class=\"wp-image-6128\" style=\"width:258px;height:auto\" srcset=\"https:\/\/szkola.2lo.pl\/wp-content\/uploads\/2025\/09\/a45.webp 400w, https:\/\/szkola.2lo.pl\/wp-content\/uploads\/2025\/09\/a45-300x197.webp 300w\" sizes=\"auto, (max-width: 400px) 100vw, 400px\" \/><\/figure>\n<\/div>\n\n\n\n<div class=\"wp-block-column is-layout-flow wp-block-column-is-layout-flow\" style=\"flex-basis:66.66%\">\n<p><strong>Jacek Kawa\u0142ek<\/strong>&nbsp;mia\u0142 dzisiaj przyjemno\u015b\u0107 zaprezentowa\u0107&nbsp;<strong>projekty realizowane w szkole<\/strong>, w tym m.in.&nbsp;<strong>The Power of AR and VR<\/strong>, uczestnikom kolonii w D\u017awirzynie. W spotkaniu wzi\u0119li udzia\u0142 uczniowie i nauczyciele praktycznie z ca\u0142ej Polski. Grupy by\u0142y&nbsp;<strong>bardzo sympatyczne i zaanga\u017cowane<\/strong>, co sprawi\u0142o, \u017ce prezentacja przebieg\u0142a w przyjaznej i inspiruj\u0105cej atmosferze \ud83d\ude00.<\/p>\n<\/div>\n<\/div>\n\n\n\n<h2 class=\"wp-block-heading wp-embed-aspect-16-9 wp-has-aspect-ratio has-text-color has-link-color wp-elements-e3b74c40979b42da16f2b5d97662c171\" style=\"color:#07580b\">27.07.2025<\/h2>\n\n\n\n<p class=\"wp-embed-aspect-16-9 wp-has-aspect-ratio has-primary-color has-text-color has-link-color wp-elements-0024e22775bf1d6548f9c30c4563e820\"><strong><strong> Wakacyjne wyk\u0142ady o Historii D\u017awirzyna<\/strong><\/strong><\/p>\n\n\n\n<div class=\"wp-block-columns wp-embed-aspect-16-9 wp-has-aspect-ratio is-layout-flex wp-container-core-columns-is-layout-28f84493 wp-block-columns-is-layout-flex\">\n<div class=\"wp-block-column is-layout-constrained wp-block-column-is-layout-constrained\" style=\"flex-basis:30%\">\n<figure class=\"wp-block-image size-full is-resized\"><img loading=\"lazy\" decoding=\"async\" width=\"400\" height=\"220\" src=\"https:\/\/szkola.2lo.pl\/wp-content\/uploads\/2025\/09\/a43.webp\" alt=\"\" class=\"wp-image-6129\" style=\"width:258px;height:auto\" srcset=\"https:\/\/szkola.2lo.pl\/wp-content\/uploads\/2025\/09\/a43.webp 400w, https:\/\/szkola.2lo.pl\/wp-content\/uploads\/2025\/09\/a43-300x165.webp 300w\" sizes=\"auto, (max-width: 400px) 100vw, 400px\" \/><\/figure>\n<\/div>\n\n\n\n<div class=\"wp-block-column is-layout-flow wp-block-column-is-layout-flow\" style=\"flex-basis:66.66%\">\n<p>Publikacja w GO\u015aCIU NIEDZIELNYM o naszym projekcie. Bardzo dzi\u0119kuj\u0119 i zapraszam na kolejne spotkania.<\/p>\n\n\n\n<p><a href=\"https:\/\/koszalin.gosc.pl\/...\/9356085.Dzwirzynskie...\">https:\/\/koszalin.gosc.pl\/&#8230;\/9356085.Dzwirzynskie&#8230;<\/a><\/p>\n<\/div>\n<\/div>\n\n\n\n<h2 class=\"wp-block-heading wp-embed-aspect-16-9 wp-has-aspect-ratio has-text-color has-link-color wp-elements-346dc6121f41b048eb39c5f3b84d38ac\" style=\"color:#07580b\">24.07.2025<\/h2>\n\n\n\n<p class=\"wp-embed-aspect-16-9 wp-has-aspect-ratio has-primary-color has-text-color has-link-color wp-elements-0024e22775bf1d6548f9c30c4563e820\"><strong><strong> Wakacyjne wyk\u0142ady o Historii D\u017awirzyna<\/strong><\/strong><\/p>\n\n\n\n<div class=\"wp-block-columns wp-embed-aspect-16-9 wp-has-aspect-ratio is-layout-flex wp-container-core-columns-is-layout-28f84493 wp-block-columns-is-layout-flex\">\n<div class=\"wp-block-column is-layout-constrained wp-block-column-is-layout-constrained\" style=\"flex-basis:30%\">\n<figure class=\"wp-block-image size-full is-resized\"><img loading=\"lazy\" decoding=\"async\" width=\"400\" height=\"229\" src=\"https:\/\/szkola.2lo.pl\/wp-content\/uploads\/2025\/09\/a42.webp\" alt=\"\" class=\"wp-image-6126\" style=\"width:258px;height:auto\" srcset=\"https:\/\/szkola.2lo.pl\/wp-content\/uploads\/2025\/09\/a42.webp 400w, https:\/\/szkola.2lo.pl\/wp-content\/uploads\/2025\/09\/a42-300x172.webp 300w\" sizes=\"auto, (max-width: 400px) 100vw, 400px\" \/><\/figure>\n<\/div>\n\n\n\n<div class=\"wp-block-column is-layout-flow wp-block-column-is-layout-flow\" style=\"flex-basis:66.66%\">\n<p><strong>Jacek Kawa\u0142ek<\/strong>&nbsp;przeprowadzi\u0142&nbsp;<strong>drugie wakacyjne spotkanie z mieszka\u0144cami i wczasowiczami o Historii D\u017awirzyna<\/strong>, podczas kt\u00f3rego zaprezentowa\u0142 r\u00f3wnie\u017c projekt&nbsp;<strong>The Power of AR and VR<\/strong>. Niekt\u00f3rzy uczestnicy pojawili si\u0119 ju\u017c po raz kolejny, co by\u0142o bardzo mi\u0142e i&nbsp;<strong>ogromnie motywowa\u0142o go do dalszej pracy nad projektem<\/strong>&nbsp;\ud83d\ude42. Spotkanie pozwoli\u0142o po\u0142\u0105czy\u0107 edukacj\u0119 historyczn\u0105 z prezentacj\u0105 nowoczesnych technologii w edukacji.<\/p>\n<\/div>\n<\/div>\n\n\n\n<h2 class=\"wp-block-heading wp-embed-aspect-16-9 wp-has-aspect-ratio has-text-color has-link-color wp-elements-11cf4db5c570667657343bd700785c08\" style=\"color:#07580b\">18.07.2025<\/h2>\n\n\n\n<p class=\"wp-embed-aspect-16-9 wp-has-aspect-ratio has-primary-color has-text-color has-link-color wp-elements-30b9667df863c4f29fd3f505a7ad2cd6\"><strong><strong>Letnie spotkanie online \u2013 projekt \u201eThe Power of AR and VR\u201d<\/strong><\/strong><\/p>\n\n\n\n<div class=\"wp-block-columns wp-embed-aspect-16-9 wp-has-aspect-ratio is-layout-flex wp-container-core-columns-is-layout-28f84493 wp-block-columns-is-layout-flex\">\n<div class=\"wp-block-column is-layout-constrained wp-block-column-is-layout-constrained\" style=\"flex-basis:30%\">\n<figure class=\"wp-block-image size-full is-resized\"><img loading=\"lazy\" decoding=\"async\" width=\"400\" height=\"211\" src=\"https:\/\/szkola.2lo.pl\/wp-content\/uploads\/2025\/09\/a41.webp\" alt=\"\" class=\"wp-image-6124\" style=\"width:258px;height:auto\" srcset=\"https:\/\/szkola.2lo.pl\/wp-content\/uploads\/2025\/09\/a41.webp 400w, https:\/\/szkola.2lo.pl\/wp-content\/uploads\/2025\/09\/a41-300x158.webp 300w\" sizes=\"auto, (max-width: 400px) 100vw, 400px\" \/><\/figure>\n<\/div>\n\n\n\n<div class=\"wp-block-column is-layout-flow wp-block-column-is-layout-flow\" style=\"flex-basis:66.66%\">\n<p>W ramach&nbsp;<strong>letniego spotkania online<\/strong>&nbsp;partnerzy projektu&nbsp;<strong>\u201eThe Power of AR and VR\u201d<\/strong>&nbsp;om\u00f3wili kluczowe kwestie zwi\u0105zane z realizacj\u0105 projektu. Spotkanie obejmowa\u0142o:<\/p>\n\n\n\n<ul class=\"wp-block-list\">\n<li><strong>Kontrol\u0119 jako\u015bci dzia\u0142a\u0144<\/strong>&nbsp;\u2013 om\u00f3wiono realizacj\u0119 dotychczasowych wynik\u00f3w intelektualnych (IO1) oraz zgodno\u015b\u0107 dzia\u0142a\u0144 z harmonogramem i wytycznymi Erasmus+;<\/li>\n\n\n\n<li><strong>Dzia\u0142ania disseminacyjne<\/strong>&nbsp;\u2013 analizowano dotychczasowe efekty promocji projektu i planowano kolejne kroki w zakresie rozpowszechniania rezultat\u00f3w;<\/li>\n\n\n\n<li><strong>Ewaluacj\u0119 dzia\u0142a\u0144<\/strong>&nbsp;\u2013 oceniono post\u0119p i skuteczno\u015b\u0107 dzia\u0142a\u0144 pilota\u017cowych, szkole\u0144 i warsztat\u00f3w z uczestnikami projektu;<\/li>\n\n\n\n<li><strong>Planowanie dzia\u0142a\u0144 IO2<\/strong>&nbsp;\u2013 partnerzy przygotowali harmonogram oraz strategie tworzenia i wdra\u017cania narz\u0119dzi edukacyjnych w ramach IO2, w tym szablon\u00f3w dla zaj\u0119\u0107 z wykorzystaniem technologii AR i VR.<\/li>\n<\/ul>\n\n\n\n<p>Spotkanie umo\u017cliwi\u0142o&nbsp;<strong>wzmocnienie wsp\u00f3\u0142pracy mi\u0119dzy partnerami<\/strong>, wymian\u0119 do\u015bwiadcze\u0144 i ustalenie kolejnych krok\u00f3w, kt\u00f3re zapewni\u0105 terminow\u0105 i wysokiej jako\u015bci realizacj\u0119 projektu.<\/p>\n<\/div>\n<\/div>\n\n\n\n<h2 class=\"wp-block-heading wp-embed-aspect-16-9 wp-has-aspect-ratio has-text-color has-link-color wp-elements-378452fb858116c14d2258a7c4fcaeab\" style=\"color:#07580b\">10.07.2025<\/h2>\n\n\n\n<p class=\"wp-embed-aspect-16-9 wp-has-aspect-ratio has-primary-color has-text-color has-link-color wp-elements-0024e22775bf1d6548f9c30c4563e820\"><strong><strong> Wakacyjne wyk\u0142ady o Historii D\u017awirzyna<\/strong><\/strong><\/p>\n\n\n\n<div class=\"wp-block-columns wp-embed-aspect-16-9 wp-has-aspect-ratio is-layout-flex wp-container-core-columns-is-layout-28f84493 wp-block-columns-is-layout-flex\">\n<div class=\"wp-block-column is-layout-constrained wp-block-column-is-layout-constrained\" style=\"flex-basis:30%\">\n<figure class=\"wp-block-image size-full is-resized\"><img loading=\"lazy\" decoding=\"async\" width=\"400\" height=\"254\" src=\"https:\/\/szkola.2lo.pl\/wp-content\/uploads\/2025\/09\/a40.webp\" alt=\"\" class=\"wp-image-6123\" style=\"width:258px;height:auto\" srcset=\"https:\/\/szkola.2lo.pl\/wp-content\/uploads\/2025\/09\/a40.webp 400w, https:\/\/szkola.2lo.pl\/wp-content\/uploads\/2025\/09\/a40-300x191.webp 300w\" sizes=\"auto, (max-width: 400px) 100vw, 400px\" \/><\/figure>\n<\/div>\n\n\n\n<div class=\"wp-block-column is-layout-flow wp-block-column-is-layout-flow\" style=\"flex-basis:66.66%\">\n<p>Jacek Kawa\u0142ek&nbsp;rozpocz\u0105\u0142 wakacyjne wyk\u0142ady o Historii D\u017awirzyna, podczas kt\u00f3rych zaprezentowa\u0142 r\u00f3wnie\u017c projekt The Power of AR and VR. Spotkania cieszy\u0142y si\u0119 du\u017cym zainteresowaniem \u2013 mieszka\u0144cy oraz tury\u015bci licznie uczestniczyli i aktywnie anga\u017cowali si\u0119 w dyskusje. Jacek serdecznie podzi\u0119kowa\u0142 wszystkim za udzia\u0142 i zaprosi\u0142 na kolejne wyk\u0142ady. \ud83d\ude42<\/p>\n<\/div>\n<\/div>\n\n\n\n<h2 class=\"wp-block-heading wp-embed-aspect-16-9 wp-has-aspect-ratio has-text-color has-link-color wp-elements-61f21955b2b236763208698147fe2eb1\" style=\"color:#07580b\">08.07.2025<\/h2>\n\n\n\n<p class=\"wp-embed-aspect-16-9 wp-has-aspect-ratio has-primary-color has-text-color has-link-color wp-elements-44b4ffdf65020a97fc6e849ae007a6fe\"><strong><strong> Zaj\u0119cia dla uczestnik\u00f3w m\u0142odzie\u017cowego obozu&nbsp;<strong>Zwi\u0105zku Ochotniczych Stra\u017cy Po\u017carnych z \u0141odzi<\/strong><\/strong><\/strong><\/p>\n\n\n\n<div class=\"wp-block-columns wp-embed-aspect-16-9 wp-has-aspect-ratio is-layout-flex wp-container-core-columns-is-layout-28f84493 wp-block-columns-is-layout-flex\">\n<div class=\"wp-block-column is-layout-constrained wp-block-column-is-layout-constrained\" style=\"flex-basis:30%\">\n<figure class=\"wp-block-image size-full is-resized\"><img loading=\"lazy\" decoding=\"async\" width=\"400\" height=\"256\" src=\"https:\/\/szkola.2lo.pl\/wp-content\/uploads\/2025\/09\/a38.webp\" alt=\"\" class=\"wp-image-6121\" style=\"width:258px;height:auto\" srcset=\"https:\/\/szkola.2lo.pl\/wp-content\/uploads\/2025\/09\/a38.webp 400w, https:\/\/szkola.2lo.pl\/wp-content\/uploads\/2025\/09\/a38-300x192.webp 300w\" sizes=\"auto, (max-width: 400px) 100vw, 400px\" \/><\/figure>\n<\/div>\n\n\n\n<div class=\"wp-block-column is-layout-flow wp-block-column-is-layout-flow\" style=\"flex-basis:66.66%\">\n<p><strong>Jacek Kawa\u0142ek<\/strong>&nbsp;poprowadzi\u0142 niezwyk\u0142\u0105 prezentacj\u0119 projekt\u00f3w&nbsp;<strong>3D<\/strong>&nbsp;podczas zaj\u0119\u0107 dla uczestnik\u00f3w m\u0142odzie\u017cowego obozu&nbsp;<strong>Zwi\u0105zku Ochotniczych Stra\u017cy Po\u017carnych z \u0141odzi<\/strong>. Spotkanie by\u0142o pe\u0142ne pasji i inspiracji, a na zako\u0144czenie Jacek zosta\u0142 uhonorowany tytu\u0142em&nbsp;<strong>oficjalnego przyjaciela stra\u017cak\u00f3w<\/strong>&nbsp;oraz otrzyma\u0142&nbsp;<strong>medal<\/strong>&nbsp;\ud83c\udfc5. By\u0142 to wyj\u0105tkowy i bardzo wzruszaj\u0105cy moment, z kt\u00f3rego jest niezwykle dumny. \ud83d\ude42<\/p>\n<\/div>\n<\/div>\n\n\n\n<h2 class=\"wp-block-heading wp-embed-aspect-16-9 wp-has-aspect-ratio has-text-color has-link-color wp-elements-61f21955b2b236763208698147fe2eb1\" style=\"color:#07580b\">08.07.2025<\/h2>\n\n\n\n<p class=\"wp-embed-aspect-16-9 wp-has-aspect-ratio has-primary-color has-text-color has-link-color wp-elements-d43b682859f554883f3f9eeeaabdd80d\"><strong><strong> Wyk\u0142ady o HISTORII D\u0179WIRZYNA   <\/strong><\/strong><\/p>\n\n\n\n<div class=\"wp-block-columns wp-embed-aspect-16-9 wp-has-aspect-ratio is-layout-flex wp-container-core-columns-is-layout-28f84493 wp-block-columns-is-layout-flex\">\n<div class=\"wp-block-column is-layout-constrained wp-block-column-is-layout-constrained\" style=\"flex-basis:30%\">\n<figure class=\"wp-block-image size-full is-resized\"><img loading=\"lazy\" decoding=\"async\" width=\"400\" height=\"207\" src=\"https:\/\/szkola.2lo.pl\/wp-content\/uploads\/2025\/09\/a39.webp\" alt=\"\" class=\"wp-image-6120\" style=\"width:258px;height:auto\" srcset=\"https:\/\/szkola.2lo.pl\/wp-content\/uploads\/2025\/09\/a39.webp 400w, https:\/\/szkola.2lo.pl\/wp-content\/uploads\/2025\/09\/a39-300x155.webp 300w\" sizes=\"auto, (max-width: 400px) 100vw, 400px\" \/><\/figure>\n<\/div>\n\n\n\n<div class=\"wp-block-column is-layout-flow wp-block-column-is-layout-flow\" style=\"flex-basis:66.66%\">\n<p>W czwartek 10 lipca o godzinie 19.45 w Ko\u015bciele Parafialnym w D\u017awirzynie rozpoczynam seri\u0119 wyk\u0142ad\u00f3w o HISTORII D\u0179WIRZYNA realizowanego w ramach projektu KO\u0141OBRZEG 3D (<a href=\"https:\/\/l.facebook.com\/l.php?u=https%3A%2F%2Fkolobrzeg3d.2lo.pl%2F%3Ffbclid%3DIwZXh0bgNhZW0CMTAAYnJpZBEwYm10WG0zMW9oQko4R1pRagEeGohtyhtVEKjkJNl2cYyynKITLLrPoT0tsMFvvYTta6DZrQgYZyNpVmo3lGs_aem_oMpCSq0HfPdsyfD7VhuimA&amp;h=AT36bFkLHdFElXiuuIL-hHt7EF-bIAfEKaowkHasef5gIkSg7haTYoF5HzLWFFxP7xee9_KT3se0RBjuWJZ6O0FUVEV27Ef1Nd4AOxymWSAVQHmRovQ0yCj2GcUIuFPLLmxDhqHqeuwIdWYslJ80hXFHvIvwWS4H&amp;__tn__=-UK-R&amp;c[0]=AT0vjuFxYy8qq4XVZH0qgkw7dDKO61Cma6608FD4n9sO3kZIcBgyuQdASeoVr0YBLQGUnHNRKylX-mNGyjnV_ebmmzntss4wu8YHHAMuUMVDYTpAHFee7A27ufDzdTzCIEaD4aumWnoL__OF6lRI4aOA6Pu5fkA8_ORM5a4qTLMjJJvv1Jw\" target=\"_blank\" rel=\"noreferrer noopener\">https:\/\/kolobrzeg3d.2lo.pl\/<\/a>) w Zespole Szk\u00f3\u0142 Nr 1 im. H. Sienkiewicza w Ko\u0142obrzegu. Materia\u0142y do projektu wykonali uczniowie tej szko\u0142y. Mi\u0119dzy innymi za pomoc\u0105 zdj\u0119\u0107, film\u00f3w oraz animacji i okular\u00f3w 3D, b\u0119dzie mo\u017cna zobaczy\u0107 modele budynk\u00f3w lub przemieszcza\u0107 si\u0119 po dawnym D\u017awirzynie i Ko\u0142obrzegu. Szczeg\u00f3\u0142y na stronie&nbsp;<a href=\"https:\/\/dzwirzyno.cyfrowepomorze.edu.pl\/?fbclid=IwZXh0bgNhZW0CMTAAYnJpZBEwYm10WG0zMW9oQko4R1pRagEeRRttUttmPPdMeMDV3lO3Hg1YIiSv3l8JdTJhstTZN1lLioCj5Myr-vFd67w_aem_IA0ZpgPwMfcAb27gjB-inA\" target=\"_blank\" rel=\"noreferrer noopener\">https:\/\/dzwirzyno.cyfrowepomorze.edu.pl\/<\/a>&nbsp;SERDECZNIE ZAPRASZAM.<\/p>\n<\/div>\n<\/div>\n\n\n\n<h2 class=\"wp-block-heading wp-embed-aspect-16-9 wp-has-aspect-ratio has-text-color has-link-color wp-elements-515466b6520b3b0bda99dcce59982dba\" style=\"color:#07580b\">05.07.2025<\/h2>\n\n\n\n<p class=\"wp-embed-aspect-16-9 wp-has-aspect-ratio has-primary-color has-text-color has-link-color wp-elements-ec10d4dac4624144a2ec99fcc382f111\"><strong><strong> TECHNOLOGIA 3D prezentacja dla sportowc\u00f3w <\/strong><\/strong><\/p>\n\n\n\n<div class=\"wp-block-columns wp-embed-aspect-16-9 wp-has-aspect-ratio is-layout-flex wp-container-core-columns-is-layout-28f84493 wp-block-columns-is-layout-flex\">\n<div class=\"wp-block-column is-layout-constrained wp-block-column-is-layout-constrained\" style=\"flex-basis:30%\">\n<figure class=\"wp-block-image size-full is-resized\"><img loading=\"lazy\" decoding=\"async\" width=\"400\" height=\"218\" src=\"https:\/\/szkola.2lo.pl\/wp-content\/uploads\/2025\/09\/a37.webp\" alt=\"\" class=\"wp-image-6119\" style=\"width:258px;height:auto\" srcset=\"https:\/\/szkola.2lo.pl\/wp-content\/uploads\/2025\/09\/a37.webp 400w, https:\/\/szkola.2lo.pl\/wp-content\/uploads\/2025\/09\/a37-300x164.webp 300w\" sizes=\"auto, (max-width: 400px) 100vw, 400px\" \/><\/figure>\n<\/div>\n\n\n\n<div class=\"wp-block-column is-layout-flow wp-block-column-is-layout-flow\" style=\"flex-basis:66.66%\">\n<p>W D\u017awirzynie sezon letni ruszy\u0142 w pe\u0142ni. Dzi\u0119ki temu mog\u0142em przedstawi\u0107 zaprzyja\u017anionemu szkolnemu klubowi siatkarskiemu z Cz\u0119stochowy, kt\u00f3ry tu przyjecha\u0142 na ob\u00f3z sportowy, jak realizujemy projekty KO\u0141OBRZEG 3D,&nbsp;<a href=\"https:\/\/www.facebook.com\/profile.php?id=61567387757062&amp;__cft__[0]=AZXP6XAwEu3TjeeZK78cIZZnwu-uECP0auJakgv5HNAgUpAaVrsSQoBIOlTHTpIa7M2sw8TQwMbIrYXG7MFKzEbgcVMAr5-OA6NOXo5otaDdsQUjB5tQxiBNXaM7t1LwxLlP_xN0RDTzSQ0rWGnTSMEyAQu8TSKgvpF3xjBAZpveMg&amp;__tn__=-]K-R\" target=\"_blank\" rel=\"noreferrer noopener\">The Power of AR and VR<\/a>&nbsp;oraz HISTORI\u0118 D\u0179WIRZYNA.<\/p>\n<\/div>\n<\/div>\n\n\n\n<h2 class=\"wp-block-heading wp-embed-aspect-16-9 wp-has-aspect-ratio has-text-color has-link-color wp-elements-bd46a064418e3fb3eb37585bfa4b1a4a\" style=\"color:#07580b\">26.06.2025<\/h2>\n\n\n\n<p class=\"wp-embed-aspect-16-9 wp-has-aspect-ratio has-primary-color has-text-color has-link-color wp-elements-017e98426e9c88d70d8a08b53f0b1153\"><strong><strong> Jak przy pomocy TECHNOLOGII 3D zaprezentowa\u0107 histori\u0119 <\/strong><\/strong><\/p>\n\n\n\n<div class=\"wp-block-columns wp-embed-aspect-16-9 wp-has-aspect-ratio is-layout-flex wp-container-core-columns-is-layout-28f84493 wp-block-columns-is-layout-flex\">\n<div class=\"wp-block-column is-layout-constrained wp-block-column-is-layout-constrained\" style=\"flex-basis:30%\">\n<figure class=\"wp-block-image size-full is-resized\"><img loading=\"lazy\" decoding=\"async\" width=\"400\" height=\"403\" src=\"https:\/\/szkola.2lo.pl\/wp-content\/uploads\/2025\/09\/a36.webp\" alt=\"\" class=\"wp-image-6117\" style=\"width:258px;height:auto\" srcset=\"https:\/\/szkola.2lo.pl\/wp-content\/uploads\/2025\/09\/a36.webp 400w, https:\/\/szkola.2lo.pl\/wp-content\/uploads\/2025\/09\/a36-298x300.webp 298w, https:\/\/szkola.2lo.pl\/wp-content\/uploads\/2025\/09\/a36-150x150.webp 150w\" sizes=\"auto, (max-width: 400px) 100vw, 400px\" \/><\/figure>\n<\/div>\n\n\n\n<div class=\"wp-block-column is-layout-flow wp-block-column-is-layout-flow\" style=\"flex-basis:66.66%\">\n<p>JAK PRZY POMOCY TECHNOLOGII 3D ZAPREZENTOWA\u0106 HISTORI\u0118 MIASTA. To temat dzisiejszego spotkania z dwoma grupami ko\u0142obrzeskich senior\u00f3w kt\u00f3re zorganizowali\u015bmy w ramach projektu&nbsp;<a href=\"https:\/\/www.facebook.com\/profile.php?id=61567387757062&amp;__cft__[0]=AZUNoiF7NAorgvRLhdWfjT96r9HfBpyxnMdhXaEzGf7AFYsv4hJ8FhfxupwpKhGN-ZPjlrGYsWi8fSsqBN7ARVNu0ij3GU0IMNdQVfmI4XSHjzulrDv4LWina-dvmT6wXCMwPaE97S2N6EDoxZEc8WZJYsOMiYG2Z3LxujNHNw-33w&amp;__tn__=-]K-R\" target=\"_blank\" rel=\"noreferrer noopener\">The Power of AR and VR<\/a>. Takie spotkania s\u0105 bardzo mi\u0142e i po wakacjach planujemy nast\u0119pne.<\/p>\n<\/div>\n<\/div>\n\n\n\n<h2 class=\"wp-block-heading wp-embed-aspect-16-9 wp-has-aspect-ratio has-text-color has-link-color wp-elements-1e1f984427438b676ba6314b128ef11c\" style=\"color:#07580b\">23.06.2025<\/h2>\n\n\n\n<p class=\"wp-embed-aspect-16-9 wp-has-aspect-ratio has-primary-color has-text-color has-link-color wp-elements-6232aa8ec0421a598d54c49cae2d22a0\"><strong><strong> Projekt o HISTORII D\u0179WIRZYNIA<\/strong><\/strong><\/p>\n\n\n\n<div class=\"wp-block-columns wp-embed-aspect-16-9 wp-has-aspect-ratio is-layout-flex wp-container-core-columns-is-layout-28f84493 wp-block-columns-is-layout-flex\">\n<div class=\"wp-block-column is-layout-constrained wp-block-column-is-layout-constrained\" style=\"flex-basis:30%\">\n<figure class=\"wp-block-image size-full is-resized\"><img loading=\"lazy\" decoding=\"async\" width=\"400\" height=\"253\" src=\"https:\/\/szkola.2lo.pl\/wp-content\/uploads\/2025\/09\/a35.webp\" alt=\"\" class=\"wp-image-6115\" style=\"width:258px;height:auto\" srcset=\"https:\/\/szkola.2lo.pl\/wp-content\/uploads\/2025\/09\/a35.webp 400w, https:\/\/szkola.2lo.pl\/wp-content\/uploads\/2025\/09\/a35-300x190.webp 300w\" sizes=\"auto, (max-width: 400px) 100vw, 400px\" \/><\/figure>\n<\/div>\n\n\n\n<div class=\"wp-block-column is-layout-flow wp-block-column-is-layout-flow\" style=\"flex-basis:66.66%\">\n<p>Tak jak w tamtym roku podczas wakacji w D\u017awirzynie wsp\u00f3lnie z&nbsp;<a href=\"https:\/\/www.facebook.com\/cd3D.koszalin?__cft__[0]=AZW8L8zRyQcrILklAdynHLTs7mLtGQ2BexfLvt4pkHXcb0Y5CjxlEju3qu6fA5Vefxy5vsHG7exkpmYf-BofrhfLmSa6uV9WveJA7uJ4oWlUe6Kp9Kv3FUEEJmqdtpaSxEctkOqMdY3AemLDD9DFuA5I-f5w1pZOjh-xTwjSV0Jcuw&amp;__tn__=-]K-R\" target=\"_blank\" rel=\"noreferrer noopener\">Centrum Druku 3D Politechniki Koszali\u0144skiej Wydzia\u0142u Mechanicznego<\/a>, b\u0119dziemy realizowa\u0107 projekt o HISTORII D\u0179WIRZYNIA. Dodatkowo w ramach projektu&nbsp;<a href=\"https:\/\/www.facebook.com\/profile.php?id=61567387757062&amp;__cft__[0]=AZW8L8zRyQcrILklAdynHLTs7mLtGQ2BexfLvt4pkHXcb0Y5CjxlEju3qu6fA5Vefxy5vsHG7exkpmYf-BofrhfLmSa6uV9WveJA7uJ4oWlUe6Kp9Kv3FUEEJmqdtpaSxEctkOqMdY3AemLDD9DFuA5I-f5w1pZOjh-xTwjSV0Jcuw&amp;__tn__=-]K-R\" target=\"_blank\" rel=\"noreferrer noopener\">The Power of AR and VR<\/a>&nbsp;opracowa\u0142em materia\u0142y jak tworzy\u0107 modele do AR i VR kt\u00f3re wykorzystamy w tym projekcie. Nied\u0142ugo rozwiesimy banery informacyjne. Szczeg\u00f3\u0142y na stronie&nbsp;<a href=\"https:\/\/dzwirzyno.cyfrowepomorze.edu.pl\/?fbclid=IwZXh0bgNhZW0CMTAAYnJpZBEwYm10WG0zMW9oQko4R1pRagEeE0hgs_DJRFXF5kq7bdrbsw1eX7C8_e4nnuhkj8pVGiB1sR2J3M72mx5lQIs_aem_3nQeTV9Fx2Oa_6DLyFtHeg\" target=\"_blank\" rel=\"noreferrer noopener\">https:\/\/dzwirzyno.cyfrowepomorze.edu.pl<\/a><\/p>\n<\/div>\n<\/div>\n\n\n\n<h2 class=\"wp-block-heading wp-embed-aspect-16-9 wp-has-aspect-ratio has-text-color has-link-color wp-elements-fb75201cc991f9d4270efcfb5de037f3\" style=\"color:#07580b\">08.06.2025<\/h2>\n\n\n\n<p class=\"wp-embed-aspect-16-9 wp-has-aspect-ratio has-primary-color has-text-color has-link-color wp-elements-66aacb67881121cae95314799b9313a6\"><strong><strong> Piknik Historycznym w Budzistowie<\/strong><\/strong><\/p>\n\n\n\n<div class=\"wp-block-columns wp-embed-aspect-16-9 wp-has-aspect-ratio is-layout-flex wp-container-core-columns-is-layout-28f84493 wp-block-columns-is-layout-flex\">\n<div class=\"wp-block-column is-layout-constrained wp-block-column-is-layout-constrained\" style=\"flex-basis:30%\">\n<figure class=\"wp-block-image size-full is-resized\"><img loading=\"lazy\" decoding=\"async\" width=\"400\" height=\"282\" src=\"https:\/\/szkola.2lo.pl\/wp-content\/uploads\/2025\/09\/a34.webp\" alt=\"\" class=\"wp-image-6113\" style=\"width:258px;height:auto\" srcset=\"https:\/\/szkola.2lo.pl\/wp-content\/uploads\/2025\/09\/a34.webp 400w, https:\/\/szkola.2lo.pl\/wp-content\/uploads\/2025\/09\/a34-300x212.webp 300w\" sizes=\"auto, (max-width: 400px) 100vw, 400px\" \/><\/figure>\n<\/div>\n\n\n\n<div class=\"wp-block-column is-layout-flow wp-block-column-is-layout-flow\" style=\"flex-basis:66.66%\">\n<p>Razem z Panem prof.&nbsp;<a href=\"https:\/\/www.facebook.com\/tomasz.krolikowski.37?__cft__[0]=AZWq_9tCmMg_h1wX0qPiFmF17r0Q2OdOFwlWFjGQThQb2HKnVULGQCW8si7hUCDwDQ-VwGTXuVxXFjwN5nMN3eZ8pHws002JgVNc80oZhdP7RL1hn7NhXQhiMeiglTtF0sylLLV1JyRYIwFFqPoR5fOr8IyXb7zv0GrZ-retgxAaMA&amp;__tn__=-]K-R\" target=\"_blank\" rel=\"noreferrer noopener\">Tomasz Kr\u00f3likowski<\/a>&nbsp;z Politechniki Koszali\u0144skiej, na Pikniku Historycznym w Budzistowie, mogli\u015bmy zaprezentowa\u0107 jak w ciekawy spos\u00f3b zaprezentowa\u0107 histori\u0119 stosuj\u0105c wirtualn\u0105 i rozszerzon\u0105 rzeczywisto\u015b\u0107.<\/p>\n<\/div>\n<\/div>\n\n\n\n<h2 class=\"wp-block-heading wp-embed-aspect-16-9 wp-has-aspect-ratio has-text-color has-link-color wp-elements-3e3cb7c51b3db83bb7168a2f6f4ffd86\" style=\"color:#07580b\">07.06.2025<\/h2>\n\n\n\n<p class=\"wp-embed-aspect-16-9 wp-has-aspect-ratio has-primary-color has-text-color has-link-color wp-elements-6a463309d1618b2a6782ef6549fbfe05\"><strong><strong> W ramach<strong> projektu Erasmus+ \u201eThe Power of AR and VR\u201d<\/strong> zaj\u0119cia w&nbsp;<strong>Gdy\u0144skim O\u015brodku Doskonalenia Nauczycieli<\/strong><\/strong><\/strong><\/p>\n\n\n\n<div class=\"wp-block-columns wp-embed-aspect-16-9 wp-has-aspect-ratio is-layout-flex wp-container-core-columns-is-layout-28f84493 wp-block-columns-is-layout-flex\">\n<div class=\"wp-block-column is-layout-constrained wp-block-column-is-layout-constrained\" style=\"flex-basis:30%\">\n<figure class=\"wp-block-image size-full is-resized\"><img loading=\"lazy\" decoding=\"async\" width=\"400\" height=\"255\" src=\"https:\/\/szkola.2lo.pl\/wp-content\/uploads\/2025\/09\/a33.webp\" alt=\"\" class=\"wp-image-6111\" style=\"width:258px;height:auto\" srcset=\"https:\/\/szkola.2lo.pl\/wp-content\/uploads\/2025\/09\/a33.webp 400w, https:\/\/szkola.2lo.pl\/wp-content\/uploads\/2025\/09\/a33-300x191.webp 300w\" sizes=\"auto, (max-width: 400px) 100vw, 400px\" \/><\/figure>\n<\/div>\n\n\n\n<div class=\"wp-block-column is-layout-flow wp-block-column-is-layout-flow\" style=\"flex-basis:66.66%\">\n<p><strong>Jacek Kawa\u0142ek<\/strong>&nbsp;podzi\u0119kowa\u0142&nbsp;<strong>Beacie Chojnowskiej-G\u0105siorek<\/strong>&nbsp;za mo\u017cliwo\u015b\u0107 przeprowadzenia zaj\u0119\u0107 w&nbsp;<strong>Gdy\u0144skim O\u015brodku Doskonalenia Nauczycieli<\/strong>. Podczas spotkania uczestnicy mieli okazj\u0119 pozna\u0107 podstawy&nbsp;<strong>modelowania i druku 3D<\/strong>, a tak\u017ce zapozna\u0107 si\u0119 z za\u0142o\u017ceniami projektu&nbsp;<strong>The Power of AR and VR<\/strong>. Grupa okaza\u0142a si\u0119 niezwykle kreatywna i aktywna, co sprawi\u0142o, \u017ce warsztaty przebieg\u0142y w inspiruj\u0105cej atmosferze. \ud83d\ude00<\/p>\n<\/div>\n<\/div>\n\n\n\n<h2 class=\"wp-block-heading wp-embed-aspect-16-9 wp-has-aspect-ratio has-text-color has-link-color wp-elements-d5dd73eb9b649948c9dc11ea92175bc1\" style=\"color:#07580b\">29.05.2025<\/h2>\n\n\n\n<p class=\"wp-embed-aspect-16-9 wp-has-aspect-ratio has-primary-color has-text-color has-link-color wp-elements-c0396d1a4289696e45db0fcc7659e94b\"><strong><strong>Spotkanie w ramach<strong> projektu Erasmus+ \u201eThe Power of AR and VR\u201d<\/strong> z seniorami&nbsp;<\/strong><\/strong><\/p>\n\n\n\n<div class=\"wp-block-columns wp-embed-aspect-16-9 wp-has-aspect-ratio is-layout-flex wp-container-core-columns-is-layout-28f84493 wp-block-columns-is-layout-flex\">\n<div class=\"wp-block-column is-layout-constrained wp-block-column-is-layout-constrained\" style=\"flex-basis:30%\">\n<figure class=\"wp-block-image size-full is-resized\"><img loading=\"lazy\" decoding=\"async\" width=\"400\" height=\"181\" src=\"https:\/\/szkola.2lo.pl\/wp-content\/uploads\/2025\/09\/a32.webp\" alt=\"\" class=\"wp-image-6109\" style=\"width:258px;height:auto\" srcset=\"https:\/\/szkola.2lo.pl\/wp-content\/uploads\/2025\/09\/a32.webp 400w, https:\/\/szkola.2lo.pl\/wp-content\/uploads\/2025\/09\/a32-300x136.webp 300w\" sizes=\"auto, (max-width: 400px) 100vw, 400px\" \/><\/figure>\n<\/div>\n\n\n\n<div class=\"wp-block-column is-layout-flow wp-block-column-is-layout-flow\" style=\"flex-basis:66.66%\">\n<p>W ramach projektu&nbsp;<strong>The Power of AR and VR<\/strong>&nbsp;odby\u0142o si\u0119 kolejne spotkanie z ko\u0142obrzeskimi seniorami. Tym razem&nbsp;<strong>Jacek Kawa\u0142ek<\/strong>&nbsp;wraz z kole\u017cank\u0105&nbsp;<strong>Ma\u0142gorzat\u0105<\/strong>&nbsp;oraz grup\u0105 wolontariuszy przeprowadzili zaj\u0119cia, podczas kt\u00f3rych zaprezentowali, jak w ich projektach wykorzystywana jest&nbsp;<strong>Sztuczna Inteligencja<\/strong>&nbsp;oraz nowoczesne technologie. Spotkanie cieszy\u0142o si\u0119 du\u017cym zainteresowaniem i sta\u0142o si\u0119 okazj\u0105 do inspiruj\u0105cej dyskusji o roli innowacyjnych narz\u0119dzi w edukacji i codziennym \u017cyciu.<\/p>\n<\/div>\n<\/div>\n\n\n\n<h2 class=\"wp-block-heading wp-embed-aspect-16-9 wp-has-aspect-ratio has-text-color has-link-color wp-elements-cc99c3c6549c3905acde8103b8b4a072\" style=\"color:#07580b\">17.05.2025<\/h2>\n\n\n\n<p class=\"wp-embed-aspect-16-9 wp-has-aspect-ratio has-primary-color has-text-color has-link-color wp-elements-8bc578b22ecdd272fcacb69d8c5b8f3a\"><strong><strong>&nbsp;<strong>IX Konferencja Naukowa \u201eWsp\u00f3\u0142czesny cz\u0142owiek wobec wyzwa\u0144 i zagro\u017ce\u0144 cyberprzestrzeni\u201d<\/strong><\/strong><\/strong><\/p>\n\n\n\n<div class=\"wp-block-columns wp-embed-aspect-16-9 wp-has-aspect-ratio is-layout-flex wp-container-core-columns-is-layout-28f84493 wp-block-columns-is-layout-flex\">\n<div class=\"wp-block-column is-layout-constrained wp-block-column-is-layout-constrained\" style=\"flex-basis:30%\">\n<figure class=\"wp-block-image size-full is-resized\"><img loading=\"lazy\" decoding=\"async\" width=\"400\" height=\"218\" src=\"https:\/\/szkola.2lo.pl\/wp-content\/uploads\/2025\/09\/a31.webp\" alt=\"\" class=\"wp-image-6107\" style=\"width:258px;height:auto\" srcset=\"https:\/\/szkola.2lo.pl\/wp-content\/uploads\/2025\/09\/a31.webp 400w, https:\/\/szkola.2lo.pl\/wp-content\/uploads\/2025\/09\/a31-300x164.webp 300w\" sizes=\"auto, (max-width: 400px) 100vw, 400px\" \/><\/figure>\n<\/div>\n\n\n\n<div class=\"wp-block-column is-layout-flow wp-block-column-is-layout-flow\" style=\"flex-basis:66.66%\">\n<p>Za nami&nbsp;<strong>IX Konferencja Naukowa \u201eWsp\u00f3\u0142czesny cz\u0142owiek wobec wyzwa\u0144 i zagro\u017ce\u0144 cyberprzestrzeni\u201d<\/strong>, kt\u00f3ra odby\u0142a si\u0119 w dniach&nbsp;<strong>14\u201316 maja 2025 r.<\/strong>&nbsp;w Ustce, w&nbsp;<strong>Hotelu Morze<\/strong>&nbsp;\ud83c\udfe8\u2693.<br>Tematem przewodnim wydarzenia by\u0142o:<\/p>\n\n\n\n<p><strong>\u201eCyberprzestrze\u0144 \u2013 przekraczanie granic rzeczywisto\u015bci, bezpiecze\u0144stwa i kontroli\u201d<\/strong>&nbsp;\ud83c\udf10\ud83d\udea7\ud83d\udee1\ufe0f<\/p>\n\n\n\n<p>odczas konferencji poruszano kluczowe zagadnienia zwi\u0105zane z:<br>\u27a1\ufe0f zagro\u017ceniami w sieci,<br>\u27a1\ufe0f cyberprzemoc\u0105,<br>\u27a1\ufe0f etyk\u0105 sztucznej inteligencji,<br>\u27a1\ufe0f edukacj\u0105 cyfrow\u0105,<br>\u27a1\ufe0f wyzwaniami stoj\u0105cymi przed wsp\u00f3\u0142czesnym cz\u0142owiekiem w erze technologii.<\/p>\n\n\n\n<p>W wydarzeniu uczestniczy\u0142 r\u00f3wnie\u017c&nbsp;<strong>Jacek Kawa\u0142ek<\/strong>&nbsp;z&nbsp;<strong>Zespo\u0142u Szk\u00f3\u0142 nr 1 im. H. Sienkiewicza w Ko\u0142obrzegu<\/strong>, kt\u00f3ry zaprezentowa\u0142 dzia\u0142ania i efekty realizowanego projektu&nbsp;<strong>Erasmus+ \u201eThe Power of AR and VR: Igniting Passion for Learning Through Innovative Technologies\u201d<\/strong>. Jego wyst\u0105pienie spotka\u0142o si\u0119 z du\u017cym zainteresowaniem i pokaza\u0142o, jak nowoczesne technologie immersyjne mog\u0105 wspiera\u0107 proces edukacji zawodowej i przygotowywa\u0107 m\u0142odzie\u017c do wyzwa\u0144 wsp\u00f3\u0142czesnego rynku pracy.<\/p>\n<\/div>\n<\/div>\n\n\n\n<h2 class=\"wp-block-heading wp-embed-aspect-16-9 wp-has-aspect-ratio has-text-color has-link-color wp-elements-71fe177c8dc14472e3b4f84763901833\" style=\"color:#07580b\">14.05.2025<\/h2>\n\n\n\n<p class=\"wp-embed-aspect-16-9 wp-has-aspect-ratio has-primary-color has-text-color has-link-color wp-elements-5da624d40a324384f0a875bb2523b97c\"><strong><strong>Jacek Kawa\u0142ek&nbsp;<\/strong><\/strong><\/p>\n\n\n\n<div class=\"wp-block-columns wp-embed-aspect-16-9 wp-has-aspect-ratio is-layout-flex wp-container-core-columns-is-layout-28f84493 wp-block-columns-is-layout-flex\">\n<div class=\"wp-block-column is-layout-constrained wp-block-column-is-layout-constrained\" style=\"flex-basis:30%\">\n<figure class=\"wp-block-image size-full is-resized\"><img loading=\"lazy\" decoding=\"async\" width=\"400\" height=\"270\" src=\"https:\/\/szkola.2lo.pl\/wp-content\/uploads\/2025\/09\/a30.webp\" alt=\"\" class=\"wp-image-6105\" style=\"width:258px;height:auto\" srcset=\"https:\/\/szkola.2lo.pl\/wp-content\/uploads\/2025\/09\/a30.webp 400w, https:\/\/szkola.2lo.pl\/wp-content\/uploads\/2025\/09\/a30-300x203.webp 300w\" sizes=\"auto, (max-width: 400px) 100vw, 400px\" \/><\/figure>\n<\/div>\n\n\n\n<div class=\"wp-block-column is-layout-flow wp-block-column-is-layout-flow\" style=\"flex-basis:66.66%\">\n<p><strong>Jacek Kawa\u0142ek<\/strong>&nbsp;\u2013 nauczyciel przedmiot\u00f3w zawodowych w&nbsp;<strong>Zespole Szk\u00f3\u0142 nr 1 im. Henryka Sienkiewicza w Ko\u0142obrzegu<\/strong>, koordynator wielu projekt\u00f3w mi\u0119dzynarodowych realizowanych w ramach programu&nbsp;<strong>Erasmus+<\/strong>. Specjalizuje si\u0119 w wykorzystaniu&nbsp;<strong>nowoczesnych technologii w edukacji<\/strong>, w szczeg\u00f3lno\u015bci&nbsp;<strong>rozszerzonej i wirtualnej rzeczywisto\u015bci (AR\/VR)<\/strong>&nbsp;oraz technologii 3D.<\/p>\n\n\n\n<p>Autor i wsp\u00f3\u0142realizator licznych inicjatyw edukacyjnych, w tym projektu&nbsp;<strong>\u201eThe Power of AR and VR: Igniting Passion for Learning Through Innovative Technologies\u201d<\/strong>, kt\u00f3rego celem jest wsparcie nauczycieli w integrowaniu technologii immersyjnych w proces dydaktyczny. Aktywnie anga\u017cuje si\u0119 w szkolenia, warsztaty i wydarzenia multiplikacyjne, dziel\u0105c si\u0119 do\u015bwiadczeniem i inspiruj\u0105c zar\u00f3wno nauczycieli, jak i uczni\u00f3w.<\/p>\n<\/div>\n<\/div>\n\n\n\n<h2 class=\"wp-block-heading wp-embed-aspect-16-9 wp-has-aspect-ratio has-text-color has-link-color wp-elements-4cb373304768266ba650150b58fad937\" style=\"color:#07580b\">11.05.2025<\/h2>\n\n\n\n<p class=\"wp-embed-aspect-16-9 wp-has-aspect-ratio has-primary-color has-text-color has-link-color wp-elements-ce03ebbf977fb13f75e5fb65e16cb477\"><strong><strong>Spotkanie w ramach&nbsp;<strong>pilota\u017cu IO1 projektu Erasmus+ \u201eThe Power of AR and VR\u201d<\/strong>&nbsp;<\/strong><\/strong><\/p>\n\n\n\n<div class=\"wp-block-columns wp-embed-aspect-16-9 wp-has-aspect-ratio is-layout-flex wp-container-core-columns-is-layout-28f84493 wp-block-columns-is-layout-flex\">\n<div class=\"wp-block-column is-layout-constrained wp-block-column-is-layout-constrained\" style=\"flex-basis:30%\">\n<figure class=\"wp-block-image size-full is-resized\"><img loading=\"lazy\" decoding=\"async\" width=\"400\" height=\"391\" src=\"https:\/\/szkola.2lo.pl\/wp-content\/uploads\/2025\/09\/a28.webp\" alt=\"\" class=\"wp-image-6102\" style=\"width:258px;height:auto\" srcset=\"https:\/\/szkola.2lo.pl\/wp-content\/uploads\/2025\/09\/a28.webp 400w, https:\/\/szkola.2lo.pl\/wp-content\/uploads\/2025\/09\/a28-300x293.webp 300w\" sizes=\"auto, (max-width: 400px) 100vw, 400px\" \/><\/figure>\n<\/div>\n\n\n\n<div class=\"wp-block-column is-layout-flow wp-block-column-is-layout-flow\" style=\"flex-basis:66.66%\">\n<p>Ostatni\u0105 grup\u0105, kt\u00f3rej mia\u0142em okazj\u0119 zaprezentowa\u0107 projekt&nbsp;<strong>Erasmus+ \u201eThe Power of AR and VR\u201d<\/strong>, byli&nbsp;<strong>studenci zaoczni Pedagogiki Wczesnoszkolnej Uniwersytetu Pomorskiego w S\u0142upsku<\/strong>.<\/p>\n\n\n\n<p>Chcia\u0142bym z\u0142o\u017cy\u0107&nbsp;<strong>serdeczne podzi\u0119kowania pani dr Jolancie Maci\u0105g oraz pani dr Joannie Grubickiej<\/strong>&nbsp;za mo\u017cliwo\u015b\u0107 wyst\u0105pienia podczas trzech dni zaj\u0119\u0107 i zaprezentowania studentom naszych projekt\u00f3w. Dzi\u0119ki tej wsp\u00f3\u0142pracy mogli\u015bmy pokaza\u0107 przysz\u0142ym nauczycielom potencja\u0142 wykorzystania technologii AR i VR w edukacji.<\/p>\n<\/div>\n<\/div>\n\n\n\n<h2 class=\"wp-block-heading wp-embed-aspect-16-9 wp-has-aspect-ratio has-text-color has-link-color wp-elements-4cb373304768266ba650150b58fad937\" style=\"color:#07580b\">11.05.2025<\/h2>\n\n\n\n<p class=\"wp-embed-aspect-16-9 wp-has-aspect-ratio has-primary-color has-text-color has-link-color wp-elements-ce03ebbf977fb13f75e5fb65e16cb477\"><strong><strong>Spotkanie w ramach&nbsp;<strong>pilota\u017cu IO1 projektu Erasmus+ \u201eThe Power of AR and VR\u201d<\/strong>&nbsp;<\/strong><\/strong><\/p>\n\n\n\n<div class=\"wp-block-columns wp-embed-aspect-16-9 wp-has-aspect-ratio is-layout-flex wp-container-core-columns-is-layout-28f84493 wp-block-columns-is-layout-flex\">\n<div class=\"wp-block-column is-layout-constrained wp-block-column-is-layout-constrained\" style=\"flex-basis:30%\">\n<figure class=\"wp-block-image size-full is-resized\"><img loading=\"lazy\" decoding=\"async\" width=\"400\" height=\"422\" src=\"https:\/\/szkola.2lo.pl\/wp-content\/uploads\/2025\/09\/a29.webp\" alt=\"\" class=\"wp-image-6103\" style=\"width:258px;height:auto\" srcset=\"https:\/\/szkola.2lo.pl\/wp-content\/uploads\/2025\/09\/a29.webp 400w, https:\/\/szkola.2lo.pl\/wp-content\/uploads\/2025\/09\/a29-284x300.webp 284w\" sizes=\"auto, (max-width: 400px) 100vw, 400px\" \/><\/figure>\n<\/div>\n\n\n\n<div class=\"wp-block-column is-layout-flow wp-block-column-is-layout-flow\" style=\"flex-basis:66.66%\">\n<p>Kolejna grupa student\u00f3w mia\u0142a okazj\u0119 uczestniczy\u0107 w prezentacji dotycz\u0105cej wykorzystania&nbsp;<strong>nowoczesnych technologii w edukacji<\/strong>&nbsp;w ramach projektu Erasmus+&nbsp;<strong>\u201eThe Power of AR and VR\u201d<\/strong>. Tym razem byli to&nbsp;<strong>studenci zaoczni kierunku Pedagogika Przedszkolna Uniwersytetu Pomorskiego w S\u0142upsku<\/strong>.<\/p>\n\n\n\n<p>Podczas zaj\u0119\u0107 zaprezentowano przyk\u0142ady praktycznego zastosowania technologii&nbsp;<strong>AR i VR<\/strong>&nbsp;w pracy nauczyciela, podkre\u015blaj\u0105c ich potencja\u0142 w rozwijaniu kreatywno\u015bci, interaktywno\u015bci i nowoczesnych metod dydaktycznych.<\/p>\n<\/div>\n<\/div>\n\n\n\n<h2 class=\"wp-block-heading wp-embed-aspect-16-9 wp-has-aspect-ratio has-text-color has-link-color wp-elements-47c00c824be3a428af2d540f85f792de\" style=\"color:#07580b\">09.05.2025<\/h2>\n\n\n\n<p class=\"wp-embed-aspect-16-9 wp-has-aspect-ratio has-primary-color has-text-color has-link-color wp-elements-ce03ebbf977fb13f75e5fb65e16cb477\"><strong><strong>Spotkanie w ramach&nbsp;<strong>pilota\u017cu IO1 projektu Erasmus+ \u201eThe Power of AR and VR\u201d<\/strong>&nbsp;<\/strong><\/strong><\/p>\n\n\n\n<div class=\"wp-block-columns wp-embed-aspect-16-9 wp-has-aspect-ratio is-layout-flex wp-container-core-columns-is-layout-28f84493 wp-block-columns-is-layout-flex\">\n<div class=\"wp-block-column is-layout-constrained wp-block-column-is-layout-constrained\" style=\"flex-basis:30%\">\n<figure class=\"wp-block-image size-full is-resized\"><img loading=\"lazy\" decoding=\"async\" width=\"400\" height=\"339\" src=\"https:\/\/szkola.2lo.pl\/wp-content\/uploads\/2025\/09\/a27.webp\" alt=\"\" class=\"wp-image-6100\" style=\"width:258px;height:auto\" srcset=\"https:\/\/szkola.2lo.pl\/wp-content\/uploads\/2025\/09\/a27.webp 400w, https:\/\/szkola.2lo.pl\/wp-content\/uploads\/2025\/09\/a27-300x254.webp 300w\" sizes=\"auto, (max-width: 400px) 100vw, 400px\" \/><\/figure>\n<\/div>\n\n\n\n<div class=\"wp-block-column is-layout-flow wp-block-column-is-layout-flow\" style=\"flex-basis:66.66%\">\n<p>Kolejne spotkanie w ramach&nbsp;<strong>pilota\u017cu IO1 projektu Erasmus+ \u201eThe Power of AR and VR\u201d<\/strong>&nbsp;odby\u0142o si\u0119 z grup\u0105 student\u00f3w kierunku&nbsp;<strong>In\u017cynieria Cyberbezpiecze\u0144stwa<\/strong>&nbsp;na Uniwersytecie Pomorskim w S\u0142upsku.<\/p>\n\n\n\n<p>By\u0142y to zaj\u0119cia o charakterze&nbsp;<strong>bardzo technicznym<\/strong>, w trakcie kt\u00f3rych studenci mieli okazj\u0119 zapozna\u0107 si\u0119 z praktycznym wykorzystaniem narz\u0119dzi AR i VR oraz ich potencja\u0142em w edukacji i szkoleniach zawodowych. Spotkanie przebieg\u0142o w \u015bwietnej atmosferze i potwierdzi\u0142o du\u017ce zainteresowanie tematyk\u0105 nowoczesnych technologii w\u015br\u00f3d przysz\u0142ych specjalist\u00f3w.<\/p>\n<\/div>\n<\/div>\n\n\n\n<h2 class=\"wp-block-heading wp-embed-aspect-16-9 wp-has-aspect-ratio has-text-color has-link-color wp-elements-234792f5b1cd687e6ff2f13db1836011\" style=\"color:#07580b\">08.05.2025<\/h2>\n\n\n\n<p class=\"wp-embed-aspect-16-9 wp-has-aspect-ratio has-primary-color has-text-color has-link-color wp-elements-cb29f574518e5cda85c8f4c6f02dfc0f\"><strong><strong>Piloting IO 1<\/strong><\/strong><\/p>\n\n\n\n<div class=\"wp-block-columns wp-embed-aspect-16-9 wp-has-aspect-ratio is-layout-flex wp-container-core-columns-is-layout-28f84493 wp-block-columns-is-layout-flex\">\n<div class=\"wp-block-column is-layout-constrained wp-block-column-is-layout-constrained\" style=\"flex-basis:30%\">\n<figure class=\"wp-block-image size-full is-resized\"><img loading=\"lazy\" decoding=\"async\" width=\"400\" height=\"179\" src=\"https:\/\/szkola.2lo.pl\/wp-content\/uploads\/2025\/09\/a26.webp\" alt=\"\" class=\"wp-image-6098\" style=\"width:258px;height:auto\" srcset=\"https:\/\/szkola.2lo.pl\/wp-content\/uploads\/2025\/09\/a26.webp 400w, https:\/\/szkola.2lo.pl\/wp-content\/uploads\/2025\/09\/a26-300x134.webp 300w\" sizes=\"auto, (max-width: 400px) 100vw, 400px\" \/><\/figure>\n<\/div>\n\n\n\n<div class=\"wp-block-column is-layout-flow wp-block-column-is-layout-flow\" style=\"flex-basis:66.66%\">\n<p><strong>Pierwszy dzie\u0144 prezentacji projektu ERASMUS+ \u201eThe Power of AR and VR\u201d<\/strong>&nbsp;odby\u0142 si\u0119 na&nbsp;<strong>Wydziale Pedagogicznym Uniwersytetu Pomorskiego w S\u0142upsku<\/strong>. Uczestnikami byli studenci stacjonarni&nbsp;<strong>Pedagogiki Przedszkolnej i Wczesnoszkolnej<\/strong>&nbsp;oraz&nbsp;<strong>Edukacji Artystycznej w Zakresie Sztuki Muzycznej<\/strong>.<\/p>\n\n\n\n<p>To byli&nbsp;<strong>wspaniali i energiczni studenci \ud83d\ude42<\/strong>, kt\u00f3rzy aktywnie uczestniczyli w zaj\u0119ciach i z entuzjazmem poznawali mo\u017cliwo\u015bci wykorzystania&nbsp;<strong>AR i VR w edukacji<\/strong>. Spotkanie pokaza\u0142o, jak inspiruj\u0105ce mo\u017ce by\u0107 prowadzenie zaj\u0119\u0107, gdy studenci s\u0105 zaanga\u017cowani i otwarci na nowoczesne technologie.<\/p>\n<\/div>\n<\/div>\n\n\n\n<h2 class=\"wp-block-heading wp-embed-aspect-16-9 wp-has-aspect-ratio has-text-color has-link-color wp-elements-202c9f7fbef8a8846ebee3a89ec9888a\" style=\"color:#07580b\">06.05.2025<\/h2>\n\n\n\n<p class=\"wp-embed-aspect-16-9 wp-has-aspect-ratio has-primary-color has-text-color has-link-color wp-elements-a6eb39b512232da23038bedf5bc0f22f\"><strong><strong>Zr\u00f3wnowa\u017cony rozw\u00f3j i proekologiczne zachowania<\/strong><\/strong><\/p>\n\n\n\n<div class=\"wp-block-columns wp-embed-aspect-16-9 wp-has-aspect-ratio is-layout-flex wp-container-core-columns-is-layout-28f84493 wp-block-columns-is-layout-flex\">\n<div class=\"wp-block-column is-layout-constrained wp-block-column-is-layout-constrained\" style=\"flex-basis:30%\">\n<figure class=\"wp-block-image size-full is-resized\"><img loading=\"lazy\" decoding=\"async\" width=\"400\" height=\"256\" src=\"https:\/\/szkola.2lo.pl\/wp-content\/uploads\/2025\/09\/a25.webp\" alt=\"\" class=\"wp-image-6096\" style=\"width:258px;height:auto\" srcset=\"https:\/\/szkola.2lo.pl\/wp-content\/uploads\/2025\/09\/a25.webp 400w, https:\/\/szkola.2lo.pl\/wp-content\/uploads\/2025\/09\/a25-300x192.webp 300w\" sizes=\"auto, (max-width: 400px) 100vw, 400px\" \/><\/figure>\n<\/div>\n\n\n\n<div class=\"wp-block-column is-layout-flow wp-block-column-is-layout-flow\" style=\"flex-basis:66.66%\">\n<p><strong>Zr\u00f3wnowa\u017cony rozw\u00f3j i proekologiczne zachowania<\/strong>&nbsp;odgrywaj\u0105 wa\u017cn\u0105 rol\u0119 w naszym projekcie. W duchu nauczania przez przyk\u0142ad uczniowie i uczestnicy projektu wzi\u0119li udzia\u0142 w akcji&nbsp;<strong>plogging w Novi Dvori<\/strong>, \u0142\u0105cz\u0105c bieganie z zbieraniem \u015bmieci. Celem by\u0142o&nbsp;<strong>zwi\u0119kszenie \u015bwiadomo\u015bci na temat znaczenia ekologicznych nawyk\u00f3w<\/strong>&nbsp;i promowanie dzia\u0142a\u0144 przyjaznych \u015brodowisku.<\/p>\n<\/div>\n<\/div>\n\n\n\n<h2 class=\"wp-block-heading wp-embed-aspect-16-9 wp-has-aspect-ratio has-text-color has-link-color wp-elements-303304cafc209be4180edd43116d11e8\" style=\"color:#07580b\">05-06.05.2025<\/h2>\n\n\n\n<p class=\"wp-embed-aspect-16-9 wp-has-aspect-ratio has-primary-color has-text-color has-link-color wp-elements-f6b1bcd0d9993c676b5b686493ed5a7a\"><strong><strong>Mid-Term Meeting w ramach projektu \u201eThe Power of AR and VR\u201d Zagrzeb Chorwacja<\/strong><\/strong><\/p>\n\n\n\n<div class=\"wp-block-columns wp-embed-aspect-16-9 wp-has-aspect-ratio is-layout-flex wp-container-core-columns-is-layout-28f84493 wp-block-columns-is-layout-flex\">\n<div class=\"wp-block-column is-layout-constrained wp-block-column-is-layout-constrained\" style=\"flex-basis:30%\">\n<figure class=\"wp-block-image size-full is-resized\"><img loading=\"lazy\" decoding=\"async\" width=\"400\" height=\"248\" src=\"https:\/\/szkola.2lo.pl\/wp-content\/uploads\/2025\/09\/a24.webp\" alt=\"\" class=\"wp-image-6094\" style=\"width:258px;height:auto\" srcset=\"https:\/\/szkola.2lo.pl\/wp-content\/uploads\/2025\/09\/a24.webp 400w, https:\/\/szkola.2lo.pl\/wp-content\/uploads\/2025\/09\/a24-300x186.webp 300w\" sizes=\"auto, (max-width: 400px) 100vw, 400px\" \/><\/figure>\n<\/div>\n\n\n\n<div class=\"wp-block-column is-layout-flow wp-block-column-is-layout-flow\" style=\"flex-basis:66.66%\">\n<p>W ramach projektu&nbsp;<strong>\u201eThe Power of AR and VR: Igniting Passion for Learning Through Innovative Technologies\u201d<\/strong>&nbsp;odby\u0142o si\u0119&nbsp;<strong>Mid-Term Meeting<\/strong>, kt\u00f3re zgromadzi\u0142o wszystkich partner\u00f3w mi\u0119dzynarodowych. Spotkanie mia\u0142o na celu&nbsp;<strong>monitorowanie post\u0119p\u00f3w projektu<\/strong>, ocen\u0119 dotychczasowych dzia\u0142a\u0144 oraz zaplanowanie kolejnych etap\u00f3w realizacji poszczeg\u00f3lnych wynik\u00f3w intelektualnych (IO1, IO2 itp.). Podczas spotkania partnerzy:<\/p>\n\n\n\n<ul class=\"wp-block-list\">\n<li><strong>Zaplanowali dzia\u0142ania disseminacyjne<\/strong>&nbsp;i przygotowania do kolejnych webinar\u00f3w oraz wydarze\u0144 multiplikacyjnych.<\/li>\n<\/ul>\n\n\n\n<ul class=\"wp-block-list\">\n<li><strong>Ocenili realizacj\u0119 dzia\u0142a\u0144 pilota\u017cowych i szkole\u0144<\/strong>, w tym testowanie modu\u0142\u00f3w AR i VR w edukacji zawodowej;<\/li>\n<\/ul>\n\n\n\n<ul class=\"wp-block-list\">\n<li><strong>Om\u00f3wili harmonogram i post\u0119p prac<\/strong>&nbsp;zgodnie z Gantt Chartem projektu;<\/li>\n<\/ul>\n\n\n\n<ul class=\"wp-block-list\">\n<li><strong>Przeprowadzili dyskusje dotycz\u0105ce jako\u015bci i ryzyk projektowych<\/strong>, aby zapewni\u0107 efektywn\u0105 i terminow\u0105 realizacj\u0119 wszystkich cel\u00f3w;<\/li>\n\n\n\n<li><strong>Podzielili si\u0119 do\u015bwiadczeniami i dobrymi praktykami<\/strong>&nbsp;z pilota\u017cy i wdro\u017ce\u0144 w swoich krajach;<br>  <\/li>\n<\/ul>\n\n\n\n<p>Spotkanie pozwoli\u0142o&nbsp;<strong>wzmocni\u0107 wsp\u00f3\u0142prac\u0119 partner\u00f3w<\/strong>, wymieni\u0107 si\u0119 wiedz\u0105 i do\u015bwiadczeniem oraz zagwarantowa\u0107, \u017ce kolejne etapy projektu b\u0119d\u0105 realizowane sprawnie, z maksymalnym efektem edukacyjnym dla uczestnik\u00f3w.<\/p>\n\n\n\n<p><strong>Praktyczne do\u015bwiadczenie w projektowaniu szablonu dla dzia\u0142a\u0144 IO2 \u2013 wprowadzanie rozszerzonej rzeczywisto\u015bci w edukacji<\/strong><br>Podczas sesji partnerzy projektu mieli okazj\u0119&nbsp;<strong>praktycznie pracowa\u0107 nad tworzeniem szablon\u00f3w dla dzia\u0142a\u0144 IO2<\/strong>, wykorzystuj\u0105c narz\u0119dzie&nbsp;<strong>TaleBlazer<\/strong>&nbsp;do integracji&nbsp;<strong>AR w edukacji<\/strong>. Warsztaty pozwoli\u0142y uczestnikom pozna\u0107 funkcjonalno\u015bci platformy i przygotowa\u0107 materia\u0142y edukacyjne w innowacyjny spos\u00f3b.<\/p>\n\n\n\n<p>#TaleBlazer  #rozszerzonarzeczywisto\u015b\u0107  #TPM<\/p>\n<\/div>\n<\/div>\n\n\n\n<h2 class=\"wp-block-heading wp-embed-aspect-16-9 wp-has-aspect-ratio has-text-color has-link-color wp-elements-9680d9de212aba279dd740076d57593c\" style=\"color:#07580b\">29.04.2025<\/h2>\n\n\n\n<p class=\"wp-embed-aspect-16-9 wp-has-aspect-ratio has-primary-color has-text-color has-link-color wp-elements-09e9830853a0acd96a46374272b8e56e\"><strong><strong>&nbsp;<\/strong>Trenowanie &nbsp;<strong>umiej\u0119tno\u015bci zwi\u0105zanych z wyobra\u017ani\u0105 przestrzenn\u0105<\/strong><\/strong><\/p>\n\n\n\n<div class=\"wp-block-columns wp-embed-aspect-16-9 wp-has-aspect-ratio is-layout-flex wp-container-core-columns-is-layout-28f84493 wp-block-columns-is-layout-flex\">\n<div class=\"wp-block-column is-layout-constrained wp-block-column-is-layout-constrained\" style=\"flex-basis:30%\">\n<figure class=\"wp-block-image size-full is-resized\"><img loading=\"lazy\" decoding=\"async\" width=\"400\" height=\"287\" src=\"https:\/\/szkola.2lo.pl\/wp-content\/uploads\/2025\/09\/a23.webp\" alt=\"\" class=\"wp-image-6092\" style=\"width:258px;height:auto\" srcset=\"https:\/\/szkola.2lo.pl\/wp-content\/uploads\/2025\/09\/a23.webp 400w, https:\/\/szkola.2lo.pl\/wp-content\/uploads\/2025\/09\/a23-300x215.webp 300w\" sizes=\"auto, (max-width: 400px) 100vw, 400px\" \/><\/figure>\n<\/div>\n\n\n\n<div class=\"wp-block-column is-layout-flow wp-block-column-is-layout-flow\" style=\"flex-basis:66.66%\">\n<p>Jak si\u0119 okaza\u0142o, w naszej szkole jest&nbsp;<strong>du\u017ca grupa uczni\u00f3w zainteresowanych zaj\u0119ciami z wykorzystaniem kostki Rubika<\/strong>, co bardzo mnie cieszy \ud83d\ude42. Trenowanie w ten spos\u00f3b&nbsp;<strong>umiej\u0119tno\u015bci zwi\u0105zanych z wyobra\u017ani\u0105 przestrzenn\u0105<\/strong>&nbsp;jest niezwykle przydatne, szczeg\u00f3lnie w ramach naszego projektu&nbsp;<strong>POWER OF AR AND VR<\/strong>, gdzie uczniowie tworz\u0105&nbsp;<strong>modele 3D<\/strong>. <br>W przysz\u0142o\u015bci planujemy organizacj\u0119 wielu&nbsp;<strong>ciekawych wydarze\u0144 i zaj\u0119\u0107 w tym kierunku<\/strong>, kt\u00f3re pozwol\u0105 rozwija\u0107 kreatywno\u015b\u0107, logiczne my\u015blenie i kompetencje cyfrowe uczni\u00f3w.<\/p>\n<\/div>\n<\/div>\n\n\n\n<h2 class=\"wp-block-heading wp-embed-aspect-16-9 wp-has-aspect-ratio has-text-color has-link-color wp-elements-9680d9de212aba279dd740076d57593c\" style=\"color:#07580b\">29.04.2025<\/h2>\n\n\n\n<p class=\"wp-embed-aspect-16-9 wp-has-aspect-ratio has-primary-color has-text-color has-link-color wp-elements-ba9d1d947a3d66ecf2bced5c937ea663\"><strong><strong>&nbsp;<\/strong>Warsztaty pt. \u201eSztuczna inteligencja, najnowsze technologie informacyjne\u201d<\/strong><\/p>\n\n\n\n<div class=\"wp-block-columns wp-embed-aspect-16-9 wp-has-aspect-ratio is-layout-flex wp-container-core-columns-is-layout-28f84493 wp-block-columns-is-layout-flex\">\n<div class=\"wp-block-column is-layout-constrained wp-block-column-is-layout-constrained\" style=\"flex-basis:30%\">\n<figure class=\"wp-block-image size-full is-resized\"><img loading=\"lazy\" decoding=\"async\" width=\"400\" height=\"439\" src=\"https:\/\/szkola.2lo.pl\/wp-content\/uploads\/2025\/09\/a21.webp\" alt=\"\" class=\"wp-image-6090\" style=\"width:258px;height:auto\" srcset=\"https:\/\/szkola.2lo.pl\/wp-content\/uploads\/2025\/09\/a21.webp 400w, https:\/\/szkola.2lo.pl\/wp-content\/uploads\/2025\/09\/a21-273x300.webp 273w\" sizes=\"auto, (max-width: 400px) 100vw, 400px\" \/><\/figure>\n<\/div>\n\n\n\n<div class=\"wp-block-column is-layout-flow wp-block-column-is-layout-flow\" style=\"flex-basis:66.66%\">\n<p>W czwartek, 24 kwietnia, wolontariusze z Zespo\u0142u Szk\u00f3\u0142 nr 1 im. Henryka Sienkiewicza mieli przyjemno\u015b\u0107 poprowadzi\u0107 warsztaty pt. \u201eSztuczna inteligencja, najnowsze technologie informacyjne\u201d dla uczestnik\u00f3w Klub\u00f3w Senior+. <br>Zaj\u0119cia odby\u0142y si\u0119 w ramach realizacji projektu <strong>ERASMUS+ \u201eTHE POWER OF AR AND VR: IGNITING PASSION FOR LEARNING THROUGH INNOVATIVE TECHNOLOGY\u201d &#8211; 2024-1-PL01-KA220- VET-000243150. <\/strong>Celem zaj\u0119\u0107 by\u0142o nie tylko poszerzanie wiedzy o nowoczesnych technologiach, ale te\u017c integracj\u0119 mi\u0119dzypokoleniow\u0105.<\/p>\n\n\n\n<p>Warsztaty odby\u0142y si\u0119 w go\u015bcinnych progach Laboratorium Kultury \u201eAdebar\u201d.<\/p>\n\n\n\n<p>To by\u0142a \u015bwietna okazja do wymiany do\u015bwiadcze\u0144 i wsp\u00f3lnego odkrywania cyfrowego \u015bwiata.<br><\/p>\n<\/div>\n<\/div>\n\n\n\n<h2 class=\"wp-block-heading wp-embed-aspect-16-9 wp-has-aspect-ratio has-text-color has-link-color wp-elements-e878b85dbc7a63e2c60f24dfecff943b\" style=\"color:#07580b\">27.04.2025<\/h2>\n\n\n\n<p class=\"wp-embed-aspect-16-9 wp-has-aspect-ratio has-primary-color has-text-color has-link-color wp-elements-8cb77c3935f6eaa05b47b305319956c4\"><strong><strong>&nbsp;<\/strong>Prezentacji z ostatniego webinaru&nbsp;w j\u0119zyku polskim<\/strong><\/p>\n\n\n\n<div class=\"wp-block-columns wp-embed-aspect-16-9 wp-has-aspect-ratio is-layout-flex wp-container-core-columns-is-layout-28f84493 wp-block-columns-is-layout-flex\">\n<div class=\"wp-block-column is-layout-constrained wp-block-column-is-layout-constrained\" style=\"flex-basis:30%\">\n<figure class=\"wp-block-image size-full is-resized\"><img loading=\"lazy\" decoding=\"async\" width=\"400\" height=\"199\" src=\"https:\/\/szkola.2lo.pl\/wp-content\/uploads\/2025\/09\/a20.webp\" alt=\"\" class=\"wp-image-6088\" style=\"width:258px;height:auto\" srcset=\"https:\/\/szkola.2lo.pl\/wp-content\/uploads\/2025\/09\/a20.webp 400w, https:\/\/szkola.2lo.pl\/wp-content\/uploads\/2025\/09\/a20-300x149.webp 300w\" sizes=\"auto, (max-width: 400px) 100vw, 400px\" \/><\/figure>\n<\/div>\n\n\n\n<div class=\"wp-block-column is-layout-flow wp-block-column-is-layout-flow\" style=\"flex-basis:66.66%\">\n<p>Zapraszamy do obejrzenia&nbsp;<strong>prezentacji z ostatniego webinaru<\/strong>&nbsp;w j\u0119zyku polskim, realizowanego w ramach projektu&nbsp;<strong>Erasmus+ \u201ePower of AR and VR\u201d<\/strong>!<br>\u27a1\ufe0f&nbsp;<a href=\"https:\/\/www.facebook.com\/profile.php?id=61567387757062\" target=\"_blank\" rel=\"noreferrer noopener\">Zobacz tutaj<\/a><br><\/p>\n<\/div>\n<\/div>\n\n\n\n<h2 class=\"wp-block-heading wp-embed-aspect-16-9 wp-has-aspect-ratio has-text-color has-link-color wp-elements-fffbd66a02e1dc2b2982b6bb6cd6244c\" style=\"color:#07580b\">25.04.2025<\/h2>\n\n\n\n<p class=\"wp-embed-aspect-16-9 wp-has-aspect-ratio has-primary-color has-text-color has-link-color wp-elements-ef1b807ec1fa3bb026d4d996c41f8431\"><strong><strong>&nbsp;<strong>Kreatywno\u015b\u0107 i zaanga\u017cowanie<\/strong><\/strong><\/strong> <strong>naszych uczni\u00f3w<\/strong><\/p>\n\n\n\n<div class=\"wp-block-columns wp-embed-aspect-16-9 wp-has-aspect-ratio is-layout-flex wp-container-core-columns-is-layout-28f84493 wp-block-columns-is-layout-flex\">\n<div class=\"wp-block-column is-layout-constrained wp-block-column-is-layout-constrained\" style=\"flex-basis:30%\">\n<figure class=\"wp-block-image size-full is-resized\"><img loading=\"lazy\" decoding=\"async\" width=\"400\" height=\"257\" src=\"https:\/\/szkola.2lo.pl\/wp-content\/uploads\/2025\/09\/a19.webp\" alt=\"\" class=\"wp-image-6086\" style=\"width:258px;height:auto\" srcset=\"https:\/\/szkola.2lo.pl\/wp-content\/uploads\/2025\/09\/a19.webp 400w, https:\/\/szkola.2lo.pl\/wp-content\/uploads\/2025\/09\/a19-300x193.webp 300w\" sizes=\"auto, (max-width: 400px) 100vw, 400px\" \/><\/figure>\n<\/div>\n\n\n\n<div class=\"wp-block-column is-layout-flow wp-block-column-is-layout-flow\" style=\"flex-basis:66.66%\">\n<p>Nasi uczniowie pokazali swoj\u0105 kreatywno\u015b\u0107 i zaanga\u017cowanie, tworz\u0105c wyj\u0105tkow\u0105 instalacj\u0119 z&nbsp;<strong>240 kostek Rubika<\/strong>. Z tylu element\u00f3w uda\u0142o im si\u0119 u\u0142o\u017cy\u0107&nbsp;<strong>jeden z element\u00f3w loga projektu \u201eThe Power of AR and VR\u201d<\/strong>. To nie tylko imponuj\u0105ce osi\u0105gni\u0119cie w zakresie precyzji i cierpliwo\u015bci, ale tak\u017ce \u015bwietny przyk\u0142ad pracy zespo\u0142owej i praktycznego wykorzystania umiej\u0119tno\u015bci logicznego my\u015blenia..<br><\/p>\n<\/div>\n<\/div>\n\n\n\n<h2 class=\"wp-block-heading wp-embed-aspect-16-9 wp-has-aspect-ratio has-text-color has-link-color wp-elements-aeea4090642fa555229021e7ac6152ce\" style=\"color:#07580b\">16.04.2025<\/h2>\n\n\n\n<p class=\"wp-embed-aspect-16-9 wp-has-aspect-ratio has-primary-color has-text-color has-link-color wp-elements-e97857f9c406148142e2ab9ab8a99658\"><strong><strong>&nbsp;<strong>Interaktywne zaanga\u017cowanie spo\u0142eczno\u015bci lokalnej<\/strong>&nbsp;<\/strong><\/strong><\/p>\n\n\n\n<div class=\"wp-block-columns wp-embed-aspect-16-9 wp-has-aspect-ratio is-layout-flex wp-container-core-columns-is-layout-28f84493 wp-block-columns-is-layout-flex\">\n<div class=\"wp-block-column is-layout-constrained wp-block-column-is-layout-constrained\" style=\"flex-basis:30%\">\n<figure class=\"wp-block-image size-full is-resized\"><img loading=\"lazy\" decoding=\"async\" width=\"400\" height=\"415\" src=\"https:\/\/szkola.2lo.pl\/wp-content\/uploads\/2025\/09\/a18.webp\" alt=\"\" class=\"wp-image-6084\" style=\"width:258px;height:auto\" srcset=\"https:\/\/szkola.2lo.pl\/wp-content\/uploads\/2025\/09\/a18.webp 400w, https:\/\/szkola.2lo.pl\/wp-content\/uploads\/2025\/09\/a18-289x300.webp 289w\" sizes=\"auto, (max-width: 400px) 100vw, 400px\" \/><\/figure>\n<\/div>\n\n\n\n<div class=\"wp-block-column is-layout-flow wp-block-column-is-layout-flow\" style=\"flex-basis:66.66%\">\n<p>W ramach projektu&nbsp;<strong>The Power of AR and VR<\/strong>&nbsp;nasi uczniowie intensywnie przygotowuj\u0105 si\u0119 do prowadzenia zaj\u0119\u0107 z&nbsp;<strong>ko\u0142obrzeskimi seniorami<\/strong>. Celem spotka\u0144 jest&nbsp;<strong>interaktywne zaanga\u017cowanie spo\u0142eczno\u015bci lokalnej<\/strong>&nbsp;i pokazanie, jak nowoczesne technologie mog\u0105 wspiera\u0107 edukacj\u0119 mi\u0119dzypokoleniow\u0105. <br>Podczas zaj\u0119\u0107 uczniowie zaprezentuj\u0105&nbsp;<strong>stworzone przez siebie modele 3D dawnych budowli Ko\u0142obrzegu<\/strong>, co pozwoli seniorom nie tylko pozna\u0107 histori\u0119 miasta w nowoczesny spos\u00f3b, ale tak\u017ce aktywnie uczestniczy\u0107 w zaj\u0119ciach poprzez eksploracj\u0119 wirtualnych przestrzeni. Takie dzia\u0142ania rozwijaj\u0105 kompetencje cyfrowe uczni\u00f3w, promuj\u0105 kreatywno\u015b\u0107 oraz buduj\u0105 wi\u0119zi mi\u0119dzy m\u0142odszym i starszym pokolenie.<br><\/p>\n<\/div>\n<\/div>\n\n\n\n<h2 class=\"wp-block-heading wp-embed-aspect-16-9 wp-has-aspect-ratio has-text-color has-link-color wp-elements-65fa495fbe8f4f8d16900bb9dda1d039\" style=\"color:#07580b\">07-09.04.2025<\/h2>\n\n\n\n<p class=\"wp-embed-aspect-16-9 wp-has-aspect-ratio has-primary-color has-text-color has-link-color wp-elements-23eb32edbf4bf79044d84b1ee440d44f\"><strong><strong>LTT w Grecji \u2013 Erasmus+ KA220-VET \u201eThe Power of AR and VR\u201d <\/strong><\/strong><\/p>\n\n\n\n<div class=\"wp-block-columns wp-embed-aspect-16-9 wp-has-aspect-ratio is-layout-flex wp-container-core-columns-is-layout-28f84493 wp-block-columns-is-layout-flex\">\n<div class=\"wp-block-column is-layout-constrained wp-block-column-is-layout-constrained\" style=\"flex-basis:30%\">\n<figure class=\"wp-block-image size-full is-resized\"><img loading=\"lazy\" decoding=\"async\" width=\"400\" height=\"252\" src=\"https:\/\/szkola.2lo.pl\/wp-content\/uploads\/2025\/09\/a17.webp\" alt=\"\" class=\"wp-image-6082\" style=\"width:258px;height:auto\" srcset=\"https:\/\/szkola.2lo.pl\/wp-content\/uploads\/2025\/09\/a17.webp 400w, https:\/\/szkola.2lo.pl\/wp-content\/uploads\/2025\/09\/a17-300x189.webp 300w\" sizes=\"auto, (max-width: 400px) 100vw, 400px\" \/><\/figure>\n<\/div>\n\n\n\n<div class=\"wp-block-column is-layout-flow wp-block-column-is-layout-flow\" style=\"flex-basis:66.66%\">\n<p>Projekt&nbsp;<strong>\u201eThe Power of AR and VR: Igniting Passion for Learning Through Innovative Technologies\u201d<\/strong>&nbsp;ma na celu wykorzystanie technologii&nbsp;<strong>AR i VR<\/strong>&nbsp;w kszta\u0142ceniu zawodowym. W ramach&nbsp;<strong>LTT (IO1)<\/strong>&nbsp;odby\u0142o si\u0119 pilota\u017cowe wydarzenie w Grecji, w kt\u00f3rym uczestniczy\u0142o&nbsp;<strong>30 nauczycieli<\/strong>&nbsp;z sze\u015bciu kraj\u00f3w: Litwy, Turcji, Portugalii, Chorwacji, Grecji i Polski (po pi\u0119ciu nauczycieli z ka\u017cdego pa\u0144stwa). Celem spotkania by\u0142o&nbsp;<strong>innowacyjne wsp\u00f3\u0142dzia\u0142anie i dzielenie si\u0119 inspiracjami w zakresie nowoczesnych metod edukacyjnych<\/strong>. Podczas tygodnia pe\u0142nego wymiany do\u015bwiadcze\u0144 uczestnicy mieli okazj\u0119 prezentowa\u0107 pomys\u0142y i najlepsze praktyki, co przyczyni si\u0119 do podniesienia jako\u015bci edukacji zawodowej w ich krajach. Inicjatywa pozwala nauczycielom lepiej przygotowa\u0107 uczni\u00f3w do wyzwa\u0144 wsp\u00f3\u0142czesnego rynku pracy, wykorzystuj\u0105c nowoczesne technologie w procesie nauczania.<br><\/p>\n<\/div>\n<\/div>\n\n\n\n<h2 class=\"wp-block-heading has-text-color has-link-color wp-elements-51e493208a1b8e2a3d983a091555dca2\" style=\"color:#07580b\">12.03.2025<\/h2>\n\n\n\n<p class=\"has-primary-color has-text-color has-link-color wp-elements-cbea5863615b9efaba65e6c49d365fef\"><strong><strong>Webinarium \u201eOdblokowanie potencja\u0142u edukacyjnego: integrowanie AR i VR w edukacji\u201d <\/strong><\/strong><\/p>\n\n\n\n<div class=\"wp-block-columns is-layout-flex wp-container-core-columns-is-layout-28f84493 wp-block-columns-is-layout-flex\">\n<div class=\"wp-block-column is-layout-constrained wp-block-column-is-layout-constrained\" style=\"flex-basis:30%\">\n<figure class=\"wp-block-image size-full is-resized\"><img loading=\"lazy\" decoding=\"async\" width=\"400\" height=\"235\" src=\"https:\/\/szkola.2lo.pl\/wp-content\/uploads\/2025\/09\/a16.webp\" alt=\"\" class=\"wp-image-6080\" style=\"width:258px;height:auto\" srcset=\"https:\/\/szkola.2lo.pl\/wp-content\/uploads\/2025\/09\/a16.webp 400w, https:\/\/szkola.2lo.pl\/wp-content\/uploads\/2025\/09\/a16-300x176.webp 300w\" sizes=\"auto, (max-width: 400px) 100vw, 400px\" \/><\/figure>\n<\/div>\n\n\n\n<div class=\"wp-block-column is-layout-flow wp-block-column-is-layout-flow\" style=\"flex-basis:66.66%\">\n<p>Serdecznie dzi\u0119kujemy za udzia\u0142! Mamy nadziej\u0119, \u017ce sesja by\u0142a dla Pa\u0144stwa&nbsp;<strong>informacyjna i inspiruj\u0105ca<\/strong>&nbsp;oraz dostarczy\u0142a cennych wskaz\u00f3wek dotycz\u0105cych&nbsp;<strong>wdra\u017cania AR i VR w edukacji<\/strong>.<br>Jeszcze raz dzi\u0119kujemy za do\u0142\u0105czenie do nas! Projekt <a href=\"https:\/\/www.facebook.com\/profile.php?id=61567387757062&amp;__cft__[0]=AZUth5egPRSDsDSD7q88NSEZkC9-O0Qn3acWrd8mhi0ALWr3SN-NDI9-vBytjIzbe7GE3PPZGoTmyhE0i5paNlbkxNc66kceNFwkLO19SaU38fns6GFb7eZGq5bU3ztfuv1AWagKTX10JL6LYh87gE9wpkM2oT-LeUb3j85BGGoNkQ&amp;__tn__=-]K-R\" target=\"_blank\" rel=\"noreferrer noopener\">The Power of AR and VR<\/a>, kt\u00f3ry realizujemy z naszymi partnerami z Europy, a kt\u00f3ry ma na celu zaprezentowanie jak mo\u017cna wprowadza\u0107 wirtualn\u0105 i rozszerzon\u0105 rzeczywisto\u015b\u0107 w edukacji, cieszy si\u0119 w naszym kraju bardzo du\u017cym zainteresowaniem. Dlatego postanowili\u015bmy zorganizowa\u0107 webinar w j\u0119zyku polskim.<\/p>\n\n\n\n<p>Tu jest link do rejestracji. <a href=\"https:\/\/forms.office.com\/e\/t9FQvin8kR?origin=lprLink\">https:\/\/forms.office.com\/e\/t9FQvin8kR?origin=lprLink<\/a><\/p>\n\n\n\n<figure class=\"wp-block-embed\"><div class=\"wp-block-embed__wrapper\">\nhttps:\/\/forms.office.com\/e\/t9FQvin8kR?origin=lprLink\n<\/div><\/figure>\n\n\n\n<p>Na e-mail podany podczas rejestracji wy\u015blemy LINK DO WEBINARU i CERTYFIKAT UCZESTNICTWA.<\/p>\n\n\n\n<figure class=\"wp-block-embed is-type-video is-provider-youtube wp-block-embed-youtube wp-embed-aspect-16-9 wp-has-aspect-ratio\"><div class=\"wp-block-embed__wrapper\">\n<iframe loading=\"lazy\" title=\"Zaproszenie na webinar  AR i VR W EDUKACJI na przyk\u0142adzie praktycznych projekt\u00f3w.\" width=\"500\" height=\"281\" src=\"https:\/\/www.youtube.com\/embed\/K4pQWWVHgoM?feature=oembed\" frameborder=\"0\" allow=\"accelerometer; autoplay; clipboard-write; encrypted-media; gyroscope; picture-in-picture; web-share\" referrerpolicy=\"strict-origin-when-cross-origin\" allowfullscreen><\/iframe>\n<\/div><\/figure>\n\n\n\n<p><strong>ZAPRASZAM DO OBEJRZENIA KR\u00d3TKIEGO FILMU.<\/strong><\/p>\n\n\n\n<p><strong> <\/strong><\/p>\n<\/div>\n<\/div>\n\n\n\n<h2 class=\"wp-block-heading has-text-color has-link-color wp-elements-a18dbace88f8b812dbb9c27e24c6b339\" style=\"color:#07580b\">11.03.2025<\/h2>\n\n\n\n<p class=\"has-primary-color has-text-color has-link-color wp-elements-01b2c4a2a0b6fc874a9ce563eea5e4fc\"><strong><strong>Nasze spotkanie online \u2013 kontynuacja dzia\u0142a\u0144 i przygotowania do webinarium 1<\/strong><\/strong><\/p>\n\n\n\n<div class=\"wp-block-columns is-layout-flex wp-container-core-columns-is-layout-28f84493 wp-block-columns-is-layout-flex\">\n<div class=\"wp-block-column is-layout-constrained wp-block-column-is-layout-constrained\" style=\"flex-basis:30%\">\n<figure class=\"wp-block-image size-full is-resized\"><img loading=\"lazy\" decoding=\"async\" width=\"400\" height=\"192\" src=\"https:\/\/szkola.2lo.pl\/wp-content\/uploads\/2025\/09\/a15.webp\" alt=\"\" class=\"wp-image-6077\" style=\"width:258px;height:auto\" srcset=\"https:\/\/szkola.2lo.pl\/wp-content\/uploads\/2025\/09\/a15.webp 400w, https:\/\/szkola.2lo.pl\/wp-content\/uploads\/2025\/09\/a15-300x144.webp 300w\" sizes=\"auto, (max-width: 400px) 100vw, 400px\" \/><\/figure>\n<\/div>\n\n\n\n<div class=\"wp-block-column is-layout-flow wp-block-column-is-layout-flow\" style=\"flex-basis:66.66%\">\n<p>Zorganizowali\u015bmy spotkanie online, aby&nbsp;<strong>koordynowa\u0107 dzia\u0142ania projektu, om\u00f3wi\u0107 post\u0119py oraz zaplanowa\u0107 kolejne kroki<\/strong>. Podczas spotkania partnerzy&nbsp;<strong>przedyskutowali przygotowania do pierwszego webinarium<\/strong>, w tym tematyk\u0119, harmonogram, materia\u0142y szkoleniowe oraz podzia\u0142 r\u00f3l mi\u0119dzy prowadz\u0105cymi. Spotkanie pozwoli\u0142o upewni\u0107 si\u0119, \u017ce webinarium b\u0119dzie&nbsp;<strong>przygotowane profesjonalnie i efektywnie<\/strong>, aby maksymalnie zaanga\u017cowa\u0107 uczestnik\u00f3w i przekaza\u0107 wiedz\u0119 na temat wykorzystania AR i VR w edukacji.<\/p>\n\n\n\n<p><strong> <\/strong><\/p>\n<\/div>\n<\/div>\n\n\n\n<h2 class=\"wp-block-heading has-text-color has-link-color wp-elements-a39f39ff75a0a2947c9ea11164195c73\" style=\"color:#07580b\">26.02.2025<\/h2>\n\n\n\n<p class=\"has-primary-color has-text-color has-link-color wp-elements-2109f684ecc9ad1b895911d1e15188a5\"><strong><strong>&#8222;The Power of AR and VR: Igniting Passion for Learning Through Innovative Technologies Project&#8221;<\/strong><br><strong>Numer projektu: 2024-1-PL01-KA220-VET-000243150<\/strong><\/strong><\/p>\n\n\n\n<div class=\"wp-block-columns is-layout-flex wp-container-core-columns-is-layout-28f84493 wp-block-columns-is-layout-flex\">\n<div class=\"wp-block-column is-layout-constrained wp-block-column-is-layout-constrained\" style=\"flex-basis:30%\">\n<figure class=\"wp-block-image size-full is-resized\"><img loading=\"lazy\" decoding=\"async\" width=\"400\" height=\"192\" src=\"https:\/\/szkola.2lo.pl\/wp-content\/uploads\/2025\/09\/a14.webp\" alt=\"\" class=\"wp-image-6075\" style=\"width:258px;height:auto\" srcset=\"https:\/\/szkola.2lo.pl\/wp-content\/uploads\/2025\/09\/a14.webp 400w, https:\/\/szkola.2lo.pl\/wp-content\/uploads\/2025\/09\/a14-300x144.webp 300w\" sizes=\"auto, (max-width: 400px) 100vw, 400px\" \/><\/figure>\n<\/div>\n\n\n\n<div class=\"wp-block-column is-layout-flow wp-block-column-is-layout-flow\" style=\"flex-basis:66.66%\">\n<p>Uczniowie ze Szkolnego Klubu Wolontariusza spotkali si\u0119 z Seniorami. &nbsp;Wolontariusze om\u00f3wili wa\u017cne kwestie dotycz\u0105ce bezpiecze\u0144stwa w sieci, rozdawali przygotowane wcze\u015bniej ulotki oraz udzielali porad indywidualnych. Zainteresowanie ze strony Senior\u00f3w i zapotrzebowanie na wsparcie w zakresie technologii informacyjnych by\u0142o ogromne. &nbsp;W ramach nawi\u0105zanej wsp\u00f3\u0142pracy z Centrum Us\u0142ug Spo\u0142ecznych ustalono, \u017ce Wolontariusze b\u0119d\u0105 &nbsp;udziela\u0107 porad indywidualnych podczas regularnych cotygodniowych dy\u017cur\u00f3w w Klubie Senior +I oraz Senior +II. Brawo dla naszej sienkiewiczowskiej m\u0142odzie\u017cy<\/p>\n\n\n\n<figure class=\"wp-block-image\"><img decoding=\"async\" src=\"https:\/\/static.xx.fbcdn.net\/images\/emoji.php\/v9\/t68\/1\/16\/1f495.png\" alt=\"\ud83d\udc95\"\/><\/figure>\n\n\n\n<p><strong> <\/strong><\/p>\n\n\n\n<p>Dzia\u0142anie w ramach projektu Erasmus+ \/ KA220-VET &#8211; Cooperation partnerships in vocational education and training  <br>&#8222;The Power of AR and VR: Igniting Passion for Learning Through Innovative Technologies Project&#8221; 2024-1-PL01- KA220-VET-000243150<\/p>\n<\/div>\n<\/div>\n\n\n\n<h2 class=\"wp-block-heading has-text-color has-link-color wp-elements-884a047cca894301908fd41c84f2ecc6\" style=\"color:#07580b\">16.02.2025<\/h2>\n\n\n\n<p class=\"has-primary-color has-text-color has-link-color wp-elements-656cf0258434358915ab542504d4e2ea\"><strong><strong>Zapraszamy na&nbsp;<strong>webinarium w marcu<\/strong>:<br><strong>\u201eOdblokowanie potencja\u0142u edukacyjnego: integrowanie AR i VR w edukacji\u201d<\/strong><\/strong><\/strong><\/p>\n\n\n\n<div class=\"wp-block-columns is-layout-flex wp-container-core-columns-is-layout-28f84493 wp-block-columns-is-layout-flex\">\n<div class=\"wp-block-column is-layout-constrained wp-block-column-is-layout-constrained\" style=\"flex-basis:30%\">\n<figure class=\"wp-block-image size-full is-resized\"><img loading=\"lazy\" decoding=\"async\" width=\"250\" height=\"209\" src=\"https:\/\/szkola.2lo.pl\/wp-content\/uploads\/2025\/09\/unnamed.png\" alt=\"\" class=\"wp-image-6053\" style=\"width:258px;height:auto\"\/><\/figure>\n<\/div>\n\n\n\n<div class=\"wp-block-column is-layout-flow wp-block-column-is-layout-flow\" style=\"flex-basis:66.66%\">\n<p>\u015awiat rozwija si\u0119 dynamicznie, a technologie AR i VR coraz cz\u0119\u015bciej wspieraj\u0105 edukacj\u0119, umo\u017cliwiaj\u0105c uczniom dost\u0119p do wcze\u015bniej nieosi\u0105galnych obszar\u00f3w. W&nbsp;<strong>ZS nr 1 im. H. Sienkiewicza<\/strong>&nbsp;realizujemy projekty oparte na technologii 3D, a w ramach programu&nbsp;<strong>ERASMUS+ POWER OF AR AND VR<\/strong>&nbsp;wspieramy nauczycieli we w\u0142\u0105czaniu AR i VR do lekcji. <br>Zapraszamy na&nbsp;<strong>webinarium w marcu<\/strong>:<br><strong>\u201eOdblokowanie potencja\u0142u edukacyjnego: integrowanie AR i VR w edukacji\u201d<\/strong><br>Szczeg\u00f3\u0142y i link do spotkania b\u0119d\u0105 dost\u0119pne na stronie projektu.<\/p>\n\n\n\n<figure class=\"wp-block-embed is-type-video is-provider-youtube wp-block-embed-youtube wp-embed-aspect-16-9 wp-has-aspect-ratio\"><div class=\"wp-block-embed__wrapper\">\n<iframe loading=\"lazy\" title=\"Invitation to webinar AR-VR - 12.03.2025 - 19.00 (7p.m. Warsaw time)\" width=\"500\" height=\"281\" src=\"https:\/\/www.youtube.com\/embed\/P5-zgeYWwt4?feature=oembed\" frameborder=\"0\" allow=\"accelerometer; autoplay; clipboard-write; encrypted-media; gyroscope; picture-in-picture; web-share\" referrerpolicy=\"strict-origin-when-cross-origin\" allowfullscreen><\/iframe>\n<\/div><\/figure>\n\n\n\n<p><strong>Zapraszamy na webinar AR-VR W EDUKACJI<\/strong><\/p>\n\n\n\n<p>12.03.2025 &#8211; 19.00 (7p.m. Warsaw time)<\/p>\n\n\n\n<p><strong>Formularz rejestracyjny b\u0119dzie na stronie projektu<\/strong><\/p>\n\n\n\n<p><a href=\"https:\/\/power-ar-vr-edu.2lo.pl\/\">https:\/\/power-ar-vr-edu.2lo.pl\/<\/a><\/p>\n\n\n\n<p><strong> <\/strong><\/p>\n<\/div>\n<\/div>\n\n\n\n<h2 class=\"wp-block-heading has-text-color has-link-color wp-elements-b64a4d92ff6f8e5e0f7bb573f313f2a4\" style=\"color:#07580b\">25.01.2025<\/h2>\n\n\n\n<p class=\"has-primary-color has-text-color has-link-color wp-elements-f57d69a1f65462d1eab0c436e26eef2f\"><strong><strong>Erasmus+ \/ KA220-VET \u2013 Partnerstwa wsp\u00f3\u0142pracy w kszta\u0142ceniu i szkoleniu zawodowym<\/strong>,<br><strong>\u201eThe Power of AR and VR: Igniting Passion for Learning Through Innovative Technologies\u201d<\/strong><br><strong>Numer projektu: 2024-1-PL01-KA220-VET-000243150<\/strong><\/strong><\/p>\n\n\n\n<div class=\"wp-block-columns is-layout-flex wp-container-core-columns-is-layout-28f84493 wp-block-columns-is-layout-flex\">\n<div class=\"wp-block-column is-layout-constrained wp-block-column-is-layout-constrained\" style=\"flex-basis:30%\">\n<figure class=\"wp-block-image size-full is-resized\"><img loading=\"lazy\" decoding=\"async\" width=\"400\" height=\"493\" src=\"https:\/\/szkola.2lo.pl\/wp-content\/uploads\/2025\/09\/a13.webp\" alt=\"\" class=\"wp-image-6073\" style=\"width:258px;height:auto\" srcset=\"https:\/\/szkola.2lo.pl\/wp-content\/uploads\/2025\/09\/a13.webp 400w, https:\/\/szkola.2lo.pl\/wp-content\/uploads\/2025\/09\/a13-243x300.webp 243w\" sizes=\"auto, (max-width: 400px) 100vw, 400px\" \/><\/figure>\n<\/div>\n\n\n\n<div class=\"wp-block-column is-layout-flow wp-block-column-is-layout-flow\" style=\"flex-basis:66.66%\">\n<p>Lekcja z wykorzystaniem technologii&nbsp;<strong>AR<\/strong>&nbsp;by\u0142a dla uczni\u00f3w niezwykle interesuj\u0105ca i anga\u017cuj\u0105ca. Korzystaj\u0105c ze swoich telefon\u00f3w, skanowali specjalne obrazy z ksi\u0105\u017cek, kt\u00f3re \u201eo\u017cywa\u0142y\u201d na ekranach. Dzi\u0119ki&nbsp;<strong>rozszerzonej rzeczywisto\u015bci<\/strong>&nbsp;mogli ogl\u0105da\u0107 animacje, modele 3D oraz elementy interaktywne, kt\u00f3re wzbogaca\u0142y tre\u015b\u0107 podr\u0119cznik\u00f3w.<\/p>\n\n\n\n<p><strong> <\/strong><\/p>\n\n\n\n<p>Zabawa z AR sprawi\u0142a, \u017ce nauka sta\u0142a si\u0119 bardziej dynamiczna i atrakcyjna. Uczniowie z entuzjazmem eksplorowali nowe technologie, ucz\u0105c si\u0119 w nowoczesny i immersyjny spos\u00f3b. To doskona\u0142y przyk\u0142ad, jak innowacyjne rozwi\u0105zania mog\u0105 wspiera\u0107 edukacj\u0119, rozwijaj\u0105c ciekawo\u015b\u0107 i kreatywno\u015b\u0107 m\u0142odych uczni\u00f3w.<\/p>\n<\/div>\n<\/div>\n\n\n\n<h2 class=\"wp-block-heading has-text-color has-link-color wp-elements-b1c2610c25fe2c7a3d2f6cea0222b5b8\" style=\"color:#07580b\">08.01.2025<\/h2>\n\n\n\n<p class=\"has-primary-color has-text-color has-link-color wp-elements-778d5dae0d28b78d106e7f437614e724\"><strong>The Power of AR and VR<\/strong><\/p>\n\n\n\n<div class=\"wp-block-columns is-layout-flex wp-container-core-columns-is-layout-28f84493 wp-block-columns-is-layout-flex\">\n<div class=\"wp-block-column is-layout-constrained wp-block-column-is-layout-constrained\" style=\"flex-basis:30%\">\n<figure class=\"wp-block-image size-full is-resized\"><img loading=\"lazy\" decoding=\"async\" width=\"400\" height=\"159\" src=\"https:\/\/szkola.2lo.pl\/wp-content\/uploads\/2025\/09\/a11.webp\" alt=\"\" class=\"wp-image-6070\" style=\"width:258px;height:auto\" srcset=\"https:\/\/szkola.2lo.pl\/wp-content\/uploads\/2025\/09\/a11.webp 400w, https:\/\/szkola.2lo.pl\/wp-content\/uploads\/2025\/09\/a11-300x119.webp 300w\" sizes=\"auto, (max-width: 400px) 100vw, 400px\" \/><\/figure>\n<\/div>\n\n\n\n<div class=\"wp-block-column is-layout-flow wp-block-column-is-layout-flow\" style=\"flex-basis:66.66%\">\n<p>W ramach projektu&nbsp;<strong>The Power of AR and VR<\/strong>&nbsp;zosta\u0142y przeprowadzone zaj\u0119cia z uczniami z wykorzystaniem&nbsp;<strong>okular\u00f3w VR<\/strong>. Podczas zaj\u0119\u0107 uczniowie mieli mo\u017cliwo\u015b\u0107&nbsp;<strong>interaktywnego i immersyjnego poznawania materia\u0142u<\/strong>, co zwi\u0119kszy\u0142o ich zaanga\u017cowanie i motywacj\u0119 do nauki.<\/p>\n\n\n\n<p><strong> <\/strong><\/p>\n\n\n\n<p><\/p>\n<\/div>\n<\/div>\n\n\n\n<h2 class=\"wp-block-heading has-text-color has-link-color wp-elements-6777fdace18bb0cb847e912a91294000\" style=\"color:#07580b\">26.11.2024<\/h2>\n\n\n\n<p class=\"has-primary-color has-text-color has-link-color wp-elements-5ea4b9f10ea410749e907aefda4fd1ca\"><strong><strong><strong><strong>Drugie spotkanie online<\/strong><\/strong><\/strong><\/strong>, w obszarze&nbsp;<strong>Intellectual Output 1 (IO1)<\/strong><\/p>\n\n\n\n<div class=\"wp-block-columns is-layout-flex wp-container-core-columns-is-layout-28f84493 wp-block-columns-is-layout-flex\">\n<div class=\"wp-block-column is-layout-constrained wp-block-column-is-layout-constrained\" style=\"flex-basis:30%\">\n<figure class=\"wp-block-image size-full is-resized\"><img loading=\"lazy\" decoding=\"async\" width=\"400\" height=\"213\" src=\"https:\/\/szkola.2lo.pl\/wp-content\/uploads\/2025\/09\/a10.webp\" alt=\"\" class=\"wp-image-6068\" style=\"width:258px;height:auto\" srcset=\"https:\/\/szkola.2lo.pl\/wp-content\/uploads\/2025\/09\/a10.webp 400w, https:\/\/szkola.2lo.pl\/wp-content\/uploads\/2025\/09\/a10-300x160.webp 300w\" sizes=\"auto, (max-width: 400px) 100vw, 400px\" \/><\/figure>\n<\/div>\n\n\n\n<div class=\"wp-block-column is-layout-flow wp-block-column-is-layout-flow\" style=\"flex-basis:66.66%\">\n<p>Odby\u0142o si\u0119&nbsp;<strong>drugie spotkanie online<\/strong>, podczas kt\u00f3rego om\u00f3wiono dzia\u0142ania na&nbsp;<strong>platformie eTwinning<\/strong>&nbsp;oraz post\u0119p prac w obszarze&nbsp;<strong>Intellectual Output 1 (IO1)<\/strong>. Spotkanie pozwoli\u0142o partnerom na koordynacj\u0119 dzia\u0142a\u0144, wymian\u0119 informacji oraz planowanie kolejnych etap\u00f3w projektu.<\/p>\n\n\n\n<p>Our second online meeting &nbsp;<a href=\"https:\/\/www.facebook.com\/hashtag\/thepowerofarandvr?__eep__=6&amp;__cft__[0]=AZUPSwudD-d11HxDwZUDNZtP2RDrU9oarAr32YF_MuUJRar8vDfGrp5DOaS39a_7hfddLBcM59R80Rq1YmALwBwl31Gt5A4kchOCIbK9ITfl3CFzG6iV-qmX8gJzmNmm9q_vVj6FQlqwikm2m-CBOOXIRZFMp7o_yup_aTNjaCjZL693w5GWopTociTIMVMSNluG7DotGR2_pGjjPSWFrA5Rn5CTPAVJs3e3tXP1e2TGMg&amp;__tn__=*NK-y-R\" target=\"_blank\" rel=\"noreferrer noopener\">#ThePowerofARandVR<\/a>&nbsp;<a href=\"https:\/\/www.facebook.com\/hashtag\/erasmus?__eep__=6&amp;__cft__[0]=AZUPSwudD-d11HxDwZUDNZtP2RDrU9oarAr32YF_MuUJRar8vDfGrp5DOaS39a_7hfddLBcM59R80Rq1YmALwBwl31Gt5A4kchOCIbK9ITfl3CFzG6iV-qmX8gJzmNmm9q_vVj6FQlqwikm2m-CBOOXIRZFMp7o_yup_aTNjaCjZL693w5GWopTociTIMVMSNluG7DotGR2_pGjjPSWFrA5Rn5CTPAVJs3e3tXP1e2TGMg&amp;__tn__=*NK-y-R\" target=\"_blank\" rel=\"noreferrer noopener\">#erasmus<\/a>&nbsp;<a href=\"https:\/\/www.facebook.com\/hashtag\/etwinning?__eep__=6&amp;__cft__[0]=AZUPSwudD-d11HxDwZUDNZtP2RDrU9oarAr32YF_MuUJRar8vDfGrp5DOaS39a_7hfddLBcM59R80Rq1YmALwBwl31Gt5A4kchOCIbK9ITfl3CFzG6iV-qmX8gJzmNmm9q_vVj6FQlqwikm2m-CBOOXIRZFMp7o_yup_aTNjaCjZL693w5GWopTociTIMVMSNluG7DotGR2_pGjjPSWFrA5Rn5CTPAVJs3e3tXP1e2TGMg&amp;__tn__=*NK-y-R\" target=\"_blank\" rel=\"noreferrer noopener\">#eTwinning<\/a>&nbsp; <\/p>\n\n\n\n<p><strong> <\/strong><\/p>\n\n\n\n<p><\/p>\n<\/div>\n<\/div>\n\n\n\n<h2 class=\"wp-block-heading has-text-color has-link-color wp-elements-3d3dd315ca72bd305a06a923ceec7561\" style=\"color:#07580b\">20.11.2024<\/h2>\n\n\n\n<p class=\"has-primary-color has-text-color has-link-color wp-elements-a9023523c82b4e38b47da83888fc516d\"><strong>Zielone praktyki w ramach projektu The Power of AR and VR: Igniting Passion for Learning Through Innovative Technologies Project No.: 2024-1-PL01- KA220-VET-000243150<\/strong><br><strong>Zero Waste Cookbook \u2013 Europejski Tydzie\u0144 Redukcji Odpad\u00f3w (EWWR)<\/strong><\/p>\n\n\n\n<div class=\"wp-block-columns is-layout-flex wp-container-core-columns-is-layout-28f84493 wp-block-columns-is-layout-flex\">\n<div class=\"wp-block-column is-layout-constrained wp-block-column-is-layout-constrained\" style=\"flex-basis:30%\">\n<figure class=\"wp-block-image size-full is-resized\"><img loading=\"lazy\" decoding=\"async\" width=\"400\" height=\"257\" src=\"https:\/\/szkola.2lo.pl\/wp-content\/uploads\/2025\/09\/a48.webp\" alt=\"\" class=\"wp-image-6143\" style=\"width:258px;height:auto\" srcset=\"https:\/\/szkola.2lo.pl\/wp-content\/uploads\/2025\/09\/a48.webp 400w, https:\/\/szkola.2lo.pl\/wp-content\/uploads\/2025\/09\/a48-300x193.webp 300w\" sizes=\"auto, (max-width: 400px) 100vw, 400px\" \/><\/figure>\n<\/div>\n\n\n\n<div class=\"wp-block-column is-layout-flow wp-block-column-is-layout-flow\" style=\"flex-basis:66.66%\">\n<p>W ramach Europejskiego Tygodnia Redukcji Odpad\u00f3w (EWWR) uczniowie naszej szko\u0142y przygotowali wyj\u0105tkow\u0105&nbsp;<strong>ksi\u0105\u017ck\u0119 kucharsk\u0105<\/strong>&nbsp;z przepisami na potrawy wykonane z resztek kuchennych. Celem projektu by\u0142o promowanie idei&nbsp;<strong>zero waste<\/strong>&nbsp;i pokazanie, jak w prosty spos\u00f3b mo\u017cna ograniczy\u0107 marnowanie jedzenia w codziennym \u017cyciu.<\/p>\n\n\n\n<p>W ksi\u0105\u017cce znalaz\u0142y si\u0119 przepisy m.in. na:<\/p>\n\n\n\n<p><\/p>\n\n\n\n<ul class=\"wp-block-list\">\n<li><strong>zup\u0119 z obierek warzywnych<\/strong><\/li>\n\n\n\n<li><strong>zapiekank\u0119 z czerstwego chleba<\/strong><\/li>\n<\/ul>\n\n\n\n<p>Uczniowie opracowali receptury, przygotowali potrawy, wykonali opisy, a tak\u017ce zadbali o estetyczne zdj\u0119cia da\u0144. Gotowa ksi\u0105\u017cka kucharska zostanie udost\u0119pniona w formie cyfrowej ca\u0142ej spo\u0142eczno\u015bci szkolnej, aby inspirowa\u0107 innych do bardziej \u015bwiadomego gotowania.<\/p>\n\n\n\n<p><strong>Podsumowanie:<\/strong>&nbsp;Projekt pozwoli\u0142 uczniom nie tylko rozwija\u0107 kulinarne umiej\u0119tno\u015bci, ale tak\u017ce zrozumie\u0107, jak wa\u017cne jest odpowiedzialne podej\u015bcie do \u017cywno\u015bci.<\/p>\n\n\n\n<p><a href=\"https:\/\/www.facebook.com\/share\/v\/175nVQTLzz\/\">https:\/\/www.facebook.com\/share\/v\/175nVQTLzz\/<\/a><\/p>\n<\/div>\n<\/div>\n\n\n\n<h2 class=\"wp-block-heading has-text-color has-link-color wp-elements-3d3dd315ca72bd305a06a923ceec7561\" style=\"color:#07580b\">20.11.2024<\/h2>\n\n\n\n<p class=\"has-primary-color has-text-color has-link-color wp-elements-47887071dcfb35970203295137a4a7bd\"><strong>Nasza szko\u0142a w Europejskim Tygodniu Redukcji Odpad\u00f3w w ramach projektu The Power of AR and VR: Igniting Passion for Learning Through Innovative Technologies Project No.: 2024-1-PL01- KA220-VET-000243150<\/strong><\/p>\n\n\n\n<div class=\"wp-block-columns is-layout-flex wp-container-core-columns-is-layout-28f84493 wp-block-columns-is-layout-flex\">\n<div class=\"wp-block-column is-layout-constrained wp-block-column-is-layout-constrained\" style=\"flex-basis:30%\">\n<figure class=\"wp-block-image size-full is-resized\"><img loading=\"lazy\" decoding=\"async\" width=\"400\" height=\"273\" src=\"https:\/\/szkola.2lo.pl\/wp-content\/uploads\/2025\/09\/a49.webp\" alt=\"\" class=\"wp-image-6145\" style=\"width:258px;height:auto\" srcset=\"https:\/\/szkola.2lo.pl\/wp-content\/uploads\/2025\/09\/a49.webp 400w, https:\/\/szkola.2lo.pl\/wp-content\/uploads\/2025\/09\/a49-300x205.webp 300w\" sizes=\"auto, (max-width: 400px) 100vw, 400px\" \/><\/figure>\n<\/div>\n\n\n\n<div class=\"wp-block-column is-layout-flow wp-block-column-is-layout-flow\" style=\"flex-basis:66.66%\">\n<p>Nasza szko\u0142a bierze udzia\u0142 w&nbsp;<strong>Europejskim Tygodniu Redukcji Odpad\u00f3w (EWWR)<\/strong>, kt\u00f3ry odbywa si\u0119 w dniach&nbsp;<strong>16\u201324 listopada 2024 r.<\/strong>. To mi\u0119dzynarodowa inicjatywa promuj\u0105ca zr\u00f3wnowa\u017cone zarz\u0105dzanie odpadami poprzez&nbsp;<strong>redukcj\u0119, ponowne u\u017cycie i recykling<\/strong>.<\/p>\n\n\n\n<p>W ramach EWWR organizujemy wiele aktywno\u015bci, m.in.:&nbsp;<\/p>\n\n\n\n<p><\/p>\n\n\n\n<ul class=\"wp-block-list\">\n<li><strong>warsztaty kreatywnego ponownego u\u017cycia materia\u0142\u00f3w<\/strong>, podczas kt\u00f3rych uczniowie tworz\u0105 przedmioty z recyklingu, np. z butelek plastikowych czy karton\u00f3w,<\/li>\n\n\n\n<li><strong>lekcje edukacyjne<\/strong>&nbsp;na temat odpowiedzialno\u015bci ekologicznej i minimalizacji odpad\u00f3w,<\/li>\n\n\n\n<li><strong>projekty tematyczne<\/strong>, np. wykonywanie dekoracji \u015bwi\u0105tecznych z u\u017cywanych materia\u0142\u00f3w czy segregacja odpad\u00f3w w klasach.<\/li>\n<\/ul>\n\n\n\n<p>Celem dzia\u0142a\u0144 jest rozwijanie w\u015br\u00f3d uczni\u00f3w&nbsp;<strong>nawyk\u00f3w proekologicznych<\/strong>&nbsp;i poczucia odpowiedzialno\u015bci za \u015brodowisko.<\/p>\n\n\n\n<p><strong>Koordynator:<\/strong>&nbsp;p. Katarzyna Walecka<\/p>\n\n\n\n<p>\ud83d\udc49&nbsp;<a href=\"https:\/\/create.kahoot.it\/...\/63ae37e8-c534-4011-8a1b...\" target=\"_blank\" rel=\"noreferrer noopener\">Zobacz quiz na Kahoot!<\/a><\/p>\n<\/div>\n<\/div>\n\n\n\n<h2 class=\"wp-block-heading has-text-color has-link-color wp-elements-3d3dd315ca72bd305a06a923ceec7561\" style=\"color:#07580b\">20.11.2024<\/h2>\n\n\n\n<p class=\"has-primary-color has-text-color has-link-color wp-elements-2292d231303ec9e536a8148e413d5e48\"><strong>Salto &#8211;<\/strong> <strong><strong><strong><strong>VET Connected \u2013 Get Connected<\/strong><\/strong><\/strong><\/strong><\/p>\n\n\n\n<div class=\"wp-block-columns is-layout-flex wp-container-core-columns-is-layout-28f84493 wp-block-columns-is-layout-flex\">\n<div class=\"wp-block-column is-layout-constrained wp-block-column-is-layout-constrained\" style=\"flex-basis:30%\">\n<figure class=\"wp-block-image size-full is-resized\"><img loading=\"lazy\" decoding=\"async\" width=\"400\" height=\"206\" src=\"https:\/\/szkola.2lo.pl\/wp-content\/uploads\/2025\/09\/a9.webp\" alt=\"\" class=\"wp-image-6066\" style=\"width:258px;height:auto\" srcset=\"https:\/\/szkola.2lo.pl\/wp-content\/uploads\/2025\/09\/a9.webp 400w, https:\/\/szkola.2lo.pl\/wp-content\/uploads\/2025\/09\/a9-300x155.webp 300w\" sizes=\"auto, (max-width: 400px) 100vw, 400px\" \/><\/figure>\n<\/div>\n\n\n\n<div class=\"wp-block-column is-layout-flow wp-block-column-is-layout-flow\" style=\"flex-basis:66.66%\">\n<p><strong>VET Connected \u2013 Get Connected<\/strong>&nbsp;to stacjonarne seminarium w Dublinie (Irlandia) w dniach 18\u201320 listopada 2024 r., organizowane przez&nbsp;<strong>L\u00e9argas<\/strong>, irlandzk\u0105 agencj\u0119 narodow\u0105 Erasmus+. Skierowane jest do instytucji dzia\u0142aj\u0105cych w obszarze&nbsp;<strong>kszta\u0142cenia i szkole\u0144 zawodowych (VET)<\/strong>&nbsp;i koncentruje si\u0119 na mo\u017cliwo\u015bciach realizacji projekt\u00f3w mobilno\u015bci w ramach&nbsp;<strong>Erasmus+ KA1<\/strong>, wymianach uczestnik\u00f3w i personelu, dzieleniu si\u0119 dobrymi praktykami oraz budowaniu mi\u0119dzynarodowych partnerstw. Podczas wydarzenia zaprezentowano nasz projekt&nbsp;<strong>THE POWER OF AR AND VR:&nbsp;<\/strong>Igniting Passion for Learning Through Innovative Technologies.&nbsp; <\/p>\n\n\n\n<p><strong> <\/strong><\/p>\n\n\n\n<p><\/p>\n<\/div>\n<\/div>\n\n\n\n<h2 class=\"wp-block-heading has-text-color has-link-color wp-elements-424987bd0a2cf5420f2e76f3afb805ec\" style=\"color:#07580b\">07.11.2024<\/h2>\n\n\n\n<p class=\"has-primary-color has-text-color has-link-color wp-elements-bf87b00f356ce5d2969983b073c4c0fb\"><strong><strong>Wdro\u017ceniowe spotkanie nauczycieli przedmiot\u00f3w zawodowych<\/strong><\/strong><\/p>\n\n\n\n<div class=\"wp-block-columns is-layout-flex wp-container-core-columns-is-layout-28f84493 wp-block-columns-is-layout-flex\">\n<div class=\"wp-block-column is-layout-constrained wp-block-column-is-layout-constrained\" style=\"flex-basis:30%\">\n<figure class=\"wp-block-image size-full is-resized\"><img loading=\"lazy\" decoding=\"async\" width=\"400\" height=\"515\" src=\"https:\/\/szkola.2lo.pl\/wp-content\/uploads\/2025\/09\/a8.webp\" alt=\"\" class=\"wp-image-6065\" style=\"width:258px;height:auto\" srcset=\"https:\/\/szkola.2lo.pl\/wp-content\/uploads\/2025\/09\/a8.webp 400w, https:\/\/szkola.2lo.pl\/wp-content\/uploads\/2025\/09\/a8-233x300.webp 233w\" sizes=\"auto, (max-width: 400px) 100vw, 400px\" \/><\/figure>\n<\/div>\n\n\n\n<div class=\"wp-block-column is-layout-flow wp-block-column-is-layout-flow\" style=\"flex-basis:66.66%\">\n<p>Odby\u0142o si\u0119&nbsp;<strong>wdro\u017ceniowe spotkanie nauczycieli przedmiot\u00f3w zawodowych<\/strong>&nbsp;z&nbsp;<strong>Zespo\u0142u Szk\u00f3\u0142 Nr 1 im. H. Sienkiewicza w Ko\u0142obrzegu<\/strong>&nbsp;w ramach projektu&nbsp;<strong>ERASMUS+ \u201eThe Power of AR and VR\u201d<\/strong>. Spotkanie mia\u0142o na celu przygotowanie nauczycieli do praktycznego wykorzystania technologii&nbsp;<strong>AR i VR<\/strong>&nbsp;w nauczaniu.<\/p>\n\n\n\n<p>W kolejnym etapie nauczyciele przedmiot\u00f3w zawodowych b\u0119d\u0105&nbsp;<strong>szkoli\u0107 nauczycieli przedmiot\u00f3w og\u00f3lnokszta\u0142c\u0105cych<\/strong>, pokazuj\u0105c, jak efektywnie wprowadza\u0107 AR i VR na lekcjach, co przyczyni si\u0119 do tworzenia&nbsp;<strong>Intellectual Output 1 (IO1)<\/strong>&nbsp;\u2013 modu\u0142\u00f3w szkoleniowych dla nauczycieli.<\/p>\n\n\n\n<p><\/p>\n<\/div>\n<\/div>\n\n\n\n<h2 class=\"wp-block-heading has-text-color has-link-color wp-elements-7cef8f502e6677d338982dbc3c15a872\" style=\"color:#07580b\">04.10.2024<\/h2>\n\n\n\n<p class=\"has-primary-color has-text-color has-link-color wp-elements-f18aa941a65c060fcbeb04bf4ee35fd2\"><strong>Kick-off meeting w Eskisehir, Turcja<\/strong><\/p>\n\n\n\n<p><strong>Dzie\u0144 1 \u2013 Rozpocz\u0119cie projektu \u201eThe Power of AR and VR: Igniting Passion for Learning\u201d w Eski\u015fehir<\/strong><\/p>\n\n\n\n<div class=\"wp-block-columns is-layout-flex wp-container-core-columns-is-layout-28f84493 wp-block-columns-is-layout-flex\">\n<div class=\"wp-block-column is-layout-constrained wp-block-column-is-layout-constrained\" style=\"flex-basis:30%\">\n<figure class=\"wp-block-image size-full is-resized\"><img loading=\"lazy\" decoding=\"async\" width=\"400\" height=\"242\" src=\"https:\/\/szkola.2lo.pl\/wp-content\/uploads\/2025\/09\/a4.webp\" alt=\"\" class=\"wp-image-6063\" style=\"width:258px;height:auto\" srcset=\"https:\/\/szkola.2lo.pl\/wp-content\/uploads\/2025\/09\/a4.webp 400w, https:\/\/szkola.2lo.pl\/wp-content\/uploads\/2025\/09\/a4-300x182.webp 300w\" sizes=\"auto, (max-width: 400px) 100vw, 400px\" \/><\/figure>\n<\/div>\n\n\n\n<div class=\"wp-block-column is-layout-flow wp-block-column-is-layout-flow\" style=\"flex-basis:66.66%\">\n<p>Z wielk\u0105 rado\u015bci\u0105 rozpocz\u0119li\u015bmy projekt&nbsp;<strong>\u201eThe Power of AR and VR: Igniting Passion for Learning\u201d<\/strong>&nbsp;razem z naszymi partnerami z&nbsp;<strong>Polski, Turcji, Chorwacji, Grecji, Litwy i Portugalii<\/strong>&nbsp;w Eski\u015fehir.<br>W ci\u0105gu dw\u00f3ch dni wyznaczyli\u015bmy fundamenty projektu, dzielili\u015bmy si\u0119 innowacyjnymi pomys\u0142ami i pracowali\u015bmy nad wprowadzeniem technologii&nbsp;<strong>AR i VR<\/strong>&nbsp;do edukacji i szkole\u0144 zawodowych. Zespo\u0142y z r\u00f3\u017cnych kraj\u00f3w Europy wyznaczy\u0142y&nbsp;<strong>kluczowe kamienie milowe<\/strong>, przedyskutowa\u0142y strategie&nbsp;<strong>upowszechniania wynik\u00f3w projektu<\/strong>&nbsp;oraz zg\u0142\u0119bia\u0142y potencja\u0142 nauki immersyjnej.<\/p>\n\n\n\n<p><\/p>\n<\/div>\n<\/div>\n\n\n\n<p><strong>Dzie\u0144 2 \u2013 Drugi dzie\u0144 Kick-off Meeting w Eski\u015fehir<\/strong><\/p>\n\n\n\n<div class=\"wp-block-columns is-layout-flex wp-container-core-columns-is-layout-28f84493 wp-block-columns-is-layout-flex\">\n<div class=\"wp-block-column is-layout-constrained wp-block-column-is-layout-constrained\" style=\"flex-basis:30%\">\n<figure class=\"wp-block-image size-full is-resized\"><img loading=\"lazy\" decoding=\"async\" width=\"400\" height=\"225\" src=\"https:\/\/szkola.2lo.pl\/wp-content\/uploads\/2025\/09\/a5.webp\" alt=\"\" class=\"wp-image-6064\" style=\"width:258px;height:auto\" srcset=\"https:\/\/szkola.2lo.pl\/wp-content\/uploads\/2025\/09\/a5.webp 400w, https:\/\/szkola.2lo.pl\/wp-content\/uploads\/2025\/09\/a5-300x169.webp 300w\" sizes=\"auto, (max-width: 400px) 100vw, 400px\" \/><\/figure>\n<\/div>\n\n\n\n<div class=\"wp-block-column is-layout-flow wp-block-column-is-layout-flow\" style=\"flex-basis:66.66%\">\n<p>Drugi dzie\u0144 spotkania po\u015bwi\u0119cony by\u0142 kluczowym dyskusjom, obejmuj\u0105cym:<\/p>\n\n\n\n<ul class=\"wp-block-list\">\n<li><strong>Plan jako\u015bci projektu<\/strong>&nbsp;i strategie zarz\u0105dzania ryzykiem,<\/li>\n\n\n\n<li><strong>Szkolenie dotycz\u0105ce zastosowania AR i VR w edukacji i szkoleniach zawodowych<\/strong>,<\/li>\n\n\n\n<li>Prezentacj\u0119&nbsp;<strong>planu upowszechniania wynik\u00f3w<\/strong>&nbsp;przez Instituto Piaget i KAI, zapewniaj\u0105c\u0105 szeroki wp\u0142yw projektu w Europie.<\/li>\n<\/ul>\n\n\n\n<p>Wsp\u00f3\u0142praca partner\u00f3w z Polski, Chorwacji, Grecji, Litwy, Portugalii i Turcji pozwoli\u0142a na wymian\u0119 wiedzy oraz tworzenie innowacyjnych do\u015bwiadcze\u0144 edukacyjnych. Projekt ma na celu wspieranie nauczycieli i uczni\u00f3w poprzez technologie&nbsp;<strong>AR i VR<\/strong>, zwi\u0119kszaj\u0105c ich zaanga\u017cowanie i kompetencje cyfrowe.<\/p>\n\n\n\n<p><\/p>\n<\/div>\n<\/div>\n\n\n\n<h2 class=\"wp-block-heading has-text-color has-link-color wp-elements-7cef8f502e6677d338982dbc3c15a872\" style=\"color:#07580b\">04.10.2024<\/h2>\n\n\n\n<p class=\"has-primary-color has-text-color has-link-color wp-elements-0b7003a12367e04b743b3795e9aefcd2\"><strong>Blog Alisha<\/strong><\/p>\n\n\n\n<div class=\"wp-block-columns is-layout-flex wp-container-core-columns-is-layout-28f84493 wp-block-columns-is-layout-flex\">\n<div class=\"wp-block-column is-layout-constrained wp-block-column-is-layout-constrained\" style=\"flex-basis:30%\">\n<figure class=\"wp-block-image size-full is-resized\"><img loading=\"lazy\" decoding=\"async\" width=\"400\" height=\"228\" src=\"https:\/\/szkola.2lo.pl\/wp-content\/uploads\/2025\/09\/a2.webp\" alt=\"\" class=\"wp-image-6058\" style=\"width:258px;height:auto\" srcset=\"https:\/\/szkola.2lo.pl\/wp-content\/uploads\/2025\/09\/a2.webp 400w, https:\/\/szkola.2lo.pl\/wp-content\/uploads\/2025\/09\/a2-300x171.webp 300w\" sizes=\"auto, (max-width: 400px) 100vw, 400px\" \/><figcaption class=\"wp-element-caption\">Zesp\u00f3\u0142 redakcyjny <\/figcaption><\/figure>\n\n\n\n<figure class=\"wp-block-image size-full\"><img loading=\"lazy\" decoding=\"async\" width=\"400\" height=\"303\" src=\"https:\/\/szkola.2lo.pl\/wp-content\/uploads\/2025\/09\/a3.webp\" alt=\"\" class=\"wp-image-6059\" srcset=\"https:\/\/szkola.2lo.pl\/wp-content\/uploads\/2025\/09\/a3.webp 400w, https:\/\/szkola.2lo.pl\/wp-content\/uploads\/2025\/09\/a3-300x227.webp 300w\" sizes=\"auto, (max-width: 400px) 100vw, 400px\" \/><\/figure>\n<\/div>\n\n\n\n<div class=\"wp-block-column is-layout-flow wp-block-column-is-layout-flow\" style=\"flex-basis:66.66%\">\n<p>Reaktywacja bloga szkolnego to wspania\u0142a okazja, aby odnowi\u0107 nasz\u0105 przestrze\u0144 do dzielenia si\u0119 do\u015bwiadczeniami, pomys\u0142ami i projektami. Alisha zaprasza wszystkich uczni\u00f3w, nauczycieli a tak\u017ce rodzic\u00f3w i spo\u0142eczno\u015b\u0107 ko\u0142obrzesk\u0105 &nbsp; do aktywnego udzia\u0142u w tworzeniu i komentowaniu wpis\u00f3w na blogu, kt\u00f3ry stanie si\u0119 nasz\u0105 wirtualn\u0105 platform\u0105 wymiany inspiracji i wiedzy. Blog Alisha prowadzony jest w j\u0119zyku angielskim.<\/p>\n\n\n\n<p><strong>B\u0119dziemy publikowa\u0107:<\/strong><\/p>\n\n\n\n<p>1. Relacje z wydarze\u0144 szkolnych, wycieczek i projekt\u00f3w<\/p>\n\n\n\n<p>2. Felietony i artyku\u0142y o r\u00f3\u017cnorodnych tematach od nauki po zainteresowania uczni\u00f3w<\/p>\n\n\n\n<p>3. Wpisy tematyczne od naszych redaktor\u00f3w, dotycz\u0105ce zdrowia, sportu, podr\u00f3\u017cy czy nowych technologii<\/p>\n\n\n\n<p>4. Wpisy zwi\u0105zane z projektem Erasmus+KA220-VET &#8222;The power of AR and VR: Igniting Passion for Learning Through Innovative Technologies<\/p>\n\n\n\n<p>5. Relacje z ARTCAMP<\/p>\n\n\n\n<p><em>Czekamy na Wasze propozycje! Masz pomys\u0142 na wpis, zdj\u0119cie z wycieczki lub ciekawe refleksje? Blog jest miejscem, gdzie ka\u017cda opinia i pomys\u0142 maj\u0105 znaczenie. Razem mo\u017cemy stworzy\u0107 interesuj\u0105c\u0105 przestrze\u0144, kt\u00f3r\u0105 b\u0119dziemy wsp\u00f3\u0142tworzy\u0107 na co dzie\u0144 <\/em><img loading=\"lazy\" decoding=\"async\" width=\"16\" height=\"16\" src=\"https:\/\/static.xx.fbcdn.net\/images\/emoji.php\/v9\/t57\/1\/16\/1f609.png\" alt=\"\ud83d\ude09\"><img loading=\"lazy\" decoding=\"async\" width=\"16\" height=\"16\" src=\"https:\/\/static.xx.fbcdn.net\/images\/emoji.php\/v9\/t7b\/1\/16\/1f44c.png\" alt=\"\ud83d\udc4c\"><\/p>\n<\/div>\n<\/div>\n\n\n\n<h2 class=\"wp-block-heading has-text-color has-link-color wp-elements-767e154bbab8232ae500a28a1530cb56\" style=\"color:#07580b\">07.09.2024<\/h2>\n\n\n\n<p class=\"has-primary-color has-text-color has-link-color wp-elements-7e26498adaca5dfb37e3d3ed8438488b\"><strong>Przygotowania do stacjonarnego Kick-off Meeting projektu Erasmus+ \u201eThe Power of AR and VR\u201d!&nbsp;<\/strong><\/p>\n\n\n\n<div class=\"wp-block-columns is-layout-flex wp-container-core-columns-is-layout-28f84493 wp-block-columns-is-layout-flex\">\n<div class=\"wp-block-column is-layout-constrained wp-block-column-is-layout-constrained\" style=\"flex-basis:30%\">\n<figure class=\"wp-block-image size-full is-resized\"><img loading=\"lazy\" decoding=\"async\" width=\"400\" height=\"214\" src=\"https:\/\/szkola.2lo.pl\/wp-content\/uploads\/2025\/09\/a1.webp\" alt=\"\" class=\"wp-image-6056\" style=\"width:258px;height:auto\" srcset=\"https:\/\/szkola.2lo.pl\/wp-content\/uploads\/2025\/09\/a1.webp 400w, https:\/\/szkola.2lo.pl\/wp-content\/uploads\/2025\/09\/a1-300x161.webp 300w\" sizes=\"auto, (max-width: 400px) 100vw, 400px\" \/><\/figure>\n<\/div>\n\n\n\n<div class=\"wp-block-column is-layout-flow wp-block-column-is-layout-flow\" style=\"flex-basis:66.66%\">\n<p>Z rado\u015bci\u0105 informujemy, \u017ce nasz zesp\u00f3\u0142 przygotowuje si\u0119 do stacjonarnego&nbsp;<strong>Kick-off Meeting<\/strong>&nbsp;projektu Erasmus+ \u201eThe Power of AR and VR: Igniting Passion for Learning Through Innovative Technologies\u201d, kt\u00f3ry odb\u0119dzie si\u0119 w&nbsp;<strong>Turcji \ud83c\uddf9\ud83c\uddf7<\/strong>! Spotkanie to oficjalnie rozpocznie nasz\u0105 wsp\u00f3ln\u0105 podr\u00f3\u017c w eksplorowaniu, jak&nbsp;<strong>Rzeczywisto\u015b\u0107 Rozszerzona (AR) i Wirtualna (VR)<\/strong>&nbsp;mog\u0105 zrewolucjonizowa\u0107 edukacj\u0119. \ud83c\udf93\ud83d\udd2e<\/p>\n\n\n\n<p>Nasi mi\u0119dzynarodowi partnerzy \ud83c\uddf5\ud83c\uddf1 \ud83c\uddf9\ud83c\uddf7 \ud83c\uddec\ud83c\uddf7 \ud83c\udded\ud83c\uddf7 \ud83c\uddf1\ud83c\uddf9 pracuj\u0105 intensywnie, aby spotkanie to sta\u0142o si\u0119 fundamentem&nbsp;<strong>wsp\u00f3\u0142pracy i innowacyjnego podej\u015bcia do nauczania<\/strong>&nbsp;poprzez nowoczesne technologie. Integracja AR i VR w klasie ma na celu&nbsp;<strong>rozbudzenie pasji uczni\u00f3w do nauki<\/strong>, czyni\u0105c edukacj\u0119 bardziej interaktywn\u0105, wci\u0105gaj\u0105c\u0105 i anga\u017cuj\u0105c\u0105. \ud83c\udf1f\ud83e\uddd1\u200d\ud83d\udcbb<\/p>\n<\/div>\n<\/div>\n\n\n\n<p><\/p>\n","protected":false},"excerpt":{"rendered":"<p>08.04.2026 Przysz\u0142o\u015b\u0107 edukacji dzieje si\u0119 na naszych oczach \ud83d\ude80 Z ogromn\u0105 satysfakcj\u0105 zbli\u017camy si\u0119 do fina\u0142u naszego projektu eTwinning, realizowanego r\u00f3wnolegle z &nbsp;Erasmus+ [&hellip;]<\/p>\n","protected":false},"author":1,"featured_media":0,"parent":5834,"menu_order":0,"comment_status":"closed","ping_status":"closed","template":"","meta":{"footnotes":""},"class_list":["post-6052","page","type-page","status-publish","hentry"],"_links":{"self":[{"href":"https:\/\/szkola.2lo.pl\/index.php\/wp-json\/wp\/v2\/pages\/6052","targetHints":{"allow":["GET"]}}],"collection":[{"href":"https:\/\/szkola.2lo.pl\/index.php\/wp-json\/wp\/v2\/pages"}],"about":[{"href":"https:\/\/szkola.2lo.pl\/index.php\/wp-json\/wp\/v2\/types\/page"}],"author":[{"embeddable":true,"href":"https:\/\/szkola.2lo.pl\/index.php\/wp-json\/wp\/v2\/users\/1"}],"replies":[{"embeddable":true,"href":"https:\/\/szkola.2lo.pl\/index.php\/wp-json\/wp\/v2\/comments?post=6052"}],"version-history":[{"count":63,"href":"https:\/\/szkola.2lo.pl\/index.php\/wp-json\/wp\/v2\/pages\/6052\/revisions"}],"predecessor-version":[{"id":6642,"href":"https:\/\/szkola.2lo.pl\/index.php\/wp-json\/wp\/v2\/pages\/6052\/revisions\/6642"}],"up":[{"embeddable":true,"href":"https:\/\/szkola.2lo.pl\/index.php\/wp-json\/wp\/v2\/pages\/5834"}],"wp:attachment":[{"href":"https:\/\/szkola.2lo.pl\/index.php\/wp-json\/wp\/v2\/media?parent=6052"}],"curies":[{"name":"wp","href":"https:\/\/api.w.org\/{rel}","templated":true}]}}